{"id":609,"date":"2017-04-25T22:04:15","date_gmt":"2017-04-25T20:04:15","guid":{"rendered":"http:\/\/lescopainsdabord.net\/?page_id=609"},"modified":"2025-09-03T12:17:39","modified_gmt":"2025-09-03T10:17:39","slug":"actu","status":"publish","type":"page","link":"https:\/\/www.lescopainsdabord.net\/","title":{"rendered":"Actualit\u00e9s"},"content":{"rendered":"<h1 style=\"text-align: center;\" tabindex=\"-1\" data-thread-perm-id=\"thread-f:1612596259196993876|msg-f:1612596259196993876\" data-legacy-thread-id=\"166117c0fb8f8154\"><span style=\"color: #ff99cc;\">FORUM DES ASSOCIATION<\/span><\/h1>\n<p><img loading=\"lazy\" decoding=\"async\" class=\" wp-image-1557 aligncenter\" src=\"https:\/\/lescopainsdabord.net\/wp-content\/uploads\/2025\/09\/FORUM-2025-198x300.jpg\" alt=\"\" width=\"276\" height=\"418\" srcset=\"https:\/\/lescopainsdabord.net\/wp-content\/uploads\/2025\/09\/FORUM-2025-198x300.jpg 198w, https:\/\/lescopainsdabord.net\/wp-content\/uploads\/2025\/09\/FORUM-2025-676x1024.jpg 676w, https:\/\/lescopainsdabord.net\/wp-content\/uploads\/2025\/09\/FORUM-2025-768x1163.jpg 768w, https:\/\/lescopainsdabord.net\/wp-content\/uploads\/2025\/09\/FORUM-2025-1015x1536.jpg 1015w, https:\/\/lescopainsdabord.net\/wp-content\/uploads\/2025\/09\/FORUM-2025-251x380.jpg 251w, https:\/\/lescopainsdabord.net\/wp-content\/uploads\/2025\/09\/FORUM-2025-79x120.jpg 79w, https:\/\/lescopainsdabord.net\/wp-content\/uploads\/2025\/09\/FORUM-2025.jpg 1057w\" sizes=\"auto, (max-width: 276px) 100vw, 276px\" \/><\/p>\n<p><span style=\"color: #ff0000;\"><img decoding=\"async\" class=\"an1\" src=\"https:\/\/fonts.gstatic.com\/s\/e\/notoemoji\/14.0\/1f5e3\/32.png\" alt=\"\ud83d\udde3\" data-emoji=\"\ud83d\udde3\" aria-label=\"\ud83d\udde3\" \/><span style=\"color: #ff99cc;\">\u00c7a y est, c\u2019est la rentr\u00e9e des copains\u00a0<img decoding=\"async\" class=\"an1\" src=\"https:\/\/fonts.gstatic.com\/s\/e\/notoemoji\/14.0\/1f389\/32.png\" alt=\"\ud83c\udf89\" data-emoji=\"\ud83c\udf89\" aria-label=\"\ud83c\udf89\" \/>\u00a0!!!<\/span><\/span><\/p>\n<p><span style=\"color: #ff99cc;\">On vous donne rendez-vous au forum des associations du Le Pr\u00e9 Saint-Gervais le samedi 6 septembre d\u00e8s 9h30 <img decoding=\"async\" class=\"an1\" src=\"https:\/\/fonts.gstatic.com\/s\/e\/notoemoji\/14.0\/1f91d\/32.png\" alt=\"\ud83e\udd1d\" data-emoji=\"\ud83e\udd1d\" aria-label=\"\ud83e\udd1d\" \/><\/span><br \/>\n<span style=\"color: #ff99cc;\">Il y aura le p\u2019tit kawa\u00a0<img decoding=\"async\" class=\"an1\" src=\"https:\/\/fonts.gstatic.com\/s\/e\/notoemoji\/14.0\/2615_fe0f\/32.png\" alt=\"\u2615\ufe0f\" data-emoji=\"\u2615\ufe0f\" aria-label=\"\u2615\ufe0f\" \/>, on proposera des douceurs \u00ab home made \u00bb<img decoding=\"async\" class=\"an1\" src=\"https:\/\/fonts.gstatic.com\/s\/e\/notoemoji\/14.0\/1f95e\/32.png\" alt=\"\ud83e\udd5e\" data-emoji=\"\ud83e\udd5e\" aria-label=\"\ud83e\udd5e\" \/><img decoding=\"async\" class=\"an1\" src=\"https:\/\/fonts.gstatic.com\/s\/e\/notoemoji\/14.0\/1f9c7\/32.png\" alt=\"\ud83e\uddc7\" data-emoji=\"\ud83e\uddc7\" aria-label=\"\ud83e\uddc7\" \/>, on y parlera nature\u00a0<img decoding=\"async\" class=\"an1\" src=\"https:\/\/fonts.gstatic.com\/s\/e\/notoemoji\/14.0\/1f340\/32.png\" alt=\"\ud83c\udf40\" data-emoji=\"\ud83c\udf40\" aria-label=\"\ud83c\udf40\" \/>\u00a0<img decoding=\"async\" class=\"an1\" src=\"https:\/\/fonts.gstatic.com\/s\/e\/notoemoji\/14.0\/1fab4\/32.png\" alt=\"\ud83e\udeb4\" data-emoji=\"\ud83e\udeb4\" aria-label=\"\ud83e\udeb4\" \/>, cours de guitare\u00a0<img decoding=\"async\" class=\"an1\" src=\"https:\/\/fonts.gstatic.com\/s\/e\/notoemoji\/14.0\/1f3b8\/32.png\" alt=\"\ud83c\udfb8\" data-emoji=\"\ud83c\udfb8\" aria-label=\"\ud83c\udfb8\" \/>, cours de danse africaine\u00a0<img decoding=\"async\" class=\"an1\" src=\"https:\/\/fonts.gstatic.com\/s\/e\/notoemoji\/14.0\/1fa98\/32.png\" alt=\"\ud83e\ude98\" data-emoji=\"\ud83e\ude98\" aria-label=\"\ud83e\ude98\" \/>\u00a0avec une d\u00e9mo de Kkc Doundoun Danse dans la matin\u00e9e\u2026et pleins d\u2019autres surprises!<img decoding=\"async\" class=\"an1\" src=\"https:\/\/fonts.gstatic.com\/s\/e\/notoemoji\/14.0\/1f648\/32.png\" alt=\"\ud83d\ude48\" data-emoji=\"\ud83d\ude48\" aria-label=\"\ud83d\ude48\" \/><\/span><\/p>\n<p><span style=\"color: #ff99cc;\">Bref,\u00a0 \u00e7a va \u00eatre une belle journ\u00e9e pour bien commencer l\u2019ann\u00e9e!<img decoding=\"async\" class=\"an1\" src=\"https:\/\/fonts.gstatic.com\/s\/e\/notoemoji\/14.0\/1f525\/32.png\" alt=\"\ud83d\udd25\" data-emoji=\"\ud83d\udd25\" aria-label=\"\ud83d\udd25\" \/><\/span><\/p>\n<p><span style=\"color: #ff99cc;\">Bonne fin de vacances<img decoding=\"async\" class=\"an1\" src=\"https:\/\/fonts.gstatic.com\/s\/e\/notoemoji\/14.0\/2600_fe0f\/32.png\" alt=\"\u2600\ufe0f\" data-emoji=\"\u2600\ufe0f\" aria-label=\"\u2600\ufe0f\" \/><img decoding=\"async\" class=\"an1\" src=\"https:\/\/fonts.gstatic.com\/s\/e\/notoemoji\/14.0\/1f60e\/32.png\" alt=\"\ud83d\ude0e\" data-emoji=\"\ud83d\ude0e\" aria-label=\"\ud83d\ude0e\" \/><\/span><\/p>\n<hr \/>\n<p>&nbsp;<\/p>\n<h1 style=\"text-align: center;\" tabindex=\"-1\" data-thread-perm-id=\"thread-f:1612596259196993876|msg-f:1612596259196993876\" data-legacy-thread-id=\"166117c0fb8f8154\"><span style=\"color: #ff6600;\">Vide grenier<\/span><\/h1>\n<h1 tabindex=\"-1\" data-thread-perm-id=\"thread-f:1612596259196993876|msg-f:1612596259196993876\" data-legacy-thread-id=\"166117c0fb8f8154\"><img loading=\"lazy\" decoding=\"async\" class=\"size-medium wp-image-1555 aligncenter\" src=\"https:\/\/lescopainsdabord.net\/wp-content\/uploads\/2025\/09\/Vide-grenier-2025-300x169.jpg\" alt=\"\" width=\"300\" height=\"169\" srcset=\"https:\/\/lescopainsdabord.net\/wp-content\/uploads\/2025\/09\/Vide-grenier-2025-300x169.jpg 300w, https:\/\/lescopainsdabord.net\/wp-content\/uploads\/2025\/09\/Vide-grenier-2025-1024x576.jpg 1024w, https:\/\/lescopainsdabord.net\/wp-content\/uploads\/2025\/09\/Vide-grenier-2025-768x432.jpg 768w, https:\/\/lescopainsdabord.net\/wp-content\/uploads\/2025\/09\/Vide-grenier-2025-1536x864.jpg 1536w, https:\/\/lescopainsdabord.net\/wp-content\/uploads\/2025\/09\/Vide-grenier-2025-676x380.jpg 676w, https:\/\/lescopainsdabord.net\/wp-content\/uploads\/2025\/09\/Vide-grenier-2025-160x90.jpg 160w, https:\/\/lescopainsdabord.net\/wp-content\/uploads\/2025\/09\/Vide-grenier-2025.jpg 2048w\" sizes=\"auto, (max-width: 300px) 100vw, 300px\" \/><\/h1>\n<h1 tabindex=\"-1\" data-thread-perm-id=\"thread-f:1612596259196993876|msg-f:1612596259196993876\" data-legacy-thread-id=\"166117c0fb8f8154\">*<img loading=\"lazy\" decoding=\"async\" class=\"size-medium wp-image-1556 aligncenter\" src=\"https:\/\/lescopainsdabord.net\/wp-content\/uploads\/2025\/09\/Vide-grenier-2025_2-212x300.jpg\" alt=\"\" width=\"212\" height=\"300\" srcset=\"https:\/\/lescopainsdabord.net\/wp-content\/uploads\/2025\/09\/Vide-grenier-2025_2-212x300.jpg 212w, https:\/\/lescopainsdabord.net\/wp-content\/uploads\/2025\/09\/Vide-grenier-2025_2-724x1024.jpg 724w, https:\/\/lescopainsdabord.net\/wp-content\/uploads\/2025\/09\/Vide-grenier-2025_2-768x1086.jpg 768w, https:\/\/lescopainsdabord.net\/wp-content\/uploads\/2025\/09\/Vide-grenier-2025_2-1086x1536.jpg 1086w, https:\/\/lescopainsdabord.net\/wp-content\/uploads\/2025\/09\/Vide-grenier-2025_2-269x380.jpg 269w, https:\/\/lescopainsdabord.net\/wp-content\/uploads\/2025\/09\/Vide-grenier-2025_2-85x120.jpg 85w, https:\/\/lescopainsdabord.net\/wp-content\/uploads\/2025\/09\/Vide-grenier-2025_2.jpg 1414w\" sizes=\"auto, (max-width: 212px) 100vw, 212px\" \/><\/h1>\n<p tabindex=\"-1\" data-thread-perm-id=\"thread-f:1612596259196993876|msg-f:1612596259196993876\" data-legacy-thread-id=\"166117c0fb8f8154\"><span style=\"color: #ff6600;\">On vous attend nombreux pour venir d\u00e9guster l&rsquo;assiette des Copains au vide grenier de la ville le 24 mai 2025 sur la place S\u00e9verine.<\/span><\/p>\n<hr \/>\n<h1 style=\"text-align: center;\" tabindex=\"-1\" data-thread-perm-id=\"thread-f:1612596259196993876|msg-f:1612596259196993876\" data-legacy-thread-id=\"166117c0fb8f8154\"><span style=\"color: #99cc00;\">F\u00eates des friches<\/span><\/h1>\n<h1 tabindex=\"-1\" data-thread-perm-id=\"thread-f:1612596259196993876|msg-f:1612596259196993876\" data-legacy-thread-id=\"166117c0fb8f8154\"><img loading=\"lazy\" decoding=\"async\" class=\" wp-image-1553 aligncenter\" src=\"https:\/\/lescopainsdabord.net\/wp-content\/uploads\/2025\/09\/fetes-des-friches-210x300.jpg\" alt=\"\" width=\"258\" height=\"369\" srcset=\"https:\/\/lescopainsdabord.net\/wp-content\/uploads\/2025\/09\/fetes-des-friches-210x300.jpg 210w, https:\/\/lescopainsdabord.net\/wp-content\/uploads\/2025\/09\/fetes-des-friches-715x1024.jpg 715w, https:\/\/lescopainsdabord.net\/wp-content\/uploads\/2025\/09\/fetes-des-friches-265x380.jpg 265w, https:\/\/lescopainsdabord.net\/wp-content\/uploads\/2025\/09\/fetes-des-friches-84x120.jpg 84w, https:\/\/lescopainsdabord.net\/wp-content\/uploads\/2025\/09\/fetes-des-friches.jpg 767w\" sizes=\"auto, (max-width: 258px) 100vw, 258px\" \/><\/h1>\n<p><span style=\"color: #99cc00;\">Rendez-vous le 27\/04 de 11h \u00e0 17h au Jardin des Copains pour la f\u00eate des friches.<\/span><\/p>\n<p><span style=\"color: #99cc00;\">Au programme :<\/span><\/p>\n<p><span style=\"color: #99cc00;\">&#8211; 11h : troc de graines et distribution de compost<\/span><br \/>\n<span style=\"color: #99cc00;\">&#8211; 12h30\/13h: barbecue participatif<\/span><br \/>\n<span style=\"color: #99cc00;\">-14h30 : percussion et danse africaine avec Karamoko.<\/span><br \/>\n<span style=\"color: #99cc00;\">ateliers bricolage et plantation tout au long de la journ\u00e9e<\/span><\/p>\n<hr \/>\n<h1 style=\"text-align: center;\" tabindex=\"-1\" data-thread-perm-id=\"thread-f:1612596259196993876|msg-f:1612596259196993876\" data-legacy-thread-id=\"166117c0fb8f8154\"><span style=\"color: #800080;\">Chasse aux oeufs<\/span><\/h1>\n<p><img loading=\"lazy\" decoding=\"async\" class=\"size-medium wp-image-1550 aligncenter\" src=\"https:\/\/lescopainsdabord.net\/wp-content\/uploads\/2025\/09\/Chasseauxoeuf2025-300x200.jpg\" alt=\"\" width=\"300\" height=\"200\" srcset=\"https:\/\/lescopainsdabord.net\/wp-content\/uploads\/2025\/09\/Chasseauxoeuf2025-300x200.jpg 300w, https:\/\/lescopainsdabord.net\/wp-content\/uploads\/2025\/09\/Chasseauxoeuf2025-570x380.jpg 570w, https:\/\/lescopainsdabord.net\/wp-content\/uploads\/2025\/09\/Chasseauxoeuf2025-160x107.jpg 160w, https:\/\/lescopainsdabord.net\/wp-content\/uploads\/2025\/09\/Chasseauxoeuf2025.jpg 640w\" sizes=\"auto, (max-width: 300px) 100vw, 300px\" \/><\/p>\n<p><img loading=\"lazy\" decoding=\"async\" class=\"size-medium wp-image-1551 aligncenter\" src=\"https:\/\/lescopainsdabord.net\/wp-content\/uploads\/2025\/09\/Chasseauxoeuf2025_2-300x200.jpg\" alt=\"\" width=\"300\" height=\"200\" srcset=\"https:\/\/lescopainsdabord.net\/wp-content\/uploads\/2025\/09\/Chasseauxoeuf2025_2-300x200.jpg 300w, https:\/\/lescopainsdabord.net\/wp-content\/uploads\/2025\/09\/Chasseauxoeuf2025_2-570x380.jpg 570w, https:\/\/lescopainsdabord.net\/wp-content\/uploads\/2025\/09\/Chasseauxoeuf2025_2-160x107.jpg 160w, https:\/\/lescopainsdabord.net\/wp-content\/uploads\/2025\/09\/Chasseauxoeuf2025_2.jpg 640w\" sizes=\"auto, (max-width: 300px) 100vw, 300px\" \/><\/p>\n<p><img loading=\"lazy\" decoding=\"async\" class=\"size-medium wp-image-1552 aligncenter\" src=\"https:\/\/lescopainsdabord.net\/wp-content\/uploads\/2025\/09\/Chasseauxoeuf2025_3-300x200.jpg\" alt=\"\" width=\"300\" height=\"200\" srcset=\"https:\/\/lescopainsdabord.net\/wp-content\/uploads\/2025\/09\/Chasseauxoeuf2025_3-300x200.jpg 300w, https:\/\/lescopainsdabord.net\/wp-content\/uploads\/2025\/09\/Chasseauxoeuf2025_3-570x380.jpg 570w, https:\/\/lescopainsdabord.net\/wp-content\/uploads\/2025\/09\/Chasseauxoeuf2025_3-160x107.jpg 160w, https:\/\/lescopainsdabord.net\/wp-content\/uploads\/2025\/09\/Chasseauxoeuf2025_3.jpg 640w\" sizes=\"auto, (max-width: 300px) 100vw, 300px\" \/><\/p>\n<p><span style=\"color: #800080;\">En partenariat avec l&rsquo;association, franco-allemande de Pantin, Dreik\u00e4sehoch, une journ\u00e9e d\u00e9coration des oeufs et chasse aux oeuf est organis\u00e9 au jardin le 6 avril.<\/span><\/p>\n<hr \/>\n<h1 style=\"text-align: center;\" tabindex=\"-1\" data-thread-perm-id=\"thread-f:1612596259196993876|msg-f:1612596259196993876\" data-legacy-thread-id=\"166117c0fb8f8154\"><span style=\"color: #ff6600;\">ATELIER SOUPE ANTIGASPI<\/span><\/h1>\n<p><img loading=\"lazy\" decoding=\"async\" class=\"size-medium wp-image-1547 aligncenter\" src=\"https:\/\/lescopainsdabord.net\/wp-content\/uploads\/2025\/08\/SOUPEANTIGASPI-300x225.jpg\" alt=\"\" width=\"300\" height=\"225\" srcset=\"https:\/\/lescopainsdabord.net\/wp-content\/uploads\/2025\/08\/SOUPEANTIGASPI-300x225.jpg 300w, https:\/\/lescopainsdabord.net\/wp-content\/uploads\/2025\/08\/SOUPEANTIGASPI-1024x768.jpg 1024w, https:\/\/lescopainsdabord.net\/wp-content\/uploads\/2025\/08\/SOUPEANTIGASPI-768x576.jpg 768w, https:\/\/lescopainsdabord.net\/wp-content\/uploads\/2025\/08\/SOUPEANTIGASPI-1536x1152.jpg 1536w, https:\/\/lescopainsdabord.net\/wp-content\/uploads\/2025\/08\/SOUPEANTIGASPI-507x380.jpg 507w, https:\/\/lescopainsdabord.net\/wp-content\/uploads\/2025\/08\/SOUPEANTIGASPI-160x120.jpg 160w, https:\/\/lescopainsdabord.net\/wp-content\/uploads\/2025\/08\/SOUPEANTIGASPI.jpg 2048w\" sizes=\"auto, (max-width: 300px) 100vw, 300px\" \/><\/p>\n<p><img loading=\"lazy\" decoding=\"async\" class=\"size-medium wp-image-1548 aligncenter\" src=\"https:\/\/lescopainsdabord.net\/wp-content\/uploads\/2025\/08\/SOUPEANTIGASPI2-300x169.jpg\" alt=\"\" width=\"300\" height=\"169\" srcset=\"https:\/\/lescopainsdabord.net\/wp-content\/uploads\/2025\/08\/SOUPEANTIGASPI2-300x169.jpg 300w, https:\/\/lescopainsdabord.net\/wp-content\/uploads\/2025\/08\/SOUPEANTIGASPI2-1024x576.jpg 1024w, https:\/\/lescopainsdabord.net\/wp-content\/uploads\/2025\/08\/SOUPEANTIGASPI2-768x432.jpg 768w, https:\/\/lescopainsdabord.net\/wp-content\/uploads\/2025\/08\/SOUPEANTIGASPI2-1536x864.jpg 1536w, https:\/\/lescopainsdabord.net\/wp-content\/uploads\/2025\/08\/SOUPEANTIGASPI2-676x380.jpg 676w, https:\/\/lescopainsdabord.net\/wp-content\/uploads\/2025\/08\/SOUPEANTIGASPI2-160x90.jpg 160w, https:\/\/lescopainsdabord.net\/wp-content\/uploads\/2025\/08\/SOUPEANTIGASPI2.jpg 2048w\" sizes=\"auto, (max-width: 300px) 100vw, 300px\" \/><\/p>\n<p><span style=\"color: #ff6600;\">En partenariat \ud83e\udd1d avec l\u2019association Transonore et Dans Ma Petite Cusine un atelier soupe \ud83e\udd63 anti gaspi sera organis\u00e9 *le samedi 1er f\u00e9vrier de 11h \u00e0 13h* avec un petit reportage radio \ud83d\udcfb sur cet atelier.<\/span><br \/>\n<span style=\"color: #ff6600;\">Un grand merci \ud83d\ude4f \u00e0 J\u00e9r\u00f4me et Elsa de nous apporter l\u2019\u00e9lectricit\u00e9\ud83d\udd0c au jardin.<\/span><br \/>\n<span style=\"color: #ff6600;\">On vous y attend nombreux et n\u2019h\u00e9sitez pas \u00e0 en parler autour de vous.<\/span><br \/>\n<span style=\"color: #ff6600;\">Bonne reprise \u00e0 tous<\/span><\/p>\n<hr \/>\n<h1 style=\"text-align: center;\" tabindex=\"-1\" data-thread-perm-id=\"thread-f:1612596259196993876|msg-f:1612596259196993876\" data-legacy-thread-id=\"166117c0fb8f8154\"><span style=\"color: #800080;\">Bonne ann\u00e9e 2025<\/span><\/h1>\n<p><img loading=\"lazy\" decoding=\"async\" class=\"wp-image-1546 aligncenter\" src=\"https:\/\/lescopainsdabord.net\/wp-content\/uploads\/2025\/08\/Voeux-2025-291x300.jpg\" alt=\"\" width=\"373\" height=\"385\" srcset=\"https:\/\/lescopainsdabord.net\/wp-content\/uploads\/2025\/08\/Voeux-2025-291x300.jpg 291w, https:\/\/lescopainsdabord.net\/wp-content\/uploads\/2025\/08\/Voeux-2025-368x380.jpg 368w, https:\/\/lescopainsdabord.net\/wp-content\/uploads\/2025\/08\/Voeux-2025-116x120.jpg 116w, https:\/\/lescopainsdabord.net\/wp-content\/uploads\/2025\/08\/Voeux-2025.jpg 738w\" sizes=\"auto, (max-width: 373px) 100vw, 373px\" \/><\/p>\n<p><span style=\"color: #800080;\">Que 2025 apporte Bonheur, sant\u00e9 et fantaisie pour vous et vos proches.<\/span><br \/>\n<span style=\"color: #800080;\">Que les copains vous apporte plus de vert avec le jardin des copains \ud83e\udeb4\ud83d\udc69\u200d\ud83c\udf3e, plus de saveurs avec le P\u2019tit Kawa \u2615\ufe0f\ud83d\udeb2, de d\u00e9couvertes avec notre agenda culturel, nos cours de guitare et de danse \ud83d\udd7a\ud83c\udffe \ud83c\udfb8\ud83c\udfa5\ud83c\udfac\ud83c\udf7f, plus de digital avec La Fabrique \ud83d\udcbb\ud83d\udcf2 mais surtout plus de r\u00e9el, de partage, d\u2019entraide \ud83e\udd1d, de convialit\u00e9 \ud83c\udf89\ud83e\udd73 par le biais de nos rencontres.<\/span><br \/>\n<span style=\"color: #800080;\">N\u2019oubliez pas que Les Copains d\u2019Abord est aussi une grande bo\u00eete \u00e0 id\u00e9e \ud83d\udca1 pr\u00eat \u00e0 accueillir de nouveaux projets et de nouvelles \u00e9nergies.<\/span><br \/>\n<span style=\"color: #800080;\">Alors encore une bonne ann\u00e9e \u00e0 tous et h\u00e2te qu\u2019on se retrouve pour f\u00eater 2025 comme il se doit. <\/span><br \/>\n<span style=\"color: #800080;\">est-ce qu\u2019on ne s\u2019organiserait pas une petite galette \ud83e\uded3 \ud83e\udd34?<\/span><br \/>\n<span style=\"color: #800080;\">A tr\u00e8s vite<\/span><\/p>\n<hr \/>\n<h1 style=\"text-align: center;\" tabindex=\"-1\" data-thread-perm-id=\"thread-f:1612596259196993876|msg-f:1612596259196993876\" data-legacy-thread-id=\"166117c0fb8f8154\"><span style=\"color: #ff00ff;\">Op\u00e9ration 1 pile = 1 don pour le t\u00e9l\u00e9thon<\/span><\/h1>\n<p><img loading=\"lazy\" decoding=\"async\" class=\"alignnone wp-image-1545 aligncenter\" src=\"https:\/\/lescopainsdabord.net\/wp-content\/uploads\/2025\/08\/Telethon-2024-216x300.jpg\" alt=\"\" width=\"251\" height=\"349\" srcset=\"https:\/\/lescopainsdabord.net\/wp-content\/uploads\/2025\/08\/Telethon-2024-216x300.jpg 216w, https:\/\/lescopainsdabord.net\/wp-content\/uploads\/2025\/08\/Telethon-2024-273x380.jpg 273w, https:\/\/lescopainsdabord.net\/wp-content\/uploads\/2025\/08\/Telethon-2024-86x120.jpg 86w, https:\/\/lescopainsdabord.net\/wp-content\/uploads\/2025\/08\/Telethon-2024.jpg 736w\" sizes=\"auto, (max-width: 251px) 100vw, 251px\" \/><\/p>\n<p><span style=\"color: #ff00ff;\">Ce n\u2019est pas parce qu\u2019il n\u2019y a plus Sophie Davant \u00e0 la t\u00e9l\u00e9 que la collecte de dons pour le #Telethon2024\u00a0 est finie! \ud83d\ude1cComme chaque ann\u00e9e, les Copains se mobilisent pour aider la recherche et contribuer \u00e0 sauver des vies.<\/span><br \/>\n<span style=\"color: #ff00ff;\">L&rsquo;op\u00e9ration Une pile = un don est lanc\u00e9e aupr\u00e8s des \u00e9coles du Pr\u00e9 dans la semaine et chez tous les commer\u00e7ants <\/span><span style=\"color: #ff00ff;\">jusqu&rsquo;au 31 janvier 2025.<\/span><br \/>\n<span style=\"color: #ff00ff;\">On compte sur vous! \ud83d\ude4f\ud83e\udd1d\ud83c\udf40<\/span><\/p>\n<hr \/>\n<h1 style=\"text-align: center;\"><span style=\"color: #33ffe4;\">BRADERIE PETITE ENFANCE<\/span><\/h1>\n<p><img loading=\"lazy\" decoding=\"async\" class=\" wp-image-1544 aligncenter\" src=\"https:\/\/lescopainsdabord.net\/wp-content\/uploads\/2025\/08\/Braderie-enfance-300x110.png\" alt=\"\" width=\"436\" height=\"160\" srcset=\"https:\/\/lescopainsdabord.net\/wp-content\/uploads\/2025\/08\/Braderie-enfance-300x110.png 300w, https:\/\/lescopainsdabord.net\/wp-content\/uploads\/2025\/08\/Braderie-enfance-160x59.png 160w, https:\/\/lescopainsdabord.net\/wp-content\/uploads\/2025\/08\/Braderie-enfance.png 370w\" sizes=\"auto, (max-width: 436px) 100vw, 436px\" \/><\/p>\n<p>&nbsp;<\/p>\n<p><span style=\"color: #33ffe4;\"><img loading=\"lazy\" decoding=\"async\" class=\"an1\" src=\"https:\/\/fonts.gstatic.com\/s\/e\/notoemoji\/13.1.1\/1f51c\/72.png\" alt=\"\ud83d\udd1c\" width=\"25\" height=\"25\" data-emoji=\"\ud83d\udd1c\" aria-label=\"\ud83d\udd1c\" \/> Samedi 23\/11, nous vous donnons rdv \u00e0 la braderie petite enfance de 9h \u00e0 13h!<img loading=\"lazy\" decoding=\"async\" class=\"an1\" src=\"https:\/\/fonts.gstatic.com\/s\/e\/notoemoji\/13.1.1\/2615_fe0f\/72.png\" alt=\"\u2615\ufe0f\" width=\"25\" height=\"25\" data-emoji=\"\u2615\ufe0f\" aria-label=\"\u2615\ufe0f\" \/><img loading=\"lazy\" decoding=\"async\" class=\"an1\" src=\"https:\/\/fonts.gstatic.com\/s\/e\/notoemoji\/13.1.1\/1fad6\/72.png\" alt=\"\ud83e\uded6\" width=\"25\" height=\"25\" data-emoji=\"\ud83e\uded6\" aria-label=\"\ud83e\uded6\" \/><img loading=\"lazy\" decoding=\"async\" class=\"an1\" src=\"https:\/\/fonts.gstatic.com\/s\/e\/notoemoji\/13.1.1\/1f9c1\/72.png\" alt=\"\ud83e\uddc1\" width=\"25\" height=\"25\" data-emoji=\"\ud83e\uddc1\" aria-label=\"\ud83e\uddc1\" \/><\/span><\/p>\n<hr \/>\n<h1 style=\"text-align: center;\"><span style=\"color: #ffcc00;\">Danse africaine &amp; DOUMDOUM DANSE<\/span><\/h1>\n<h1 style=\"text-align: center;\"><span style=\"color: #ffcc00;\">&amp; Percussion enfant\/Parent<\/span><\/h1>\n<p style=\"text-align: center;\"><img loading=\"lazy\" decoding=\"async\" class=\"alignnone size-medium wp-image-1541\" src=\"https:\/\/lescopainsdabord.net\/wp-content\/uploads\/2025\/08\/DanseMardi2024-212x300.jpg\" alt=\"\" width=\"212\" height=\"300\" srcset=\"https:\/\/lescopainsdabord.net\/wp-content\/uploads\/2025\/08\/DanseMardi2024-212x300.jpg 212w, https:\/\/lescopainsdabord.net\/wp-content\/uploads\/2025\/08\/DanseMardi2024-724x1024.jpg 724w, https:\/\/lescopainsdabord.net\/wp-content\/uploads\/2025\/08\/DanseMardi2024-768x1086.jpg 768w, https:\/\/lescopainsdabord.net\/wp-content\/uploads\/2025\/08\/DanseMardi2024-1086x1536.jpg 1086w, https:\/\/lescopainsdabord.net\/wp-content\/uploads\/2025\/08\/DanseMardi2024-269x380.jpg 269w, https:\/\/lescopainsdabord.net\/wp-content\/uploads\/2025\/08\/DanseMardi2024-85x120.jpg 85w, https:\/\/lescopainsdabord.net\/wp-content\/uploads\/2025\/08\/DanseMardi2024.jpg 1448w\" sizes=\"auto, (max-width: 212px) 100vw, 212px\" \/> <img loading=\"lazy\" decoding=\"async\" class=\"alignnone size-medium wp-image-1542\" src=\"https:\/\/lescopainsdabord.net\/wp-content\/uploads\/2025\/08\/DanseSamedi2024-212x300.jpg\" alt=\"\" width=\"212\" height=\"300\" srcset=\"https:\/\/lescopainsdabord.net\/wp-content\/uploads\/2025\/08\/DanseSamedi2024-212x300.jpg 212w, https:\/\/lescopainsdabord.net\/wp-content\/uploads\/2025\/08\/DanseSamedi2024-724x1024.jpg 724w, https:\/\/lescopainsdabord.net\/wp-content\/uploads\/2025\/08\/DanseSamedi2024-768x1086.jpg 768w, https:\/\/lescopainsdabord.net\/wp-content\/uploads\/2025\/08\/DanseSamedi2024-1086x1536.jpg 1086w, https:\/\/lescopainsdabord.net\/wp-content\/uploads\/2025\/08\/DanseSamedi2024-269x380.jpg 269w, https:\/\/lescopainsdabord.net\/wp-content\/uploads\/2025\/08\/DanseSamedi2024-85x120.jpg 85w, https:\/\/lescopainsdabord.net\/wp-content\/uploads\/2025\/08\/DanseSamedi2024.jpg 1448w\" sizes=\"auto, (max-width: 212px) 100vw, 212px\" \/><\/p>\n<p style=\"text-align: center;\"><span style=\"color: #ffcc00;\">Les Copains d\u2019Abord ! proposent pour cette ann\u00e9es des cours de danses africaine, de Doumdoum danse et de percussions parent\/enfant anim\u00e9s par le g\u00e9nialissime Karamoko!<\/span><br \/>\n<span style=\"color: #ffcc00;\">Pensez \u00e0 r\u00e9server rapidement via\u00a0<a style=\"color: #ffcc00;\" href=\"mailto:contact.lescopainsdabord@gmail.com\" target=\"_blank\" rel=\"noopener\">contact.lescopainsdabord@gmail<wbr \/>.com<\/a> car le nombre de places est limit\u00e9. Le mardi soir et le samedi en journ\u00e9e.<\/span><\/p>\n<p style=\"text-align: center;\"><span style=\"color: #ffcc00;\">Belle journ\u00e9e \u00e0 tous et toutes!\u00a0<img loading=\"lazy\" decoding=\"async\" class=\"an1\" src=\"https:\/\/fonts.gstatic.com\/s\/e\/notoemoji\/13.1.1\/1f31e\/72.png\" alt=\"\ud83c\udf1e\" width=\"28\" height=\"28\" data-emoji=\"\ud83c\udf1e\" aria-label=\"\ud83c\udf1e\" \/><\/span><\/p>\n<hr \/>\n<h1 style=\"text-align: center;\"><span style=\"color: #33cccc;\">FORUM DES ASSOCIATIONS<\/span><\/h1>\n<p><img loading=\"lazy\" decoding=\"async\" class=\"alignnone wp-image-1512 aligncenter\" src=\"https:\/\/lescopainsdabord.net\/wp-content\/uploads\/2023\/09\/FORUMDESASSOCIATION2023-300x110.png\" alt=\"\" width=\"371\" height=\"136\" srcset=\"https:\/\/lescopainsdabord.net\/wp-content\/uploads\/2023\/09\/FORUMDESASSOCIATION2023-300x110.png 300w, https:\/\/lescopainsdabord.net\/wp-content\/uploads\/2023\/09\/FORUMDESASSOCIATION2023-160x59.png 160w, https:\/\/lescopainsdabord.net\/wp-content\/uploads\/2023\/09\/FORUMDESASSOCIATION2023.png 371w\" sizes=\"auto, (max-width: 371px) 100vw, 371px\" \/><\/p>\n<p><span style=\"color: #33cccc;\"><img decoding=\"async\" class=\"an1\" src=\"https:\/\/fonts.gstatic.com\/s\/e\/notoemoji\/14.0\/1f5e3\/32.png\" alt=\"\ud83d\udde3\" data-emoji=\"\ud83d\udde3\" aria-label=\"\ud83d\udde3\" \/>\u00c7\u2019est la rentr\u00e9e des copains <img decoding=\"async\" class=\"an1\" src=\"https:\/\/fonts.gstatic.com\/s\/e\/notoemoji\/14.0\/1f389\/32.png\" alt=\"\ud83c\udf89\" data-emoji=\"\ud83c\udf89\" aria-label=\"\ud83c\udf89\" \/>\u00a0!!!<\/span><\/p>\n<p><span style=\"color: #33cccc;\">On vous donne rendez-vous au forum des associations<strong> le samedi 9 septembre de<\/strong> <strong>09H30\u00a0\u00c0\u00a013H30<\/strong><img decoding=\"async\" class=\"an1\" src=\"https:\/\/fonts.gstatic.com\/s\/e\/notoemoji\/14.0\/1f91d\/32.png\" alt=\"\ud83e\udd1d\" data-emoji=\"\ud83e\udd1d\" aria-label=\"\ud83e\udd1d\" \/><\/span><br \/>\n<span style=\"color: #33cccc;\">Il y aura le p\u2019tit kawa\u00a0<img decoding=\"async\" class=\"an1\" src=\"https:\/\/fonts.gstatic.com\/s\/e\/notoemoji\/14.0\/2615_fe0f\/32.png\" alt=\"\u2615\ufe0f\" data-emoji=\"\u2615\ufe0f\" aria-label=\"\u2615\ufe0f\" \/>, on proposera des douceurs \u00ab home made \u00bb<img decoding=\"async\" class=\"an1\" src=\"https:\/\/fonts.gstatic.com\/s\/e\/notoemoji\/14.0\/1f95e\/32.png\" alt=\"\ud83e\udd5e\" data-emoji=\"\ud83e\udd5e\" aria-label=\"\ud83e\udd5e\" \/><img decoding=\"async\" class=\"an1\" src=\"https:\/\/fonts.gstatic.com\/s\/e\/notoemoji\/14.0\/1f9c7\/32.png\" alt=\"\ud83e\uddc7\" data-emoji=\"\ud83e\uddc7\" aria-label=\"\ud83e\uddc7\" \/>, on y parlera nature\u00a0<img decoding=\"async\" class=\"an1\" src=\"https:\/\/fonts.gstatic.com\/s\/e\/notoemoji\/14.0\/1f340\/32.png\" alt=\"\ud83c\udf40\" data-emoji=\"\ud83c\udf40\" aria-label=\"\ud83c\udf40\" \/>\u00a0<img decoding=\"async\" class=\"an1\" src=\"https:\/\/fonts.gstatic.com\/s\/e\/notoemoji\/14.0\/1fab4\/32.png\" alt=\"\ud83e\udeb4\" data-emoji=\"\ud83e\udeb4\" aria-label=\"\ud83e\udeb4\" \/>, cours de guitare\u00a0<img decoding=\"async\" class=\"an1\" src=\"https:\/\/fonts.gstatic.com\/s\/e\/notoemoji\/14.0\/1f3b8\/32.png\" alt=\"\ud83c\udfb8\" data-emoji=\"\ud83c\udfb8\" aria-label=\"\ud83c\udfb8\" \/>, cours de danse africaine et de percussions <img decoding=\"async\" class=\"an1\" src=\"https:\/\/fonts.gstatic.com\/s\/e\/notoemoji\/14.0\/1fa98\/32.png\" alt=\"\ud83e\ude98\" data-emoji=\"\ud83e\ude98\" aria-label=\"\ud83e\ude98\" \/>\u00a0avec une d\u00e9mo de Kkc Doundoun Danse dans la matin\u00e9e\u2026et pleins d\u2019autres surprises!<img decoding=\"async\" class=\"an1\" src=\"https:\/\/fonts.gstatic.com\/s\/e\/notoemoji\/14.0\/1f648\/32.png\" alt=\"\ud83d\ude48\" data-emoji=\"\ud83d\ude48\" aria-label=\"\ud83d\ude48\" \/><\/span><\/p>\n<p><span style=\"color: #33cccc;\">Bref,\u00a0 \u00e7a va \u00eatre une belle matin\u00e9e pour bien commencer l\u2019ann\u00e9e!<img decoding=\"async\" class=\"an1\" src=\"https:\/\/fonts.gstatic.com\/s\/e\/notoemoji\/14.0\/1f525\/32.png\" alt=\"\ud83d\udd25\" data-emoji=\"\ud83d\udd25\" aria-label=\"\ud83d\udd25\" \/><\/span><\/p>\n<p><span style=\"color: #33cccc;\">Bonne rentr\u00e9e <img decoding=\"async\" class=\"an1\" src=\"https:\/\/fonts.gstatic.com\/s\/e\/notoemoji\/14.0\/2600_fe0f\/32.png\" alt=\"\u2600\ufe0f\" data-emoji=\"\u2600\ufe0f\" aria-label=\"\u2600\ufe0f\" \/><\/span><span style=\"color: #33cccc;\"><img decoding=\"async\" class=\"an1\" src=\"https:\/\/fonts.gstatic.com\/s\/e\/notoemoji\/14.0\/1f60e\/32.png\" alt=\"\ud83d\ude0e\" data-emoji=\"\ud83d\ude0e\" aria-label=\"\ud83d\ude0e\" \/><\/span><\/p>\n<hr \/>\n<h1 style=\"text-align: center;\"><span style=\"color: #ffcc00;\">Danse africaine &amp; DOUNDOUN DANSE<\/span><\/h1>\n<h1 style=\"text-align: center;\"><span style=\"color: #ffcc00;\"><img loading=\"lazy\" decoding=\"async\" class=\"alignnone size-medium wp-image-1508\" src=\"https:\/\/lescopainsdabord.net\/wp-content\/uploads\/2023\/09\/PHOTO-2023-01-22-10-02-32-211x300.jpg\" alt=\"\" width=\"211\" height=\"300\" srcset=\"https:\/\/lescopainsdabord.net\/wp-content\/uploads\/2023\/09\/PHOTO-2023-01-22-10-02-32-211x300.jpg 211w, https:\/\/lescopainsdabord.net\/wp-content\/uploads\/2023\/09\/PHOTO-2023-01-22-10-02-32-267x380.jpg 267w, https:\/\/lescopainsdabord.net\/wp-content\/uploads\/2023\/09\/PHOTO-2023-01-22-10-02-32-84x120.jpg 84w, https:\/\/lescopainsdabord.net\/wp-content\/uploads\/2023\/09\/PHOTO-2023-01-22-10-02-32.jpg 675w\" sizes=\"auto, (max-width: 211px) 100vw, 211px\" \/><\/span><\/h1>\n<p style=\"text-align: center;\"><span style=\"color: #ffcc00;\">Derni\u00e8re cession de l\u2019ann\u00e9e !!! Samedi 27 mai \u00e0 la salle J. Pr\u00e9vert avec Karamoko<\/span><\/p>\n<p style=\"text-align: center;\"><span style=\"color: #ffcc00;\">infos et contact sur le flyer<\/span><\/p>\n<hr \/>\n<h1 style=\"text-align: center;\"><span style=\"color: #3366ff;\">Rue aux enfants<\/span><\/h1>\n<p><img loading=\"lazy\" decoding=\"async\" class=\"alignnone size-medium wp-image-1504 aligncenter\" src=\"https:\/\/lescopainsdabord.net\/wp-content\/uploads\/2023\/09\/PHOTO-2023-06-30-20-12-50-212x300.jpg\" alt=\"\" width=\"212\" height=\"300\" srcset=\"https:\/\/lescopainsdabord.net\/wp-content\/uploads\/2023\/09\/PHOTO-2023-06-30-20-12-50-212x300.jpg 212w, https:\/\/lescopainsdabord.net\/wp-content\/uploads\/2023\/09\/PHOTO-2023-06-30-20-12-50-724x1024.jpg 724w, https:\/\/lescopainsdabord.net\/wp-content\/uploads\/2023\/09\/PHOTO-2023-06-30-20-12-50-768x1086.jpg 768w, https:\/\/lescopainsdabord.net\/wp-content\/uploads\/2023\/09\/PHOTO-2023-06-30-20-12-50-1086x1536.jpg 1086w, https:\/\/lescopainsdabord.net\/wp-content\/uploads\/2023\/09\/PHOTO-2023-06-30-20-12-50-269x380.jpg 269w, https:\/\/lescopainsdabord.net\/wp-content\/uploads\/2023\/09\/PHOTO-2023-06-30-20-12-50-85x120.jpg 85w, https:\/\/lescopainsdabord.net\/wp-content\/uploads\/2023\/09\/PHOTO-2023-06-30-20-12-50.jpg 1131w\" sizes=\"auto, (max-width: 212px) 100vw, 212px\" \/><\/p>\n<p><span style=\"color: #3366ff;\">N\u2019oubliez pas c\u2019est demain. j\u2019y serai avec le triporteur donc n\u2019h\u00e9sitez pas \u00e0 venir me tenir compagnie<\/span><\/p>\n<hr \/>\n<h1 style=\"text-align: center;\"><span style=\"color: #00ff00;\">FETE DES FRICHES ET TROC DE GRAINE<\/span><\/h1>\n<p><img loading=\"lazy\" decoding=\"async\" class=\"size-medium wp-image-1506 aligncenter\" src=\"https:\/\/lescopainsdabord.net\/wp-content\/uploads\/2023\/09\/PHOTO-2023-04-11-07-53-48-212x300.jpg\" alt=\"\" width=\"212\" height=\"300\" srcset=\"https:\/\/lescopainsdabord.net\/wp-content\/uploads\/2023\/09\/PHOTO-2023-04-11-07-53-48-212x300.jpg 212w, https:\/\/lescopainsdabord.net\/wp-content\/uploads\/2023\/09\/PHOTO-2023-04-11-07-53-48-724x1024.jpg 724w, https:\/\/lescopainsdabord.net\/wp-content\/uploads\/2023\/09\/PHOTO-2023-04-11-07-53-48-768x1086.jpg 768w, https:\/\/lescopainsdabord.net\/wp-content\/uploads\/2023\/09\/PHOTO-2023-04-11-07-53-48-1086x1536.jpg 1086w, https:\/\/lescopainsdabord.net\/wp-content\/uploads\/2023\/09\/PHOTO-2023-04-11-07-53-48-269x380.jpg 269w, https:\/\/lescopainsdabord.net\/wp-content\/uploads\/2023\/09\/PHOTO-2023-04-11-07-53-48-85x120.jpg 85w, https:\/\/lescopainsdabord.net\/wp-content\/uploads\/2023\/09\/PHOTO-2023-04-11-07-53-48.jpg 1131w\" sizes=\"auto, (max-width: 212px) 100vw, 212px\" \/><\/p>\n<p style=\"text-align: center;\"><span style=\"color: #00ff00;\">N\u2019oubliez pas c\u2019est demain. Pour la f\u00eate des friches, venez troquer vos meilleurs graines !!! Le p&rsquo;tit Kawa sera l\u00e0 aussi !!! et en surprise un concert en avant premi\u00e8re !!!!!<\/span><\/p>\n<hr \/>\n<h1 style=\"text-align: center;\"><span style=\"color: #33cccc;\">BRADERIE ENFANCE<\/span><\/h1>\n<p><img loading=\"lazy\" decoding=\"async\" class=\"alignnone size-medium wp-image-1507 aligncenter\" src=\"https:\/\/lescopainsdabord.net\/wp-content\/uploads\/2023\/09\/PHOTO-2023-03-17-10-24-51-300x175.jpg\" alt=\"\" width=\"300\" height=\"175\" srcset=\"https:\/\/lescopainsdabord.net\/wp-content\/uploads\/2023\/09\/PHOTO-2023-03-17-10-24-51-300x175.jpg 300w, https:\/\/lescopainsdabord.net\/wp-content\/uploads\/2023\/09\/PHOTO-2023-03-17-10-24-51-1024x597.jpg 1024w, https:\/\/lescopainsdabord.net\/wp-content\/uploads\/2023\/09\/PHOTO-2023-03-17-10-24-51-768x448.jpg 768w, https:\/\/lescopainsdabord.net\/wp-content\/uploads\/2023\/09\/PHOTO-2023-03-17-10-24-51-651x380.jpg 651w, https:\/\/lescopainsdabord.net\/wp-content\/uploads\/2023\/09\/PHOTO-2023-03-17-10-24-51-160x93.jpg 160w, https:\/\/lescopainsdabord.net\/wp-content\/uploads\/2023\/09\/PHOTO-2023-03-17-10-24-51.jpg 1200w\" sizes=\"auto, (max-width: 300px) 100vw, 300px\" \/><\/p>\n<p style=\"text-align: center;\"><span style=\"color: #33cccc;\">C&rsquo;est demain de 9h \u00e0 13h \u00e0 l\u2019\u00e9cole Brossolette. N\u2019h\u00e9sitez pas \u00e0 venir donner un coup de main ou faire des bonnes affaires ou dire bonjour aux copains autour d\u2019un caf\u00e9.\u00a0<\/span><\/p>\n<hr \/>\n<h1 style=\"text-align: center;\"><span style=\"color: #ffcc00;\">Danse africaine &amp; DOUNDOUN DANSE<\/span><\/h1>\n<h1 style=\"text-align: center;\"><span style=\"color: #ffcc00;\"><img loading=\"lazy\" decoding=\"async\" class=\"alignnone size-medium wp-image-1508\" src=\"https:\/\/lescopainsdabord.net\/wp-content\/uploads\/2023\/09\/PHOTO-2023-01-22-10-02-32-211x300.jpg\" alt=\"\" width=\"211\" height=\"300\" srcset=\"https:\/\/lescopainsdabord.net\/wp-content\/uploads\/2023\/09\/PHOTO-2023-01-22-10-02-32-211x300.jpg 211w, https:\/\/lescopainsdabord.net\/wp-content\/uploads\/2023\/09\/PHOTO-2023-01-22-10-02-32-267x380.jpg 267w, https:\/\/lescopainsdabord.net\/wp-content\/uploads\/2023\/09\/PHOTO-2023-01-22-10-02-32-84x120.jpg 84w, https:\/\/lescopainsdabord.net\/wp-content\/uploads\/2023\/09\/PHOTO-2023-01-22-10-02-32.jpg 675w\" sizes=\"auto, (max-width: 211px) 100vw, 211px\" \/><\/span><\/h1>\n<p style=\"text-align: center;\"><span style=\"color: #ffcc00;\">les cours de danse africaine et Doundoun danse \ud83d\udd7a\ud83c\udffe \ud83e\ude98reprennent d\u00e8s le 28\/01 salle jacques Pr\u00e9vert. il reste des places !!!!<\/span><\/p>\n<hr \/>\n<h1 style=\"text-align: center;\"><span style=\"color: #ff0000;\">NOEL SOLIDAIRE AVEC LES RESTOS DU COEUR<\/span><\/h1>\n<p style=\"text-align: center;\"><span style=\"color: #ff0000;\">https:\/\/www.facebook.com\/reel\/1522220974922125<\/span><\/p>\n<hr \/>\n<h1 style=\"text-align: center;\"><span style=\"color: #333399;\">Rendez-vous contes<\/span><\/h1>\n<p><img loading=\"lazy\" decoding=\"async\" class=\"size-medium wp-image-1510 aligncenter\" src=\"https:\/\/lescopainsdabord.net\/wp-content\/uploads\/2023\/09\/PHOTO-2022-12-19-12-12-31-213x300.jpg\" alt=\"\" width=\"213\" height=\"300\" srcset=\"https:\/\/lescopainsdabord.net\/wp-content\/uploads\/2023\/09\/PHOTO-2022-12-19-12-12-31-213x300.jpg 213w, https:\/\/lescopainsdabord.net\/wp-content\/uploads\/2023\/09\/PHOTO-2022-12-19-12-12-31-727x1024.jpg 727w, https:\/\/lescopainsdabord.net\/wp-content\/uploads\/2023\/09\/PHOTO-2022-12-19-12-12-31-768x1082.jpg 768w, https:\/\/lescopainsdabord.net\/wp-content\/uploads\/2023\/09\/PHOTO-2022-12-19-12-12-31-270x380.jpg 270w, https:\/\/lescopainsdabord.net\/wp-content\/uploads\/2023\/09\/PHOTO-2022-12-19-12-12-31-85x120.jpg 85w, https:\/\/lescopainsdabord.net\/wp-content\/uploads\/2023\/09\/PHOTO-2022-12-19-12-12-31.jpg 825w\" sizes=\"auto, (max-width: 213px) 100vw, 213px\" \/><\/p>\n<p><span style=\"color: #333399;\">L\u2019hiver est l\u00e0 \u00e0 grands pas\u2026\u2744\ufe0f Nous vous invitons \u00e0 passer un beau moment autour d\u2019un conte mis en voix par la com\u00e9dienne gervaisienne Albertine M. Itela\u2026\ud83d\udcda\ud83c\udf81 \ud83c\udfb6Notez dans vos agendas, mercredi 21 d\u00e9cembre \u00e0 16h pour d\u00e9couvrir \u00ab Pourquoi le lion n\u2019est plus le roi des animaux? \u00bb\ud83e\udd81, salle Jacques Prevert au Pr\u00e9. <\/span><\/p>\n<p><span style=\"color: #333399;\">Avec les Rendez-vous contes, vous allez voyagez aux pays des belles histoires et des merveilles<\/span><\/p>\n<hr \/>\n<h1 style=\"text-align: center;\"><span style=\"color: #ff99cc;\">Rue aux enfants<\/span><\/h1>\n<p><img loading=\"lazy\" decoding=\"async\" class=\"size-medium wp-image-1511 aligncenter\" src=\"https:\/\/lescopainsdabord.net\/wp-content\/uploads\/2023\/09\/PHOTO-2022-11-25-17-49-46-218x300.jpg\" alt=\"\" width=\"218\" height=\"300\" srcset=\"https:\/\/lescopainsdabord.net\/wp-content\/uploads\/2023\/09\/PHOTO-2022-11-25-17-49-46-218x300.jpg 218w, https:\/\/lescopainsdabord.net\/wp-content\/uploads\/2023\/09\/PHOTO-2022-11-25-17-49-46-276x380.jpg 276w, https:\/\/lescopainsdabord.net\/wp-content\/uploads\/2023\/09\/PHOTO-2022-11-25-17-49-46-87x120.jpg 87w, https:\/\/lescopainsdabord.net\/wp-content\/uploads\/2023\/09\/PHOTO-2022-11-25-17-49-46.jpg 743w\" sizes=\"auto, (max-width: 218px) 100vw, 218px\" \/><\/p>\n<p><span style=\"color: #ff99cc;\">N\u2019oubliez pas c\u2019est demain. j\u2019y serai avec le triporteur donc n\u2019h\u00e9sitez pas \u00e0 venir me tenir compagnie<\/span><\/p>\n<hr \/>\n<h1 style=\"text-align: center;\"><span style=\"color: #ff00ff;\">LA FABRIQUE DU DIGITAL<\/span><\/h1>\n<p><img loading=\"lazy\" decoding=\"async\" class=\"alignnone size-medium wp-image-1501 aligncenter\" src=\"https:\/\/lescopainsdabord.net\/wp-content\/uploads\/2023\/09\/PHOTO-2022-10-08-17-51-02-300x214.jpg\" alt=\"\" width=\"300\" height=\"214\" srcset=\"https:\/\/lescopainsdabord.net\/wp-content\/uploads\/2023\/09\/PHOTO-2022-10-08-17-51-02-300x214.jpg 300w, https:\/\/lescopainsdabord.net\/wp-content\/uploads\/2023\/09\/PHOTO-2022-10-08-17-51-02-1024x731.jpg 1024w, https:\/\/lescopainsdabord.net\/wp-content\/uploads\/2023\/09\/PHOTO-2022-10-08-17-51-02-768x548.jpg 768w, https:\/\/lescopainsdabord.net\/wp-content\/uploads\/2023\/09\/PHOTO-2022-10-08-17-51-02-1536x1097.jpg 1536w, https:\/\/lescopainsdabord.net\/wp-content\/uploads\/2023\/09\/PHOTO-2022-10-08-17-51-02-532x380.jpg 532w, https:\/\/lescopainsdabord.net\/wp-content\/uploads\/2023\/09\/PHOTO-2022-10-08-17-51-02-160x114.jpg 160w, https:\/\/lescopainsdabord.net\/wp-content\/uploads\/2023\/09\/PHOTO-2022-10-08-17-51-02.jpg 2048w\" sizes=\"auto, (max-width: 300px) 100vw, 300px\" \/><\/p>\n<p style=\"text-align: center;\"><span style=\"color: #ff00ff;\">Demain mercredi 16novembre, on vous attend pour une nouvelle permanence d&rsquo;entraide.<\/span><\/p>\n<p style=\"text-align: center;\"><span style=\"color: #ff00ff;\">Nous vous\u00a0 conseillerons et vous aiderons sur vos probl\u00e8mes avec vos ordinateurs, tablettes et t\u00e9l\u00e9phone que cela soit mat\u00e9riel ou logiciel.<\/span><\/p>\n<p style=\"text-align: center;\"><span style=\"color: #ff00ff;\">prochaine date : 14 d\u00e9cembre 2022<\/span><\/p>\n<hr \/>\n<h1 style=\"text-align: center;\"><span style=\"color: #99cc00;\">PROLONGATION POUR LE JARDIN DES COPAINS<\/span><\/h1>\n<p><img loading=\"lazy\" decoding=\"async\" class=\"size-medium wp-image-1500 aligncenter\" src=\"https:\/\/lescopainsdabord.net\/wp-content\/uploads\/2023\/09\/PHOTO-2022-11-09-15-55-26-243x300.jpg\" alt=\"\" width=\"243\" height=\"300\" srcset=\"https:\/\/lescopainsdabord.net\/wp-content\/uploads\/2023\/09\/PHOTO-2022-11-09-15-55-26-243x300.jpg 243w, https:\/\/lescopainsdabord.net\/wp-content\/uploads\/2023\/09\/PHOTO-2022-11-09-15-55-26-308x380.jpg 308w, https:\/\/lescopainsdabord.net\/wp-content\/uploads\/2023\/09\/PHOTO-2022-11-09-15-55-26-97x120.jpg 97w, https:\/\/lescopainsdabord.net\/wp-content\/uploads\/2023\/09\/PHOTO-2022-11-09-15-55-26.jpg 600w\" sizes=\"auto, (max-width: 243px) 100vw, 243px\" \/><\/p>\n<p><span style=\"color: #99cc00;\">Notre projet a \u00e9t\u00e9 accept\u00e9 \ud83e\udd73. nous continuerons donc \u00e0 nous occuper du Jardin des Copains \ud83e\udeb4 \u2600\ufe0f Signature des conventions lundi 14\/11 \u00e0 18h30 \ud83d\udd61 \u00e0 la mairie si certains sont dispos pour nous accompagner<\/span><\/p>\n<hr \/>\n<h1 style=\"text-align: center;\"><span style=\"color: #ff00ff;\">LA FABRIQUE DU DIGITAL<\/span><\/h1>\n<p><img loading=\"lazy\" decoding=\"async\" class=\"alignnone size-medium wp-image-1501 aligncenter\" src=\"https:\/\/lescopainsdabord.net\/wp-content\/uploads\/2023\/09\/PHOTO-2022-10-08-17-51-02-300x214.jpg\" alt=\"\" width=\"300\" height=\"214\" srcset=\"https:\/\/lescopainsdabord.net\/wp-content\/uploads\/2023\/09\/PHOTO-2022-10-08-17-51-02-300x214.jpg 300w, https:\/\/lescopainsdabord.net\/wp-content\/uploads\/2023\/09\/PHOTO-2022-10-08-17-51-02-1024x731.jpg 1024w, https:\/\/lescopainsdabord.net\/wp-content\/uploads\/2023\/09\/PHOTO-2022-10-08-17-51-02-768x548.jpg 768w, https:\/\/lescopainsdabord.net\/wp-content\/uploads\/2023\/09\/PHOTO-2022-10-08-17-51-02-1536x1097.jpg 1536w, https:\/\/lescopainsdabord.net\/wp-content\/uploads\/2023\/09\/PHOTO-2022-10-08-17-51-02-532x380.jpg 532w, https:\/\/lescopainsdabord.net\/wp-content\/uploads\/2023\/09\/PHOTO-2022-10-08-17-51-02-160x114.jpg 160w, https:\/\/lescopainsdabord.net\/wp-content\/uploads\/2023\/09\/PHOTO-2022-10-08-17-51-02.jpg 2048w\" sizes=\"auto, (max-width: 300px) 100vw, 300px\" \/><\/p>\n<p style=\"text-align: center;\"><span style=\"color: #ff00ff;\">La Fabrique du Digital reprends ses permanences d&rsquo;entraide autour du num\u00e9rique !<\/span><\/p>\n<p style=\"text-align: center;\"><span style=\"color: #ff00ff;\">Nous vous accueillons 1 mercredi par mois afin de vous conseiller et vous aider sur vos probl\u00e8mes avec vos ordinateurs, tablettes et t\u00e9l\u00e9phone que cela soit mat\u00e9riel ou logiciel.<\/span><\/p>\n<p style=\"text-align: center;\"><span style=\"color: #ff00ff;\">Les prochaines dates : 12 octobre, 16 novembre et 14 d\u00e9cembre 2022<\/span><\/p>\n<hr \/>\n<h1 style=\"text-align: center;\"><span style=\"color: #ff9900;\">DANSE AFRICAINE<\/span><\/h1>\n\n<div data-mode=\"normal\" data-provider=\"html5\" id=\"arve-html5-\" style=\"max-width:848px;\" class=\"arve\">\n\t<div class=\"arve-inner\">\n\t\t<div class=\"arve-embed\">\n\t\t\t<video class=\"arve-video fitvidsignore\" controls controlslist=\"\" data-arve=\"arve-html5-\" onloadstart=\"this.volume=1\" preload=\"metadata\"><source type=\"video\/mp4\" src=\"https:\/\/lescopainsdabord.net\/wp-content\/uploads\/2023\/09\/VIDEO-2022-09-03-11-35-45.mp4\"><\/video>\n\t\t\t\n\t\t<\/div>\n\t\t\n\t<\/div>\n\t\n\t\n\t<script type=\"application\/ld+json\">{\"@context\":\"http:\\\/\\\/schema.org\\\/\",\"@id\":\"https:\\\/\\\/www.lescopainsdabord.net\\\/#arve-html5-\",\"type\":\"VideoObject\",\"contentURL\":\"https:\\\/\\\/lescopainsdabord.net\\\/wp-content\\\/uploads\\\/2023\\\/09\\\/VIDEO-2022-09-03-11-35-45.mp4\"}<\/script>\n<\/div>\n<p><img loading=\"lazy\" decoding=\"async\" class=\"size-medium wp-image-1503 aligncenter\" src=\"https:\/\/lescopainsdabord.net\/wp-content\/uploads\/2023\/09\/PHOTO-2022-11-24-12-11-16-211x300.jpg\" alt=\"\" width=\"211\" height=\"300\" srcset=\"https:\/\/lescopainsdabord.net\/wp-content\/uploads\/2023\/09\/PHOTO-2022-11-24-12-11-16-211x300.jpg 211w, https:\/\/lescopainsdabord.net\/wp-content\/uploads\/2023\/09\/PHOTO-2022-11-24-12-11-16-720x1024.jpg 720w, https:\/\/lescopainsdabord.net\/wp-content\/uploads\/2023\/09\/PHOTO-2022-11-24-12-11-16-768x1093.jpg 768w, https:\/\/lescopainsdabord.net\/wp-content\/uploads\/2023\/09\/PHOTO-2022-11-24-12-11-16-1080x1536.jpg 1080w, https:\/\/lescopainsdabord.net\/wp-content\/uploads\/2023\/09\/PHOTO-2022-11-24-12-11-16-267x380.jpg 267w, https:\/\/lescopainsdabord.net\/wp-content\/uploads\/2023\/09\/PHOTO-2022-11-24-12-11-16-84x120.jpg 84w, https:\/\/lescopainsdabord.net\/wp-content\/uploads\/2023\/09\/PHOTO-2022-11-24-12-11-16.jpg 1098w\" sizes=\"auto, (max-width: 211px) 100vw, 211px\" \/><\/p>\n<p style=\"text-align: center;\"><span style=\"color: #ffcc00;\">C&rsquo;est ce Samedi un stage de Danse Africaine et Doundoun Danse au pr\u00e9 Saint Gervais <img loading=\"lazy\" decoding=\"async\" class=\"an1\" src=\"https:\/\/fonts.gstatic.com\/s\/e\/notoemoji\/13.1.1\/1fa98\/72.png\" alt=\"\ud83e\ude98\" width=\"32\" height=\"32\" data-emoji=\"\ud83e\ude98\" aria-label=\"\ud83e\ude98\" \/><\/span><\/p>\n<p style=\"text-align: center;\"><span style=\"color: #ffcc00;\">Il nous reste encore quelques places. Bonne journ\u00e9e. Let&rsquo;s Dance and Drums \ud83d\ude0a<\/span><\/p>\n<hr \/>\n<h1 style=\"text-align: center;\"><span style=\"color: #ff0000;\">FORUM DES ASSOCIATIONS<\/span><\/h1>\n<p><span style=\"color: #ff0000;\"><img loading=\"lazy\" decoding=\"async\" class=\"wp-image-1479 aligncenter\" src=\"http:\/\/lescopainsdabord.net\/wp-content\/uploads\/2022\/09\/image0-300x175.jpeg\" alt=\"\" width=\"334\" height=\"195\" srcset=\"https:\/\/lescopainsdabord.net\/wp-content\/uploads\/2022\/09\/image0-300x175.jpeg 300w, https:\/\/lescopainsdabord.net\/wp-content\/uploads\/2022\/09\/image0-1024x597.jpeg 1024w, https:\/\/lescopainsdabord.net\/wp-content\/uploads\/2022\/09\/image0-768x448.jpeg 768w, https:\/\/lescopainsdabord.net\/wp-content\/uploads\/2022\/09\/image0-651x380.jpeg 651w, https:\/\/lescopainsdabord.net\/wp-content\/uploads\/2022\/09\/image0-160x93.jpeg 160w, https:\/\/lescopainsdabord.net\/wp-content\/uploads\/2022\/09\/image0.jpeg 1200w\" sizes=\"auto, (max-width: 334px) 100vw, 334px\" \/><\/span><\/p>\n<p><span style=\"color: #ff0000;\"><img decoding=\"async\" class=\"an1\" src=\"https:\/\/fonts.gstatic.com\/s\/e\/notoemoji\/14.0\/1f5e3\/32.png\" alt=\"\ud83d\udde3\" data-emoji=\"\ud83d\udde3\" aria-label=\"\ud83d\udde3\" \/>\u00c7a y est, c\u2019est la rentr\u00e9e des copains\u00a0<img decoding=\"async\" class=\"an1\" src=\"https:\/\/fonts.gstatic.com\/s\/e\/notoemoji\/14.0\/1f389\/32.png\" alt=\"\ud83c\udf89\" data-emoji=\"\ud83c\udf89\" aria-label=\"\ud83c\udf89\" \/>\u00a0!!!<\/span><\/p>\n<p><span style=\"color: #ff0000;\">On vous donne rendez-vous au forum des associations du Le Pr\u00e9 Saint-Gervais le samedi 3 septembre d\u00e8s 10h<img decoding=\"async\" class=\"an1\" src=\"https:\/\/fonts.gstatic.com\/s\/e\/notoemoji\/14.0\/1f91d\/32.png\" alt=\"\ud83e\udd1d\" data-emoji=\"\ud83e\udd1d\" aria-label=\"\ud83e\udd1d\" \/><\/span><br \/>\n<span style=\"color: #ff0000;\">Il y aura le p\u2019tit kawa\u00a0<img decoding=\"async\" class=\"an1\" src=\"https:\/\/fonts.gstatic.com\/s\/e\/notoemoji\/14.0\/2615_fe0f\/32.png\" alt=\"\u2615\ufe0f\" data-emoji=\"\u2615\ufe0f\" aria-label=\"\u2615\ufe0f\" \/>, on proposera des douceurs \u00ab home made \u00bb<img decoding=\"async\" class=\"an1\" src=\"https:\/\/fonts.gstatic.com\/s\/e\/notoemoji\/14.0\/1f95e\/32.png\" alt=\"\ud83e\udd5e\" data-emoji=\"\ud83e\udd5e\" aria-label=\"\ud83e\udd5e\" \/><img decoding=\"async\" class=\"an1\" src=\"https:\/\/fonts.gstatic.com\/s\/e\/notoemoji\/14.0\/1f9c7\/32.png\" alt=\"\ud83e\uddc7\" data-emoji=\"\ud83e\uddc7\" aria-label=\"\ud83e\uddc7\" \/>, on y parlera nature\u00a0<img decoding=\"async\" class=\"an1\" src=\"https:\/\/fonts.gstatic.com\/s\/e\/notoemoji\/14.0\/1f340\/32.png\" alt=\"\ud83c\udf40\" data-emoji=\"\ud83c\udf40\" aria-label=\"\ud83c\udf40\" \/>\u00a0<img decoding=\"async\" class=\"an1\" src=\"https:\/\/fonts.gstatic.com\/s\/e\/notoemoji\/14.0\/1fab4\/32.png\" alt=\"\ud83e\udeb4\" data-emoji=\"\ud83e\udeb4\" aria-label=\"\ud83e\udeb4\" \/>, cours de guitare\u00a0<img decoding=\"async\" class=\"an1\" src=\"https:\/\/fonts.gstatic.com\/s\/e\/notoemoji\/14.0\/1f3b8\/32.png\" alt=\"\ud83c\udfb8\" data-emoji=\"\ud83c\udfb8\" aria-label=\"\ud83c\udfb8\" \/>, cours de danse africaine\u00a0<img decoding=\"async\" class=\"an1\" src=\"https:\/\/fonts.gstatic.com\/s\/e\/notoemoji\/14.0\/1fa98\/32.png\" alt=\"\ud83e\ude98\" data-emoji=\"\ud83e\ude98\" aria-label=\"\ud83e\ude98\" \/>\u00a0avec une d\u00e9mo de Kkc Doundoun Danse dans la matin\u00e9e\u2026et pleins d\u2019autres surprises!<img decoding=\"async\" class=\"an1\" src=\"https:\/\/fonts.gstatic.com\/s\/e\/notoemoji\/14.0\/1f648\/32.png\" alt=\"\ud83d\ude48\" data-emoji=\"\ud83d\ude48\" aria-label=\"\ud83d\ude48\" \/><\/span><\/p>\n<p><span style=\"color: #ff0000;\">Bref,\u00a0 \u00e7a va \u00eatre une belle journ\u00e9e pour bien commencer l\u2019ann\u00e9e!<img decoding=\"async\" class=\"an1\" src=\"https:\/\/fonts.gstatic.com\/s\/e\/notoemoji\/14.0\/1f525\/32.png\" alt=\"\ud83d\udd25\" data-emoji=\"\ud83d\udd25\" aria-label=\"\ud83d\udd25\" \/><\/span><\/p>\n<p><span style=\"color: #ff0000;\">Bonne fin de vacances<img decoding=\"async\" class=\"an1\" src=\"https:\/\/fonts.gstatic.com\/s\/e\/notoemoji\/14.0\/2600_fe0f\/32.png\" alt=\"\u2600\ufe0f\" data-emoji=\"\u2600\ufe0f\" aria-label=\"\u2600\ufe0f\" \/><img decoding=\"async\" class=\"an1\" src=\"https:\/\/fonts.gstatic.com\/s\/e\/notoemoji\/14.0\/1f60e\/32.png\" alt=\"\ud83d\ude0e\" data-emoji=\"\ud83d\ude0e\" aria-label=\"\ud83d\ude0e\" \/><\/span><\/p>\n<hr \/>\n<h1 style=\"text-align: center;\"><span style=\"color: #ff00ff;\">RUE AUX ENFANTS RUE POUR TOUS<\/span><\/h1>\n<p><img loading=\"lazy\" decoding=\"async\" class=\"wp-image-1477 aligncenter\" src=\"http:\/\/lescopainsdabord.net\/wp-content\/uploads\/2022\/09\/RUE-AUX-ENFANTS-JUILLETS-212x300.jpg\" alt=\"\" width=\"267\" height=\"378\" srcset=\"https:\/\/lescopainsdabord.net\/wp-content\/uploads\/2022\/09\/RUE-AUX-ENFANTS-JUILLETS-212x300.jpg 212w, https:\/\/lescopainsdabord.net\/wp-content\/uploads\/2022\/09\/RUE-AUX-ENFANTS-JUILLETS-724x1024.jpg 724w, https:\/\/lescopainsdabord.net\/wp-content\/uploads\/2022\/09\/RUE-AUX-ENFANTS-JUILLETS-768x1086.jpg 768w, https:\/\/lescopainsdabord.net\/wp-content\/uploads\/2022\/09\/RUE-AUX-ENFANTS-JUILLETS-1086x1536.jpg 1086w, https:\/\/lescopainsdabord.net\/wp-content\/uploads\/2022\/09\/RUE-AUX-ENFANTS-JUILLETS-269x380.jpg 269w, https:\/\/lescopainsdabord.net\/wp-content\/uploads\/2022\/09\/RUE-AUX-ENFANTS-JUILLETS-85x120.jpg 85w, https:\/\/lescopainsdabord.net\/wp-content\/uploads\/2022\/09\/RUE-AUX-ENFANTS-JUILLETS.jpg 1448w\" sizes=\"auto, (max-width: 267px) 100vw, 267px\" \/><\/p>\n<hr \/>\n<h1 style=\"text-align: center;\"><span style=\"color: #0000ff;\">RUE AUX ENFANTS RUE POUR TOUS<\/span><\/h1>\n<p><span style=\"color: #0000ff;\"><img loading=\"lazy\" decoding=\"async\" class=\"alignnone wp-image-1476 aligncenter\" src=\"http:\/\/lescopainsdabord.net\/wp-content\/uploads\/2022\/09\/PHOTO-2022-05-09-19-35-22-210x300.jpg\" alt=\"\" width=\"247\" height=\"353\" srcset=\"https:\/\/lescopainsdabord.net\/wp-content\/uploads\/2022\/09\/PHOTO-2022-05-09-19-35-22-210x300.jpg 210w, https:\/\/lescopainsdabord.net\/wp-content\/uploads\/2022\/09\/PHOTO-2022-05-09-19-35-22-715x1024.jpg 715w, https:\/\/lescopainsdabord.net\/wp-content\/uploads\/2022\/09\/PHOTO-2022-05-09-19-35-22-265x380.jpg 265w, https:\/\/lescopainsdabord.net\/wp-content\/uploads\/2022\/09\/PHOTO-2022-05-09-19-35-22-84x120.jpg 84w, https:\/\/lescopainsdabord.net\/wp-content\/uploads\/2022\/09\/PHOTO-2022-05-09-19-35-22.jpg 742w\" sizes=\"auto, (max-width: 247px) 100vw, 247px\" \/><\/span><\/p>\n<hr \/>\n<h1 style=\"text-align: center;\"><span style=\"color: #33cccc;\">MATINALE PETITE ENFANCE<\/span><\/h1>\n<h1 style=\"text-align: center;\"><img loading=\"lazy\" decoding=\"async\" class=\"wp-image-1475 aligncenter\" src=\"http:\/\/lescopainsdabord.net\/wp-content\/uploads\/2022\/09\/PHOTO-2022-05-09-19-35-21-214x300.jpg\" alt=\"\" width=\"251\" height=\"352\" srcset=\"https:\/\/lescopainsdabord.net\/wp-content\/uploads\/2022\/09\/PHOTO-2022-05-09-19-35-21-214x300.jpg 214w, https:\/\/lescopainsdabord.net\/wp-content\/uploads\/2022\/09\/PHOTO-2022-05-09-19-35-21-271x380.jpg 271w, https:\/\/lescopainsdabord.net\/wp-content\/uploads\/2022\/09\/PHOTO-2022-05-09-19-35-21-86x120.jpg 86w, https:\/\/lescopainsdabord.net\/wp-content\/uploads\/2022\/09\/PHOTO-2022-05-09-19-35-21.jpg 718w\" sizes=\"auto, (max-width: 251px) 100vw, 251px\" \/><\/h1>\n<p><span style=\"color: #33cccc;\">N\u2019oubliez pas, ce samedi 14 mai : &#8211; matinale petite enfance \u00e0 l\u2019\u00e9cole baudin et ouverture sp\u00e9ciale du jardin pour accueillir enfants et parents autour de nos plantations<\/span><\/p>\n<hr \/>\n<h1 style=\"text-align: center;\"><span style=\"color: #ff9900;\">DANSE AFRICAINE<\/span><\/h1>\n<p><img loading=\"lazy\" decoding=\"async\" class=\"wp-image-1473 aligncenter\" src=\"http:\/\/lescopainsdabord.net\/wp-content\/uploads\/2022\/09\/DANSE2603-216x300.jpg\" alt=\"\" width=\"268\" height=\"372\" srcset=\"https:\/\/lescopainsdabord.net\/wp-content\/uploads\/2022\/09\/DANSE2603-216x300.jpg 216w, https:\/\/lescopainsdabord.net\/wp-content\/uploads\/2022\/09\/DANSE2603-736x1024.jpg 736w, https:\/\/lescopainsdabord.net\/wp-content\/uploads\/2022\/09\/DANSE2603-768x1069.jpg 768w, https:\/\/lescopainsdabord.net\/wp-content\/uploads\/2022\/09\/DANSE2603-1103x1536.jpg 1103w, https:\/\/lescopainsdabord.net\/wp-content\/uploads\/2022\/09\/DANSE2603-273x380.jpg 273w, https:\/\/lescopainsdabord.net\/wp-content\/uploads\/2022\/09\/DANSE2603-86x120.jpg 86w, https:\/\/lescopainsdabord.net\/wp-content\/uploads\/2022\/09\/DANSE2603.jpg 1186w\" sizes=\"auto, (max-width: 268px) 100vw, 268px\" \/><\/p>\n<p style=\"text-align: center;\"><span style=\"color: #ffcc00;\">Les Copains d\u2019Abord !organiseront un stage de danse africaine<img loading=\"lazy\" decoding=\"async\" class=\"an1\" src=\"https:\/\/fonts.gstatic.com\/s\/e\/notoemoji\/13.1.1\/1fa98\/72.png\" alt=\"\ud83e\ude98\" width=\"32\" height=\"32\" data-emoji=\"\ud83e\ude98\" aria-label=\"\ud83e\ude98\" \/>\u00a0 26 mars et 16 avril 2022 anim\u00e9 par le g\u00e9nialissime Karamoko!<\/span><br \/>\n<span style=\"color: #ffcc00;\">Pensez \u00e0 r\u00e9server rapidement via\u00a0<a style=\"color: #ffcc00;\" href=\"mailto:contact.lescopainsdabord@gmail.com\" target=\"_blank\" rel=\"noopener\">contact.lescopainsdabord@gmail<wbr \/>.com<\/a>\u00a0car le nombre de places est limit\u00e9.<\/span><\/p>\n<p style=\"text-align: center;\"><span style=\"color: #ffcc00;\">Belle journ\u00e9e \u00e0 tous et toutes!\u00a0<img loading=\"lazy\" decoding=\"async\" class=\"an1\" src=\"https:\/\/fonts.gstatic.com\/s\/e\/notoemoji\/13.1.1\/1f31e\/72.png\" alt=\"\ud83c\udf1e\" width=\"28\" height=\"28\" data-emoji=\"\ud83c\udf1e\" aria-label=\"\ud83c\udf1e\" \/><img loading=\"lazy\" decoding=\"async\" class=\"an1 alignnone\" src=\"https:\/\/fonts.gstatic.com\/s\/e\/notoemoji\/13.1.1\/1f33b\/72.png\" alt=\"\ud83c\udf3b\" width=\"29\" height=\"29\" data-emoji=\"\ud83c\udf3b\" aria-label=\"\ud83c\udf3b\" \/><\/span><\/p>\n<hr \/>\n<h1 style=\"text-align: center;\"><span style=\"color: #99cc00;\">TROC DE GRAINES<\/span><\/h1>\n<p><img loading=\"lazy\" decoding=\"async\" class=\"wp-image-1472 aligncenter\" src=\"http:\/\/lescopainsdabord.net\/wp-content\/uploads\/2022\/09\/trocdegraine-217x300.jpg\" alt=\"\" width=\"312\" height=\"431\" srcset=\"https:\/\/lescopainsdabord.net\/wp-content\/uploads\/2022\/09\/trocdegraine-217x300.jpg 217w, https:\/\/lescopainsdabord.net\/wp-content\/uploads\/2022\/09\/trocdegraine-275x380.jpg 275w, https:\/\/lescopainsdabord.net\/wp-content\/uploads\/2022\/09\/trocdegraine-87x120.jpg 87w, https:\/\/lescopainsdabord.net\/wp-content\/uploads\/2022\/09\/trocdegraine.jpg 723w\" sizes=\"auto, (max-width: 312px) 100vw, 312px\" \/><\/p>\n<p><span style=\"color: #99cc00;\">Troc aux graines semis et boutures ce dimanche 20 mars de 11h \u00e0 13h au jardin des copains (rue henri martin au pr\u00e9 St gervais)! Venez nombreux les bras charg\u00e9s, ou les mains vides qu&rsquo;importe !\u00a0<\/span><\/p>\n<hr \/>\n<h1 style=\"text-align: center;\"><span style=\"color: #33cccc;\">RUE AUX ENFANT, RUE POUR TOUS<\/span><\/h1>\n<p><img loading=\"lazy\" decoding=\"async\" class=\"wp-image-1471 aligncenter\" src=\"http:\/\/lescopainsdabord.net\/wp-content\/uploads\/2022\/09\/rue-aux-enfants-211x300.jpg\" alt=\"\" width=\"311\" height=\"442\" srcset=\"https:\/\/lescopainsdabord.net\/wp-content\/uploads\/2022\/09\/rue-aux-enfants-211x300.jpg 211w, https:\/\/lescopainsdabord.net\/wp-content\/uploads\/2022\/09\/rue-aux-enfants-721x1024.jpg 721w, https:\/\/lescopainsdabord.net\/wp-content\/uploads\/2022\/09\/rue-aux-enfants-768x1091.jpg 768w, https:\/\/lescopainsdabord.net\/wp-content\/uploads\/2022\/09\/rue-aux-enfants-268x380.jpg 268w, https:\/\/lescopainsdabord.net\/wp-content\/uploads\/2022\/09\/rue-aux-enfants-85x120.jpg 85w, https:\/\/lescopainsdabord.net\/wp-content\/uploads\/2022\/09\/rue-aux-enfants.jpg 812w\" sizes=\"auto, (max-width: 311px) 100vw, 311px\" \/><\/p>\n<p><span style=\"color: #33cccc;\">on participe ce samedi 5 f\u00e9vrier \u00e0 la nouvelle \u00e9dition de la Rue aux enfants avec la pr\u00e9sence du P\u2019tit Kawa et notre v\u00e9lo triporteur !!!<\/span><br \/>\n<span style=\"color: #33cccc;\">Si certains sont disponibles pour donner un coup de mains, \u00e7a serait super !!<\/span><\/p>\n<p><span style=\"color: #33cccc;\"><img decoding=\"async\" class=\"an1\" src=\"https:\/\/fonts.gstatic.com\/s\/e\/notoemoji\/14.0\/1f929\/32.png\" alt=\"\ud83e\udd29\" data-emoji=\"\ud83e\udd29\" aria-label=\"\ud83e\udd29\" \/>\u00a0Au programme de cet apr\u00e8s-midi :<\/span><br \/>\n<span style=\"color: #33cccc;\"><img decoding=\"async\" class=\"an1\" src=\"https:\/\/fonts.gstatic.com\/s\/e\/notoemoji\/14.0\/1f449\/32.png\" alt=\"\ud83d\udc49\" data-emoji=\"\ud83d\udc49\" aria-label=\"\ud83d\udc49\" \/>\u00a0Collecte d&rsquo;objets<\/span><br \/>\n<span style=\"color: #33cccc;\"><img decoding=\"async\" class=\"an1\" src=\"https:\/\/fonts.gstatic.com\/s\/e\/notoemoji\/14.0\/1f449\/32.png\" alt=\"\ud83d\udc49\" data-emoji=\"\ud83d\udc49\" aria-label=\"\ud83d\udc49\" \/>\u00a0Jeux<\/span><br \/>\n<span style=\"color: #33cccc;\"><img decoding=\"async\" class=\"an1\" src=\"https:\/\/fonts.gstatic.com\/s\/e\/notoemoji\/14.0\/1f449\/32.png\" alt=\"\ud83d\udc49\" data-emoji=\"\ud83d\udc49\" aria-label=\"\ud83d\udc49\" \/>\u00a0Danse<\/span><br \/>\n<span style=\"color: #33cccc;\"><img decoding=\"async\" class=\"an1\" src=\"https:\/\/fonts.gstatic.com\/s\/e\/notoemoji\/14.0\/1f449\/32.png\" alt=\"\ud83d\udc49\" data-emoji=\"\ud83d\udc49\" aria-label=\"\ud83d\udc49\" \/>\u00a0Lancement des travaux du Restaurant solidaire<\/span><br \/>\n<span style=\"color: #33cccc;\"><img decoding=\"async\" class=\"an1\" src=\"https:\/\/fonts.gstatic.com\/s\/e\/notoemoji\/14.0\/1f449\/32.png\" alt=\"\ud83d\udc49\" data-emoji=\"\ud83d\udc49\" aria-label=\"\ud83d\udc49\" \/>\u00a0Activit\u00e9s cr\u00e9atives<\/span><br \/>\n<span style=\"color: #33cccc;\"><img decoding=\"async\" class=\"an1\" src=\"https:\/\/fonts.gstatic.com\/s\/e\/notoemoji\/14.0\/1f4c5\/32.png\" alt=\"\ud83d\udcc5\" data-emoji=\"\ud83d\udcc5\" aria-label=\"\ud83d\udcc5\" \/>\u00a0Samedi 5 f\u00e9vrier \/\/ 14h&gt;18h30<\/span><br \/>\n<span style=\"color: #33cccc;\"><img decoding=\"async\" class=\"an1\" src=\"https:\/\/fonts.gstatic.com\/s\/e\/notoemoji\/14.0\/1f4cd\/32.png\" alt=\"\ud83d\udccd\" data-emoji=\"\ud83d\udccd\" aria-label=\"\ud83d\udccd\" \/>\u00a0Rue de Stalingrad<\/span><br \/>\n<span style=\"color: #33cccc;\"><img decoding=\"async\" class=\"an1\" src=\"https:\/\/fonts.gstatic.com\/s\/e\/notoemoji\/14.0\/27a1_fe0f\/32.png\" alt=\"\u27a1\ufe0f\" data-emoji=\"\u27a1\ufe0f\" aria-label=\"\u27a1\ufe0f\" \/>\u00a0+ d&rsquo;infos :\u00a0<\/span><a href=\"https:\/\/www.villedupre.fr\/en-ce-moment\/agenda\/rue-aux-enfants-rue-pour-tous-fevrier-2022\/\" target=\"_blank\" rel=\"noopener noreferrer\" data-saferedirecturl=\"https:\/\/www.google.com\/url?q=https:\/\/www.villedupre.fr\/en-ce-moment\/agenda\/rue-aux-enfants-rue-pour-tous-fevrier-2022\/&amp;source=gmail&amp;ust=1662145823297000&amp;usg=AOvVaw0DtVpYZl0jAKv0nHpu5mW1\"><span style=\"color: #33cccc;\">https:\/\/www.villedupre.fr\/en-c<wbr \/>e-moment\/agenda\/rue-aux-enfant<wbr \/>s-rue-pour-<\/span>tous-fevrier-2022\/<\/a><\/p>\n<hr \/>\n<h1 style=\"text-align: center;\"><span style=\"color: #ff6600;\">stage de danse africaine<\/span><\/h1>\n<p><img loading=\"lazy\" decoding=\"async\" class=\"wp-image-1450 aligncenter\" src=\"http:\/\/lescopainsdabord.net\/wp-content\/uploads\/2021\/11\/StageDanseAfricaine11-2021-1-216x300.jpg\" alt=\"\" width=\"291\" height=\"404\" srcset=\"https:\/\/lescopainsdabord.net\/wp-content\/uploads\/2021\/11\/StageDanseAfricaine11-2021-1-216x300.jpg 216w, https:\/\/lescopainsdabord.net\/wp-content\/uploads\/2021\/11\/StageDanseAfricaine11-2021-1-736x1024.jpg 736w, https:\/\/lescopainsdabord.net\/wp-content\/uploads\/2021\/11\/StageDanseAfricaine11-2021-1-768x1069.jpg 768w, https:\/\/lescopainsdabord.net\/wp-content\/uploads\/2021\/11\/StageDanseAfricaine11-2021-1-1103x1536.jpg 1103w, https:\/\/lescopainsdabord.net\/wp-content\/uploads\/2021\/11\/StageDanseAfricaine11-2021-1-273x380.jpg 273w, https:\/\/lescopainsdabord.net\/wp-content\/uploads\/2021\/11\/StageDanseAfricaine11-2021-1-86x120.jpg 86w, https:\/\/lescopainsdabord.net\/wp-content\/uploads\/2021\/11\/StageDanseAfricaine11-2021-1.jpg 1186w\" sizes=\"auto, (max-width: 291px) 100vw, 291px\" \/><\/p>\n<hr \/>\n<h1 style=\"text-align: center;\" tabindex=\"-1\" data-thread-perm-id=\"thread-f:1612596259196993876|msg-f:1612596259196993876\" data-legacy-thread-id=\"166117c0fb8f8154\"><span style=\"color: #ff00ff;\">Op\u00e9ration 1 pile = 1 don pour le t\u00e9l\u00e9thon<\/span><\/h1>\n<p><img loading=\"lazy\" decoding=\"async\" class=\"alignnone size-medium wp-image-1452\" src=\"http:\/\/lescopainsdabord.net\/wp-content\/uploads\/2021\/11\/telechargement-1-300x54.png\" alt=\"\" width=\"300\" height=\"54\" srcset=\"https:\/\/lescopainsdabord.net\/wp-content\/uploads\/2021\/11\/telechargement-1-300x54.png 300w, https:\/\/lescopainsdabord.net\/wp-content\/uploads\/2021\/11\/telechargement-1-160x29.png 160w, https:\/\/lescopainsdabord.net\/wp-content\/uploads\/2021\/11\/telechargement-1.png 532w\" sizes=\"auto, (max-width: 300px) 100vw, 300px\" \/>\u00a0 \u00a0 \u00a0 \u00a0 \u00a0 \u00a0 \u00a0 \u00a0 <img loading=\"lazy\" decoding=\"async\" class=\"alignnone wp-image-1453\" src=\"http:\/\/lescopainsdabord.net\/wp-content\/uploads\/2021\/11\/telechargement-300x127.png\" alt=\"\" width=\"132\" height=\"56\" srcset=\"https:\/\/lescopainsdabord.net\/wp-content\/uploads\/2021\/11\/telechargement-300x127.png 300w, https:\/\/lescopainsdabord.net\/wp-content\/uploads\/2021\/11\/telechargement-160x68.png 160w, https:\/\/lescopainsdabord.net\/wp-content\/uploads\/2021\/11\/telechargement.png 344w\" sizes=\"auto, (max-width: 132px) 100vw, 132px\" \/><\/p>\n<p style=\"text-align: center;\"><span style=\"color: #ff00ff;\">En partenariat avec la Ville, les b\u00e9n\u00e9voles du T\u00e9l\u00e9thon 93 et l\u2019association Les Copains d\u2019Abord !\u00a0<strong>l\u2019op\u00e9ration une Pile=Un Don<\/strong> est renouvel\u00e9e cette ann\u00e9e encore.\u00a0Vous pouvez ramener vos piles et batteries usag\u00e9es dans les collecteurs pr\u00e9sents dans les \u00e9coles et\u00a0diff\u00e9rents lieux de la ville.<\/span><br \/>\n<span style=\"color: #ff00ff;\">La collecte durera <strong>jusqu\u2019au 17 d\u00e9cembre 2021<\/strong> et toutes vos piles seront<\/span><br \/>\n<span style=\"color: #ff00ff;\">transform\u00e9es en dons pour le T\u00e9l\u00e9thon.<\/span><\/p>\n<hr \/>\n<h1 style=\"text-align: center;\"><span style=\"color: #99cc00;\">f\u00eate des friches<\/span><\/h1>\n<p><img loading=\"lazy\" decoding=\"async\" class=\"wp-image-1433 aligncenter\" src=\"http:\/\/lescopainsdabord.net\/wp-content\/uploads\/2021\/11\/image0-11-300x175.jpeg\" alt=\"\" width=\"391\" height=\"228\" srcset=\"https:\/\/lescopainsdabord.net\/wp-content\/uploads\/2021\/11\/image0-11-300x175.jpeg 300w, https:\/\/lescopainsdabord.net\/wp-content\/uploads\/2021\/11\/image0-11-768x448.jpeg 768w, https:\/\/lescopainsdabord.net\/wp-content\/uploads\/2021\/11\/image0-11-651x380.jpeg 651w, https:\/\/lescopainsdabord.net\/wp-content\/uploads\/2021\/11\/image0-11-160x93.jpeg 160w, https:\/\/lescopainsdabord.net\/wp-content\/uploads\/2021\/11\/image0-11.jpeg 960w\" sizes=\"auto, (max-width: 391px) 100vw, 391px\" \/><\/p>\n<p style=\"text-align: center;\"><span style=\"color: #99cc00;\"><img loading=\"lazy\" decoding=\"async\" class=\"an1\" src=\"https:\/\/fonts.gstatic.com\/s\/e\/notoemoji\/13.1.1\/1f5e3\/72.png\" alt=\"\ud83d\udde3\" width=\"25\" height=\"25\" data-emoji=\"\ud83d\udde3\" aria-label=\"\ud83d\udde3\" \/>Les friches de la ville de Le Pr\u00e9 Saint-Gervais f\u00eatent leurs 5 ans ce week-end! Et oui d\u00e9j\u00e0!<img loading=\"lazy\" decoding=\"async\" class=\"an1\" src=\"https:\/\/fonts.gstatic.com\/s\/e\/notoemoji\/13.1.1\/1f382\/72.png\" alt=\"\ud83c\udf82\" width=\"25\" height=\"25\" data-emoji=\"\ud83c\udf82\" aria-label=\"\ud83c\udf82\" \/><\/span><\/p>\n<p><span style=\"color: #99cc00;\"><img loading=\"lazy\" decoding=\"async\" class=\"an1\" src=\"https:\/\/fonts.gstatic.com\/s\/e\/notoemoji\/13.1.1\/1f64c_1f3fc\/72.png\" alt=\"\ud83d\ude4c\ud83c\udffc\" width=\"25\" height=\"25\" data-emoji=\"\ud83d\ude4c\ud83c\udffc\" aria-label=\"\ud83d\ude4c\ud83c\udffc\" \/>Alors pour pr\u00e9parer l\u2019arriv\u00e9e de l\u2019automne tout en profitant d\u2019un beau moment de convivialit\u00e9, les membres de l\u2019association ont pr\u00e9par\u00e9 un programme aux petits oignons d\u00e8s 11h\u2026<\/span><\/p>\n<p><span style=\"color: #99cc00;\">-Pr\u00e9paration automnale : jardinage, bricolage et mise en peinture\u00a0<img loading=\"lazy\" decoding=\"async\" class=\"an1\" src=\"https:\/\/fonts.gstatic.com\/s\/e\/notoemoji\/13.1.1\/1f468_1f3fb_200d_1f33e\/72.png\" alt=\"\ud83d\udc68\ud83c\udffb\u200d\ud83c\udf3e\" width=\"25\" height=\"25\" data-emoji=\"\ud83d\udc68\ud83c\udffb\u200d\ud83c\udf3e\" aria-label=\"\ud83d\udc68\ud83c\udffb\u200d\ud83c\udf3e\" \/><img loading=\"lazy\" decoding=\"async\" class=\"an1\" src=\"https:\/\/fonts.gstatic.com\/s\/e\/notoemoji\/13.1.1\/1f341\/72.png\" alt=\"\ud83c\udf41\" width=\"25\" height=\"25\" data-emoji=\"\ud83c\udf41\" aria-label=\"\ud83c\udf41\" \/><img loading=\"lazy\" decoding=\"async\" class=\"an1\" src=\"https:\/\/fonts.gstatic.com\/s\/e\/notoemoji\/13.1.1\/1f343\/72.png\" alt=\"\ud83c\udf43\" width=\"25\" height=\"25\" data-emoji=\"\ud83c\udf43\" aria-label=\"\ud83c\udf43\" \/><img loading=\"lazy\" decoding=\"async\" class=\"an1\" src=\"https:\/\/fonts.gstatic.com\/s\/e\/notoemoji\/13.1.1\/1f383\/72.png\" alt=\"\ud83c\udf83\" width=\"25\" height=\"25\" data-emoji=\"\ud83c\udf83\" aria-label=\"\ud83c\udf83\" \/><\/span><br \/>\n<span style=\"color: #99cc00;\">-Barbecue participatif : apportez de quoi partager un moment de convivialit\u00e9 culinaire autour du brasero des copains<img loading=\"lazy\" decoding=\"async\" class=\"an1\" src=\"https:\/\/fonts.gstatic.com\/s\/e\/notoemoji\/13.1.1\/1f357\/72.png\" alt=\"\ud83c\udf57\" width=\"25\" height=\"25\" data-emoji=\"\ud83c\udf57\" aria-label=\"\ud83c\udf57\" \/><img loading=\"lazy\" decoding=\"async\" class=\"an1\" src=\"https:\/\/fonts.gstatic.com\/s\/e\/notoemoji\/13.1.1\/1f942\/72.png\" alt=\"\ud83e\udd42\" width=\"25\" height=\"25\" data-emoji=\"\ud83e\udd42\" aria-label=\"\ud83e\udd42\" \/><img loading=\"lazy\" decoding=\"async\" class=\"an1\" src=\"https:\/\/fonts.gstatic.com\/s\/e\/notoemoji\/13.1.1\/1f967\/72.png\" alt=\"\ud83e\udd67\" width=\"25\" height=\"25\" data-emoji=\"\ud83e\udd67\" aria-label=\"\ud83e\udd67\" \/><img loading=\"lazy\" decoding=\"async\" class=\"an1\" src=\"https:\/\/fonts.gstatic.com\/s\/e\/notoemoji\/13.1.1\/1f525\/72.png\" alt=\"\ud83d\udd25\" width=\"26\" height=\"26\" data-emoji=\"\ud83d\udd25\" aria-label=\"\ud83d\udd25\" \/><img loading=\"lazy\" decoding=\"async\" class=\"an1\" src=\"https:\/\/fonts.gstatic.com\/s\/e\/notoemoji\/13.1.1\/1f330\/72.png\" alt=\"\ud83c\udf30\" width=\"25\" height=\"25\" data-emoji=\"\ud83c\udf30\" aria-label=\"\ud83c\udf30\" \/><\/span><br \/>\n<span style=\"color: #99cc00;\">-Boulapiaf : pr\u00e9paration d\u2019une boule \u00e0 graine pour nourrir les oiseaux\u00a0<img loading=\"lazy\" decoding=\"async\" class=\"an1\" src=\"https:\/\/fonts.gstatic.com\/s\/e\/notoemoji\/13.1.1\/1fab6\/72.png\" alt=\"\ud83e\udeb6\" width=\"25\" height=\"25\" data-emoji=\"\ud83e\udeb6\" aria-label=\"\ud83e\udeb6\" \/><img loading=\"lazy\" decoding=\"async\" class=\"an1\" src=\"https:\/\/fonts.gstatic.com\/s\/e\/notoemoji\/13.1.1\/1f426\/72.png\" alt=\"\ud83d\udc26\" width=\"25\" height=\"25\" data-emoji=\"\ud83d\udc26\" aria-label=\"\ud83d\udc26\" \/><img loading=\"lazy\" decoding=\"async\" class=\"an1\" src=\"https:\/\/fonts.gstatic.com\/s\/e\/notoemoji\/13.1.1\/1f423\/72.png\" alt=\"\ud83d\udc23\" width=\"25\" height=\"25\" data-emoji=\"\ud83d\udc23\" aria-label=\"\ud83d\udc23\" \/><\/span><br \/>\n<span style=\"color: #99cc00;\">Le tout en musique\u00a0<img loading=\"lazy\" decoding=\"async\" class=\"an1\" src=\"https:\/\/fonts.gstatic.com\/s\/e\/notoemoji\/13.1.1\/1f3b6\/72.png\" alt=\"\ud83c\udfb6\" width=\"25\" height=\"25\" data-emoji=\"\ud83c\udfb6\" aria-label=\"\ud83c\udfb6\" \/>\u00a0avec un invit\u00e9 sp\u00e9cial\u00a0<img loading=\"lazy\" decoding=\"async\" class=\"an1\" src=\"https:\/\/fonts.gstatic.com\/s\/e\/notoemoji\/13.1.1\/1fa98\/72.png\" alt=\"\ud83e\ude98\" width=\"25\" height=\"25\" data-emoji=\"\ud83e\ude98\" aria-label=\"\ud83e\ude98\" \/><\/span><\/p>\n<p><span style=\"color: #99cc00;\"><img loading=\"lazy\" decoding=\"async\" class=\"an1\" src=\"https:\/\/fonts.gstatic.com\/s\/e\/notoemoji\/13.1.1\/1f98b\/72.png\" alt=\"\ud83e\udd8b\" width=\"25\" height=\"25\" data-emoji=\"\ud83e\udd8b\" aria-label=\"\ud83e\udd8b\" \/><img loading=\"lazy\" decoding=\"async\" class=\"an1\" src=\"https:\/\/fonts.gstatic.com\/s\/e\/notoemoji\/13.1.1\/1f440\/72.png\" alt=\"\ud83d\udc40\" width=\"26\" height=\"26\" data-emoji=\"\ud83d\udc40\" aria-label=\"\ud83d\udc40\" \/>\u00a0Et n\u2019h\u00e9sitez pas \u00e0 vous balader sur les diff\u00e9rentes friches pour d\u2019autres activit\u00e9s : @lejardindesmeditations @jardindejules Le Jardin des sentes Le Jardin Divers @lepoucevert<\/span><\/p>\n<p><span style=\"color: #99cc00;\">Belle journ\u00e9e\u00a0<img loading=\"lazy\" decoding=\"async\" class=\"an1\" src=\"https:\/\/fonts.gstatic.com\/s\/e\/notoemoji\/13.1.1\/2600_fe0f\/72.png\" alt=\"\u2600\ufe0f\" width=\"25\" height=\"25\" data-emoji=\"\u2600\ufe0f\" aria-label=\"\u2600\ufe0f\" \/><\/span><\/p>\n<p><span style=\"color: #99cc00;\">Pour plus d\u2019info :\u00a0<a style=\"color: #99cc00;\" href=\"mailto:contact.lescopainsdabord@gmail.com\" target=\"_blank\" rel=\"noopener\">contact.lescopainsdabord@gmail<wbr \/>.com<\/a><\/span><\/p>\n<hr \/>\n<h1 style=\"text-align: center;\"><span style=\"color: #ff00ff;\">RUE AUX ENFANT, RUE POUR TOUS<\/span><\/h1>\n<p><img loading=\"lazy\" decoding=\"async\" class=\"wp-image-1451 aligncenter\" src=\"http:\/\/lescopainsdabord.net\/wp-content\/uploads\/2021\/11\/image0-10-1-214x300.jpeg\" alt=\"\" width=\"261\" height=\"366\" srcset=\"https:\/\/lescopainsdabord.net\/wp-content\/uploads\/2021\/11\/image0-10-1-214x300.jpeg 214w, https:\/\/lescopainsdabord.net\/wp-content\/uploads\/2021\/11\/image0-10-1-271x380.jpeg 271w, https:\/\/lescopainsdabord.net\/wp-content\/uploads\/2021\/11\/image0-10-1-86x120.jpeg 86w, https:\/\/lescopainsdabord.net\/wp-content\/uploads\/2021\/11\/image0-10-1.jpeg 534w\" sizes=\"auto, (max-width: 261px) 100vw, 261px\" \/><\/p>\n<p style=\"text-align: center;\"><span style=\"color: #ff00ff;\">Le #PtitKawa\u00a0 <img loading=\"lazy\" decoding=\"async\" class=\"an1\" src=\"https:\/\/fonts.gstatic.com\/s\/e\/notoemoji\/13.1.1\/1f6b2\/72.png\" alt=\"\ud83d\udeb2\" width=\"25\" height=\"25\" data-emoji=\"\ud83d\udeb2\" aria-label=\"\ud83d\udeb2\" \/><img loading=\"lazy\" decoding=\"async\" class=\"an1\" src=\"https:\/\/fonts.gstatic.com\/s\/e\/notoemoji\/13.1.1\/2615_fe0f\/72.png\" alt=\"\u2615\ufe0f\" width=\"25\" height=\"25\" data-emoji=\"\u2615\ufe0f\" aria-label=\"\u2615\ufe0f\" \/> \u00a0avec le bon Caf\u00e9 366 sera de la partie ce samedi pour la premi\u00e8re #rueauxenfants de Le Pr\u00e9 Saint-Gervais au c\u00f4t\u00e9 du Jeux-Pr\u00e9-Partez Conseil citoyen du Pr\u00e9 Saint-GervaisLa Grande BricoleEst Ensemble<\/span><br \/>\n<span style=\"color: #ff00ff;\">\u00c0 samedi et sous le soleil\u00a0 <img loading=\"lazy\" decoding=\"async\" class=\"an1\" src=\"https:\/\/fonts.gstatic.com\/s\/e\/notoemoji\/13.1.1\/2600_fe0f\/72.png\" alt=\"\u2600\ufe0f\" width=\"25\" height=\"25\" data-emoji=\"\u2600\ufe0f\" aria-label=\"\u2600\ufe0f\" \/>\u00a0!<\/span><\/p>\n<hr \/>\n<h1 style=\"text-align: center;\"><span style=\"color: #3366ff;\">BRADERIE PETITE ENFANCE<\/span><\/h1>\n<p><img loading=\"lazy\" decoding=\"async\" class=\"wp-image-1435 aligncenter\" src=\"http:\/\/lescopainsdabord.net\/wp-content\/uploads\/2021\/11\/image0-9-300x110.jpeg\" alt=\"\" width=\"352\" height=\"129\" srcset=\"https:\/\/lescopainsdabord.net\/wp-content\/uploads\/2021\/11\/image0-9-300x110.jpeg 300w, https:\/\/lescopainsdabord.net\/wp-content\/uploads\/2021\/11\/image0-9-160x59.jpeg 160w, https:\/\/lescopainsdabord.net\/wp-content\/uploads\/2021\/11\/image0-9.jpeg 370w\" sizes=\"auto, (max-width: 352px) 100vw, 352px\" \/><\/p>\n<p style=\"text-align: center;\"><span style=\"color: #3366ff;\"><img loading=\"lazy\" decoding=\"async\" class=\"an1\" src=\"https:\/\/fonts.gstatic.com\/s\/e\/notoemoji\/13.1.1\/1f51c\/72.png\" alt=\"\ud83d\udd1c\" width=\"25\" height=\"25\" data-emoji=\"\ud83d\udd1c\" aria-label=\"\ud83d\udd1c\" \/>Ce samedi, nous vous donnons rdv \u00e0 la braderie petite enfance de 9h \u00e0 13h!<img loading=\"lazy\" decoding=\"async\" class=\"an1\" src=\"https:\/\/fonts.gstatic.com\/s\/e\/notoemoji\/13.1.1\/2615_fe0f\/72.png\" alt=\"\u2615\ufe0f\" width=\"25\" height=\"25\" data-emoji=\"\u2615\ufe0f\" aria-label=\"\u2615\ufe0f\" \/><img loading=\"lazy\" decoding=\"async\" class=\"an1\" src=\"https:\/\/fonts.gstatic.com\/s\/e\/notoemoji\/13.1.1\/1fad6\/72.png\" alt=\"\ud83e\uded6\" width=\"25\" height=\"25\" data-emoji=\"\ud83e\uded6\" aria-label=\"\ud83e\uded6\" \/><img loading=\"lazy\" decoding=\"async\" class=\"an1\" src=\"https:\/\/fonts.gstatic.com\/s\/e\/notoemoji\/13.1.1\/1f9c1\/72.png\" alt=\"\ud83e\uddc1\" width=\"25\" height=\"25\" data-emoji=\"\ud83e\uddc1\" aria-label=\"\ud83e\uddc1\" \/><\/span><\/p>\n<p><span style=\"color: #3366ff;\">\u00a0<a style=\"color: #3366ff;\" href=\"https:\/\/www.villedupre.fr\/en-ce-moment\/agenda\/braderie-petite-enfance-octobre-2021\/\" target=\"_blank\" rel=\"noopener noreferrer\" data-saferedirecturl=\"https:\/\/www.google.com\/url?q=https:\/\/www.villedupre.fr\/en-ce-moment\/agenda\/braderie-petite-enfance-octobre-2021\/&amp;source=gmail&amp;ust=1637068156274000&amp;usg=AOvVaw15azwuKVJZCYjZkHtZ7Fxs\">https:\/\/www.villedupre.fr\/en-<wbr \/>ce-moment\/agenda\/braderie-peti<wbr \/>te-enfance-octobre-2021\/<\/a><\/span><\/p>\n<hr \/>\n<h1 style=\"text-align: center;\"><span style=\"color: #993300;\">f\u00eate des voisins\u00a0<\/span><\/h1>\n<p><img loading=\"lazy\" decoding=\"async\" class=\"wp-image-1436 aligncenter\" src=\"http:\/\/lescopainsdabord.net\/wp-content\/uploads\/2021\/11\/image0-8-300x157.jpeg\" alt=\"\" width=\"373\" height=\"195\" srcset=\"https:\/\/lescopainsdabord.net\/wp-content\/uploads\/2021\/11\/image0-8-300x157.jpeg 300w, https:\/\/lescopainsdabord.net\/wp-content\/uploads\/2021\/11\/image0-8-768x402.jpeg 768w, https:\/\/lescopainsdabord.net\/wp-content\/uploads\/2021\/11\/image0-8-727x380.jpeg 727w, https:\/\/lescopainsdabord.net\/wp-content\/uploads\/2021\/11\/image0-8-160x84.jpeg 160w, https:\/\/lescopainsdabord.net\/wp-content\/uploads\/2021\/11\/image0-8.jpeg 960w\" sizes=\"auto, (max-width: 373px) 100vw, 373px\" \/><\/p>\n<p style=\"text-align: center;\"><span style=\"color: #993300;\">Et si on profitait un peu encore du soleil entre voisins ? <img loading=\"lazy\" decoding=\"async\" class=\"an1\" src=\"https:\/\/fonts.gstatic.com\/s\/e\/notoemoji\/13.1.1\/1f469_1f3fb_200d_1f91d_200d_1f469_1f3fc\/72.png\" alt=\"\ud83d\udc69\ud83c\udffb\u200d\ud83e\udd1d\u200d\ud83d\udc69\ud83c\udffc\" width=\"26\" height=\"26\" data-emoji=\"\ud83d\udc69\ud83c\udffb\u200d\ud83e\udd1d\u200d\ud83d\udc69\ud83c\udffc\" aria-label=\"\ud83d\udc69\ud83c\udffb\u200d\ud83e\udd1d\u200d\ud83d\udc69\ud83c\udffc\" \/><img loading=\"lazy\" decoding=\"async\" class=\"an1\" src=\"https:\/\/fonts.gstatic.com\/s\/e\/notoemoji\/13.1.1\/1f469_1f3fd_200d_1f91d_200d_1f468_1f3fb\/72.png\" alt=\"\ud83d\udc69\ud83c\udffd\u200d\ud83e\udd1d\u200d\ud83d\udc68\ud83c\udffb\" width=\"26\" height=\"26\" data-emoji=\"\ud83d\udc69\ud83c\udffd\u200d\ud83e\udd1d\u200d\ud83d\udc68\ud83c\udffb\" aria-label=\"\ud83d\udc69\ud83c\udffd\u200d\ud83e\udd1d\u200d\ud83d\udc68\ud83c\udffb\" \/><\/span><br \/>\n<span style=\"color: #993300;\">Comme toutes les occasions sont bonnes pour partager un moment de convivialit\u00e9, le #jardindesCopains vous attend demain d\u00e8s 18h pour la f\u00eate des voisins! <img loading=\"lazy\" decoding=\"async\" class=\"an1\" src=\"https:\/\/fonts.gstatic.com\/s\/e\/notoemoji\/13.1.1\/1f942\/72.png\" alt=\"\ud83e\udd42\" width=\"26\" height=\"26\" data-emoji=\"\ud83e\udd42\" aria-label=\"\ud83e\udd42\" \/><\/span><\/p>\n<p><span style=\"color: #993300;\">Buffet participatif alors apportez boissons et victuailles en tout genre pour une belle soir\u00e9e, comme \u00ab avant! \u00bb <img loading=\"lazy\" decoding=\"async\" class=\"an1\" src=\"https:\/\/fonts.gstatic.com\/s\/e\/notoemoji\/13.1.1\/1f917\/72.png\" alt=\"\ud83e\udd17\" width=\"25\" height=\"25\" data-emoji=\"\ud83e\udd17\" aria-label=\"\ud83e\udd17\" \/><\/span><\/p>\n<p><span style=\"color: #993300;\">Belle soir\u00e9e et \u00e0 demain !\u00a0 <img loading=\"lazy\" decoding=\"async\" class=\"an1\" src=\"https:\/\/fonts.gstatic.com\/s\/e\/notoemoji\/13.1.1\/2600\/72.png\" alt=\"\u2600\" width=\"25\" height=\"25\" data-emoji=\"\u2600\" aria-label=\"\u2600\" \/><\/span><\/p>\n<hr \/>\n<h1 style=\"text-align: center;\"><span style=\"color: #99cc00;\">RENTR\u00e9e du jardin des copains<\/span><\/h1>\n<p><img loading=\"lazy\" decoding=\"async\" class=\"alignnone size-medium wp-image-1439 aligncenter\" src=\"http:\/\/lescopainsdabord.net\/wp-content\/uploads\/2021\/11\/image0-7-225x300.jpeg\" alt=\"\" width=\"225\" height=\"300\" srcset=\"https:\/\/lescopainsdabord.net\/wp-content\/uploads\/2021\/11\/image0-7-225x300.jpeg 225w, https:\/\/lescopainsdabord.net\/wp-content\/uploads\/2021\/11\/image0-7-285x380.jpeg 285w, https:\/\/lescopainsdabord.net\/wp-content\/uploads\/2021\/11\/image0-7-90x120.jpeg 90w, https:\/\/lescopainsdabord.net\/wp-content\/uploads\/2021\/11\/image0-7.jpeg 720w\" sizes=\"auto, (max-width: 225px) 100vw, 225px\" \/> <img loading=\"lazy\" decoding=\"async\" class=\"alignnone size-medium wp-image-1438 aligncenter\" src=\"http:\/\/lescopainsdabord.net\/wp-content\/uploads\/2021\/11\/image1-2-300x225.jpeg\" alt=\"\" width=\"300\" height=\"225\" srcset=\"https:\/\/lescopainsdabord.net\/wp-content\/uploads\/2021\/11\/image1-2-300x225.jpeg 300w, https:\/\/lescopainsdabord.net\/wp-content\/uploads\/2021\/11\/image1-2-768x576.jpeg 768w, https:\/\/lescopainsdabord.net\/wp-content\/uploads\/2021\/11\/image1-2-507x380.jpeg 507w, https:\/\/lescopainsdabord.net\/wp-content\/uploads\/2021\/11\/image1-2-160x120.jpeg 160w, https:\/\/lescopainsdabord.net\/wp-content\/uploads\/2021\/11\/image1-2.jpeg 960w\" sizes=\"auto, (max-width: 300px) 100vw, 300px\" \/> <img loading=\"lazy\" decoding=\"async\" class=\"alignnone size-medium wp-image-1437 aligncenter\" src=\"http:\/\/lescopainsdabord.net\/wp-content\/uploads\/2021\/11\/image2-225x300.jpeg\" alt=\"\" width=\"225\" height=\"300\" srcset=\"https:\/\/lescopainsdabord.net\/wp-content\/uploads\/2021\/11\/image2-225x300.jpeg 225w, https:\/\/lescopainsdabord.net\/wp-content\/uploads\/2021\/11\/image2-285x380.jpeg 285w, https:\/\/lescopainsdabord.net\/wp-content\/uploads\/2021\/11\/image2-90x120.jpeg 90w, https:\/\/lescopainsdabord.net\/wp-content\/uploads\/2021\/11\/image2.jpeg 720w\" sizes=\"auto, (max-width: 225px) 100vw, 225px\" \/><\/p>\n<p style=\"text-align: center;\"><span style=\"color: #99cc00;\">Reprise en douceur et en fleurs!<img loading=\"lazy\" decoding=\"async\" class=\"an1\" src=\"https:\/\/fonts.gstatic.com\/s\/e\/notoemoji\/13.1.1\/1f33b\/72.png\" alt=\"\ud83c\udf3b\" width=\"25\" height=\"25\" data-emoji=\"\ud83c\udf3b\" aria-label=\"\ud83c\udf3b\" \/><\/span><\/p>\n<p><span style=\"color: #99cc00;\">Permanences compost, tourn\u00e9e du P\u2019tit Kawa, planning des activit\u00e9s pr\u00e9vues, jardinage et nettoyage des bacs pour les \u00e9coles, mise en beaut\u00e9 et en musique du composteur\u2026 c\u2019\u00e9tait la rentr\u00e9e cette semaine chez les Copains <img loading=\"lazy\" decoding=\"async\" class=\"an1\" src=\"https:\/\/fonts.gstatic.com\/s\/e\/notoemoji\/13.1.1\/1f3b6\/72.png\" alt=\"\ud83c\udfb6\" width=\"25\" height=\"25\" data-emoji=\"\ud83c\udfb6\" aria-label=\"\ud83c\udfb6\" \/><img loading=\"lazy\" decoding=\"async\" class=\"an1\" src=\"https:\/\/fonts.gstatic.com\/s\/e\/notoemoji\/13.1.1\/1f340\/72.png\" alt=\"\ud83c\udf40\" width=\"25\" height=\"25\" data-emoji=\"\ud83c\udf40\" aria-label=\"\ud83c\udf40\" \/><img loading=\"lazy\" decoding=\"async\" class=\"an1\" src=\"https:\/\/fonts.gstatic.com\/s\/e\/notoemoji\/13.1.1\/2615_fe0f\/72.png\" alt=\"\u2615\ufe0f\" width=\"25\" height=\"25\" data-emoji=\"\u2615\ufe0f\" aria-label=\"\u2615\ufe0f\" \/><img loading=\"lazy\" decoding=\"async\" class=\"an1\" src=\"https:\/\/fonts.gstatic.com\/s\/e\/notoemoji\/13.1.1\/1f35a\/72.png\" alt=\"\ud83c\udf5a\" width=\"25\" height=\"25\" data-emoji=\"\ud83c\udf5a\" aria-label=\"\ud83c\udf5a\" \/><\/span><\/p>\n<p><span style=\"color: #99cc00;\">\u00c0 tr\u00e8s vite pour la suite <img loading=\"lazy\" decoding=\"async\" class=\"an1\" src=\"https:\/\/fonts.gstatic.com\/s\/e\/notoemoji\/13.1.1\/2600_fe0f\/72.png\" alt=\"\u2600\ufe0f\" width=\"25\" height=\"25\" data-emoji=\"\u2600\ufe0f\" aria-label=\"\u2600\ufe0f\" \/><\/span><\/p>\n<hr \/>\n<h1 style=\"text-align: center;\"><span style=\"color: #800080;\">forum des association 2021<\/span><\/h1>\n<p><img loading=\"lazy\" decoding=\"async\" class=\"wp-image-1440 aligncenter\" src=\"http:\/\/lescopainsdabord.net\/wp-content\/uploads\/2021\/11\/image0-6-204x300.jpeg\" alt=\"\" width=\"248\" height=\"365\" srcset=\"https:\/\/lescopainsdabord.net\/wp-content\/uploads\/2021\/11\/image0-6-204x300.jpeg 204w, https:\/\/lescopainsdabord.net\/wp-content\/uploads\/2021\/11\/image0-6-259x380.jpeg 259w, https:\/\/lescopainsdabord.net\/wp-content\/uploads\/2021\/11\/image0-6-82x120.jpeg 82w, https:\/\/lescopainsdabord.net\/wp-content\/uploads\/2021\/11\/image0-6.jpeg 654w\" sizes=\"auto, (max-width: 248px) 100vw, 248px\" \/><\/p>\n<p style=\"text-align: center;\"><span style=\"color: #800080;\"><img loading=\"lazy\" decoding=\"async\" class=\"an1\" src=\"https:\/\/fonts.gstatic.com\/s\/e\/notoemoji\/13.1.1\/1f5e3\/72.png\" alt=\"\ud83d\udde3\" width=\"25\" height=\"25\" data-emoji=\"\ud83d\udde3\" aria-label=\"\ud83d\udde3\" \/> Les Copains font leur rentr\u00e9e!!!! <img loading=\"lazy\" decoding=\"async\" class=\"an1\" src=\"https:\/\/fonts.gstatic.com\/s\/e\/notoemoji\/13.1.1\/1f973\/72.png\" alt=\"\ud83e\udd73\" width=\"25\" height=\"25\" data-emoji=\"\ud83e\udd73\" aria-label=\"\ud83e\udd73\" \/><\/span><\/p>\n<p><span style=\"color: #800080;\">On vous attend nombreuses et nombreux au Forum des Associations demain d\u00e8s 10h autour d\u2019un P\u2019tit kawa\u00a0 <img loading=\"lazy\" decoding=\"async\" class=\"an1\" src=\"https:\/\/fonts.gstatic.com\/s\/e\/notoemoji\/13.1.1\/2615_fe0f\/72.png\" alt=\"\u2615\ufe0f\" width=\"26\" height=\"26\" data-emoji=\"\u2615\ufe0f\" aria-label=\"\u2615\ufe0f\" \/>\u00a0 , de bons g\u00e2teaux maisons <img loading=\"lazy\" decoding=\"async\" class=\"an1\" src=\"https:\/\/fonts.gstatic.com\/s\/e\/notoemoji\/13.1.1\/1f967\/72.png\" alt=\"\ud83e\udd67\" width=\"25\" height=\"25\" data-emoji=\"\ud83e\udd67\" aria-label=\"\ud83e\udd67\" \/> \u00a0, la reprise des\u00a0 inscriptions pour la guitare\u00a0<img loading=\"lazy\" decoding=\"async\" class=\"an1\" src=\"https:\/\/fonts.gstatic.com\/s\/e\/notoemoji\/13.1.1\/1f3b8\/72.png\" alt=\"\ud83c\udfb8\" width=\"25\" height=\"25\" data-emoji=\"\ud83c\udfb8\" aria-label=\"\ud83c\udfb8\" \/> , les permanences jardins\u00a0\u00a0<img loading=\"lazy\" decoding=\"async\" class=\"an1\" src=\"https:\/\/fonts.gstatic.com\/s\/e\/notoemoji\/13.1.1\/1f33f\/72.png\" alt=\"\ud83c\udf3f\" width=\"25\" height=\"25\" data-emoji=\"\ud83c\udf3f\" aria-label=\"\ud83c\udf3f\" \/><img loading=\"lazy\" decoding=\"async\" class=\"an1\" src=\"https:\/\/fonts.gstatic.com\/s\/e\/notoemoji\/13.1.1\/1f343\/72.png\" alt=\"\ud83c\udf43\" width=\"25\" height=\"25\" data-emoji=\"\ud83c\udf43\" aria-label=\"\ud83c\udf43\" \/><img loading=\"lazy\" decoding=\"async\" class=\"an1\" src=\"https:\/\/fonts.gstatic.com\/s\/e\/notoemoji\/13.1.1\/1f33c\/72.png\" alt=\"\ud83c\udf3c\" width=\"25\" height=\"25\" data-emoji=\"\ud83c\udf3c\" aria-label=\"\ud83c\udf3c\" \/>\u00a0 les prochaines sorties du triporteur\u00a0<img loading=\"lazy\" decoding=\"async\" class=\"an1\" src=\"https:\/\/fonts.gstatic.com\/s\/e\/notoemoji\/13.1.1\/1f6b2\/72.png\" alt=\"\ud83d\udeb2\" width=\"25\" height=\"25\" data-emoji=\"\ud83d\udeb2\" aria-label=\"\ud83d\udeb2\" \/>\u00a0, les demandes de soutien et formations informatique\u00a0<img loading=\"lazy\" decoding=\"async\" class=\"an1\" src=\"https:\/\/fonts.gstatic.com\/s\/e\/notoemoji\/13.1.1\/1f4f2\/72.png\" alt=\"\ud83d\udcf2\" width=\"25\" height=\"25\" data-emoji=\"\ud83d\udcf2\" aria-label=\"\ud83d\udcf2\" \/><img loading=\"lazy\" decoding=\"async\" class=\"an1\" src=\"https:\/\/fonts.gstatic.com\/s\/e\/notoemoji\/13.1.1\/1f4bb\/72.png\" alt=\"\ud83d\udcbb\" width=\"25\" height=\"25\" data-emoji=\"\ud83d\udcbb\" aria-label=\"\ud83d\udcbb\" \/>\u00a0et bien plus encore\u2026<img loading=\"lazy\" decoding=\"async\" class=\"an1\" src=\"https:\/\/fonts.gstatic.com\/s\/e\/notoemoji\/13.1.1\/1f483_1f3fd\/72.png\" alt=\"\ud83d\udc83\ud83c\udffd\" width=\"25\" height=\"25\" data-emoji=\"\ud83d\udc83\ud83c\udffd\" aria-label=\"\ud83d\udc83\ud83c\udffd\" \/><img loading=\"lazy\" decoding=\"async\" class=\"an1\" src=\"https:\/\/fonts.gstatic.com\/s\/e\/notoemoji\/13.1.1\/1f3b6\/72.png\" alt=\"\ud83c\udfb6\" width=\"25\" height=\"25\" data-emoji=\"\ud83c\udfb6\" aria-label=\"\ud83c\udfb6\" \/><img loading=\"lazy\" decoding=\"async\" class=\"an1\" src=\"https:\/\/fonts.gstatic.com\/s\/e\/notoemoji\/13.1.1\/1f3a5\/72.png\" alt=\"\ud83c\udfa5\" width=\"25\" height=\"25\" data-emoji=\"\ud83c\udfa5\" aria-label=\"\ud83c\udfa5\" \/><img loading=\"lazy\" decoding=\"async\" class=\"an1\" src=\"https:\/\/fonts.gstatic.com\/s\/e\/notoemoji\/13.1.1\/1f3ad\/72.png\" alt=\"\ud83c\udfad\" width=\"24\" height=\"24\" data-emoji=\"\ud83c\udfad\" aria-label=\"\ud83c\udfad\" \/><img loading=\"lazy\" decoding=\"async\" class=\"an1\" src=\"https:\/\/fonts.gstatic.com\/s\/e\/notoemoji\/13.1.1\/1fa70\/72.png\" alt=\"\ud83e\ude70\" width=\"24\" height=\"24\" data-emoji=\"\ud83e\ude70\" aria-label=\"\ud83e\ude70\" \/><img loading=\"lazy\" decoding=\"async\" class=\"an1\" src=\"https:\/\/fonts.gstatic.com\/s\/e\/notoemoji\/13.1.1\/1f9e9\/72.png\" alt=\"\ud83e\udde9\" width=\"25\" height=\"25\" data-emoji=\"\ud83e\udde9\" aria-label=\"\ud83e\udde9\" \/><img loading=\"lazy\" decoding=\"async\" class=\"an1\" src=\"https:\/\/fonts.gstatic.com\/s\/e\/notoemoji\/13.1.1\/1f4f0\/72.png\" alt=\"\ud83d\udcf0\" width=\"25\" height=\"25\" data-emoji=\"\ud83d\udcf0\" aria-label=\"\ud83d\udcf0\" \/><\/span><\/p>\n<p><span style=\"color: #800080;\">Belle journ\u00e9e\u00a0<img loading=\"lazy\" decoding=\"async\" class=\"an1\" src=\"https:\/\/fonts.gstatic.com\/s\/e\/notoemoji\/13.1.1\/2600_fe0f\/72.png\" alt=\"\u2600\ufe0f\" width=\"25\" height=\"25\" data-emoji=\"\u2600\ufe0f\" aria-label=\"\u2600\ufe0f\" \/><\/span><\/p>\n<p><span style=\"color: #800080;\">Cr\u00e9dit photo@Emilie Hautier<\/span><\/p>\n<hr \/>\n<h1 style=\"text-align: center;\">DIFFUSSION DE L&rsquo;EURO AU JARDIN DES COPAINS<\/h1>\n<p><img loading=\"lazy\" decoding=\"async\" class=\"wp-image-1441 aligncenter\" src=\"http:\/\/lescopainsdabord.net\/wp-content\/uploads\/2021\/11\/image0-5-264x300.jpeg\" alt=\"\" width=\"289\" height=\"328\" srcset=\"https:\/\/lescopainsdabord.net\/wp-content\/uploads\/2021\/11\/image0-5-264x300.jpeg 264w, https:\/\/lescopainsdabord.net\/wp-content\/uploads\/2021\/11\/image0-5-334x380.jpeg 334w, https:\/\/lescopainsdabord.net\/wp-content\/uploads\/2021\/11\/image0-5-106x120.jpeg 106w, https:\/\/lescopainsdabord.net\/wp-content\/uploads\/2021\/11\/image0-5.jpeg 510w\" sizes=\"auto, (max-width: 289px) 100vw, 289px\" \/><\/p>\n<p style=\"text-align: center;\"><img loading=\"lazy\" decoding=\"async\" class=\"an1\" src=\"https:\/\/fonts.gstatic.com\/s\/e\/notoemoji\/13.1.1\/1f5e3\/72.png\" alt=\"\ud83d\udde3\" width=\"23\" height=\"23\" data-emoji=\"\ud83d\udde3\" aria-label=\"\ud83d\udde3\" \/> Les Copains, La France fait son entr\u00e9e demain contre l&rsquo;Allemagne pour l\u2019euro 2020 (2021, on ne sait plus <img loading=\"lazy\" decoding=\"async\" class=\"an1\" src=\"https:\/\/fonts.gstatic.com\/s\/e\/notoemoji\/13.1.1\/1f937_1f3fb_200d_2642_fe0f\/72.png\" alt=\"\ud83e\udd37\ud83c\udffb\u200d\u2642\ufe0f\" width=\"20\" height=\"20\" data-emoji=\"\ud83e\udd37\ud83c\udffb\u200d\u2642\ufe0f\" aria-label=\"\ud83e\udd37\ud83c\udffb\u200d\u2642\ufe0f\" \/> ).<br \/>\nEt si on se retrouvait pour soutenir les Bleus\u00a0 <img loading=\"lazy\" decoding=\"async\" class=\"an1\" src=\"https:\/\/fonts.gstatic.com\/s\/e\/notoemoji\/13.1.1\/1f1eb_1f1f7\/72.png\" alt=\"\ud83c\uddeb\ud83c\uddf7\" width=\"25\" height=\"25\" data-emoji=\"\ud83c\uddeb\ud83c\uddf7\" aria-label=\"\ud83c\uddeb\ud83c\uddf7\" \/><br \/>\nAlors RDV demain mardi 15 juin d\u00e8s 19h au Jardin des Copains pour un barbecue\u00a0 <img loading=\"lazy\" decoding=\"async\" class=\"an1\" src=\"https:\/\/fonts.gstatic.com\/s\/e\/notoemoji\/13.1.1\/1f356\/72.png\" alt=\"\ud83c\udf56\" width=\"25\" height=\"25\" data-emoji=\"\ud83c\udf56\" aria-label=\"\ud83c\udf56\" \/>\u00a0<img loading=\"lazy\" decoding=\"async\" class=\"an1\" src=\"https:\/\/fonts.gstatic.com\/s\/e\/notoemoji\/13.1.1\/1f357\/72.png\" alt=\"\ud83c\udf57\" width=\"25\" height=\"25\" data-emoji=\"\ud83c\udf57\" aria-label=\"\ud83c\udf57\" \/> pique-nique\u00a0 <img loading=\"lazy\" decoding=\"async\" class=\"an1\" src=\"https:\/\/fonts.gstatic.com\/s\/e\/notoemoji\/13.1.1\/1f957\/72.png\" alt=\"\ud83e\udd57\" width=\"25\" height=\"25\" data-emoji=\"\ud83e\udd57\" aria-label=\"\ud83e\udd57\" \/><img loading=\"lazy\" decoding=\"async\" class=\"an1\" src=\"https:\/\/fonts.gstatic.com\/s\/e\/notoemoji\/13.1.1\/1f96a\/72.png\" alt=\"\ud83e\udd6a\" width=\"25\" height=\"25\" data-emoji=\"\ud83e\udd6a\" aria-label=\"\ud83e\udd6a\" \/> \u00a0suivi \u00e0 21h de la retransmission du match\u00a0<img loading=\"lazy\" decoding=\"async\" class=\"an1\" src=\"https:\/\/fonts.gstatic.com\/s\/e\/notoemoji\/13.1.1\/26bd_fe0f\/72.png\" alt=\"\u26bd\ufe0f\" width=\"25\" height=\"25\" data-emoji=\"\u26bd\ufe0f\" aria-label=\"\u26bd\ufe0f\" \/><br \/>\nvenez comme vous \u00eates et ramenez ce que vous aimez !<br \/>\nPour le respect des gestes barri\u00e8res, chacun ram\u00e8ne son verre !!!<br \/>\nDress code: du bleu, du blanc et\/ou du rouge !!!<br \/>\n#ontolerelessupportersallemand<wbr \/>s\u00a0<img loading=\"lazy\" decoding=\"async\" class=\"an1\" src=\"https:\/\/fonts.gstatic.com\/s\/e\/notoemoji\/13.1.1\/1f1eb_1f1f7\/72.png\" alt=\"\ud83c\uddeb\ud83c\uddf7\" width=\"25\" height=\"25\" data-emoji=\"\ud83c\uddeb\ud83c\uddf7\" aria-label=\"\ud83c\uddeb\ud83c\uddf7\" \/>\u00a0<img loading=\"lazy\" decoding=\"async\" class=\"an1\" src=\"https:\/\/fonts.gstatic.com\/s\/e\/notoemoji\/13.1.1\/1f1e9_1f1ea\/72.png\" alt=\"\ud83c\udde9\ud83c\uddea\" width=\"25\" height=\"25\" data-emoji=\"\ud83c\udde9\ud83c\uddea\" aria-label=\"\ud83c\udde9\ud83c\uddea\" \/><\/p>\n<hr \/>\n<h1 style=\"text-align: center;\"><span style=\"color: #33cccc;\">les septs-arpents\/STALINGRAD EN F\u00eate\u00a0<\/span><\/h1>\n<p><img loading=\"lazy\" decoding=\"async\" class=\"wp-image-1442 aligncenter\" src=\"http:\/\/lescopainsdabord.net\/wp-content\/uploads\/2021\/11\/image0-4-215x300.jpeg\" alt=\"\" width=\"261\" height=\"364\" srcset=\"https:\/\/lescopainsdabord.net\/wp-content\/uploads\/2021\/11\/image0-4-215x300.jpeg 215w, https:\/\/lescopainsdabord.net\/wp-content\/uploads\/2021\/11\/image0-4-272x380.jpeg 272w, https:\/\/lescopainsdabord.net\/wp-content\/uploads\/2021\/11\/image0-4-86x120.jpeg 86w, https:\/\/lescopainsdabord.net\/wp-content\/uploads\/2021\/11\/image0-4.jpeg 688w\" sizes=\"auto, (max-width: 261px) 100vw, 261px\" \/><\/p>\n<p style=\"text-align: center;\"><span style=\"color: #33cccc;\"><img loading=\"lazy\" decoding=\"async\" class=\"an1\" src=\"https:\/\/fonts.gstatic.com\/s\/e\/notoemoji\/13.1.1\/1f4e3\/72.png\" alt=\"\ud83d\udce3\" width=\"28\" height=\"28\" data-emoji=\"\ud83d\udce3\" aria-label=\"\ud83d\udce3\" \/>\u00a0Enfin!!!!<\/span><br \/>\n<span style=\"color: #33cccc;\">Apr\u00e8s des mois d\u2019attente insoutenable, il est l\u00e0 pour le plus grand plaisir de tous!<\/span><\/p>\n<p><span style=\"color: #33cccc;\">Le P\u2019tit Kawa\u00a0 <img loading=\"lazy\" decoding=\"async\" class=\"an1\" src=\"https:\/\/fonts.gstatic.com\/s\/e\/notoemoji\/13.1.1\/2615_fe0f\/72.png\" alt=\"\u2615\ufe0f\" width=\"22\" height=\"22\" data-emoji=\"\u2615\ufe0f\" aria-label=\"\u2615\ufe0f\" \/>\u00a0 fera son grand retour dans les rues du Le Pr\u00e9 Saint-Gervais samedi 29 Mai en participant \u00e0 la f\u00eate du quartier des 7 Arpents-Stalingrad!<\/span><\/p>\n<p><span style=\"color: #33cccc;\">Le soleil devrait \u00eatre de la partie pour cette belle programmation: Artivista La Grande Bricole @Worldscie @Ecologie au Pre Jeux-Pr\u00e9-Partez Conseil citoyen du Pr\u00e9 Saint-Gervais Les Chachoux et pleins d\u2019autres\u2026<\/span><\/p>\n<p><span style=\"color: #33cccc;\">Nous aurons plaisir \u00e0 vous retrouver et f\u00eater les beaux jours autour d\u2019un bon Caf\u00e9 366 et autres douceurs.<img loading=\"lazy\" decoding=\"async\" class=\"an1\" src=\"https:\/\/fonts.gstatic.com\/s\/e\/notoemoji\/13.1.1\/2615_fe0f\/72.png\" alt=\"\u2615\ufe0f\" width=\"24\" height=\"24\" data-emoji=\"\u2615\ufe0f\" aria-label=\"\u2615\ufe0f\" \/><img loading=\"lazy\" decoding=\"async\" class=\"an1\" src=\"https:\/\/fonts.gstatic.com\/s\/e\/notoemoji\/13.1.1\/1f36a\/72.png\" alt=\"\ud83c\udf6a\" width=\"18\" height=\"18\" data-emoji=\"\ud83c\udf6a\" aria-label=\"\ud83c\udf6a\" \/><\/span><\/p>\n<p><span style=\"color: #33cccc;\">Belle journ\u00e9e<img loading=\"lazy\" decoding=\"async\" class=\"an1 aligncenter\" src=\"https:\/\/fonts.gstatic.com\/s\/e\/notoemoji\/13.1.1\/2728\/72.png\" alt=\"\u2728\" width=\"21\" height=\"21\" data-emoji=\"\u2728\" aria-label=\"\u2728\" \/><\/span><\/p>\n<hr \/>\n<h1 style=\"text-align: center;\"><span style=\"color: #ffcc00;\">STAGE DE PERCUSSION<\/span><\/h1>\n<p><img loading=\"lazy\" decoding=\"async\" class=\"wp-image-1443 aligncenter\" src=\"http:\/\/lescopainsdabord.net\/wp-content\/uploads\/2021\/11\/image0-3-216x300.jpeg\" alt=\"\" width=\"253\" height=\"351\" srcset=\"https:\/\/lescopainsdabord.net\/wp-content\/uploads\/2021\/11\/image0-3-216x300.jpeg 216w, https:\/\/lescopainsdabord.net\/wp-content\/uploads\/2021\/11\/image0-3-273x380.jpeg 273w, https:\/\/lescopainsdabord.net\/wp-content\/uploads\/2021\/11\/image0-3-86x120.jpeg 86w, https:\/\/lescopainsdabord.net\/wp-content\/uploads\/2021\/11\/image0-3.jpeg 690w\" sizes=\"auto, (max-width: 253px) 100vw, 253px\" \/><\/p>\n<p style=\"text-align: center;\"><span style=\"color: #ffcc00;\">L\u2019envie de vous proposer quelques douceurs printani\u00e8res \u00e9tait un peu contrari\u00e9e ces derniers temps mais ne nous a jamais quitt\u00e9s.<\/span><\/p>\n<p style=\"text-align: center;\"><span style=\"color: #ffcc00;\">Si les mesures gouvernementales ne l\u2019emp\u00eachent pas\u00a0 <img loading=\"lazy\" decoding=\"async\" class=\"an1\" src=\"https:\/\/fonts.gstatic.com\/s\/e\/notoemoji\/13.1.1\/1f64f\/72.png\" alt=\"\ud83d\ude4f\" width=\"26\" height=\"26\" data-emoji=\"\ud83d\ude4f\" aria-label=\"\ud83d\ude4f\" \/>\u00a0 Les Copains d\u2019Abord !organiseront un stage de percussions <img loading=\"lazy\" decoding=\"async\" class=\"an1\" src=\"https:\/\/fonts.gstatic.com\/s\/e\/notoemoji\/13.1.1\/1fa98\/72.png\" alt=\"\ud83e\ude98\" width=\"32\" height=\"32\" data-emoji=\"\ud83e\ude98\" aria-label=\"\ud83e\ude98\" \/> pour enfants du 26 au 30 avril (deuxi\u00e8me semaine des vacances d\u2019avril) anim\u00e9 par le g\u00e9nialissime Karamoko!<\/span><br \/>\n<span style=\"color: #ffcc00;\">Pensez \u00e0 r\u00e9server rapidement via\u00a0<a style=\"color: #ffcc00;\" href=\"mailto:contact.lescopainsdabord@gmail.com\" target=\"_blank\" rel=\"noopener\">contact.lescopainsdabord@gmail<wbr \/>.com<\/a>\u00a0car le nombre de places est limit\u00e9.<\/span><\/p>\n<p style=\"text-align: center;\"><span style=\"color: #ffcc00;\">Belle journ\u00e9e \u00e0 tous et toutes!\u00a0<img loading=\"lazy\" decoding=\"async\" class=\"an1\" src=\"https:\/\/fonts.gstatic.com\/s\/e\/notoemoji\/13.1.1\/1f31e\/72.png\" alt=\"\ud83c\udf1e\" width=\"28\" height=\"28\" data-emoji=\"\ud83c\udf1e\" aria-label=\"\ud83c\udf1e\" \/><img loading=\"lazy\" decoding=\"async\" class=\"an1 alignnone\" src=\"https:\/\/fonts.gstatic.com\/s\/e\/notoemoji\/13.1.1\/1f33b\/72.png\" alt=\"\ud83c\udf3b\" width=\"29\" height=\"29\" data-emoji=\"\ud83c\udf3b\" aria-label=\"\ud83c\udf3b\" \/><\/span><\/p>\n<hr \/>\n<h1 style=\"text-align: center;\"><span style=\"color: #ff0000;\">\u00ab\u00a0CULTURE EN VILLE\u00a0\u00bb AU JARDIN DES COPAINS<\/span><\/h1>\n<p><span style=\"color: #ff0000;\"><img loading=\"lazy\" decoding=\"async\" class=\"alignnone size-medium wp-image-1445 aligncenter\" src=\"http:\/\/lescopainsdabord.net\/wp-content\/uploads\/2021\/11\/image0-2-300x225.jpeg\" alt=\"\" width=\"300\" height=\"225\" srcset=\"https:\/\/lescopainsdabord.net\/wp-content\/uploads\/2021\/11\/image0-2-300x225.jpeg 300w, https:\/\/lescopainsdabord.net\/wp-content\/uploads\/2021\/11\/image0-2-768x576.jpeg 768w, https:\/\/lescopainsdabord.net\/wp-content\/uploads\/2021\/11\/image0-2-507x380.jpeg 507w, https:\/\/lescopainsdabord.net\/wp-content\/uploads\/2021\/11\/image0-2-160x120.jpeg 160w, https:\/\/lescopainsdabord.net\/wp-content\/uploads\/2021\/11\/image0-2.jpeg 960w\" sizes=\"auto, (max-width: 300px) 100vw, 300px\" \/> <img loading=\"lazy\" decoding=\"async\" class=\"alignnone size-medium wp-image-1444 aligncenter\" src=\"http:\/\/lescopainsdabord.net\/wp-content\/uploads\/2021\/11\/image1-1-138x300.jpeg\" alt=\"\" width=\"138\" height=\"300\" srcset=\"https:\/\/lescopainsdabord.net\/wp-content\/uploads\/2021\/11\/image1-1-138x300.jpeg 138w, https:\/\/lescopainsdabord.net\/wp-content\/uploads\/2021\/11\/image1-1-175x380.jpeg 175w, https:\/\/lescopainsdabord.net\/wp-content\/uploads\/2021\/11\/image1-1-55x120.jpeg 55w, https:\/\/lescopainsdabord.net\/wp-content\/uploads\/2021\/11\/image1-1.jpeg 443w\" sizes=\"auto, (max-width: 138px) 100vw, 138px\" \/><\/span><\/p>\n<p style=\"text-align: center;\"><span style=\"color: #ff0000;\">Retour aux sources de la convivialit\u00e9 au #jardindesCopains ce matin et \u00e7a fait du bien!\u00a0<img loading=\"lazy\" decoding=\"async\" class=\"an1\" src=\"https:\/\/fonts.gstatic.com\/s\/e\/notoemoji\/13.1.1\/1f3b6\/72.png\" alt=\"\ud83c\udfb6\" width=\"25\" height=\"25\" data-emoji=\"\ud83c\udfb6\" aria-label=\"\ud83c\udfb6\" \/><\/span><\/p>\n<p><span style=\"color: #ff0000;\">Merci au service Culture de la ville Le Pr\u00e9 Saint-Gervais d\u2019avoir permis de faire (re)vivre nos friches l\u2019espace d\u2019un instant&#8230;<img loading=\"lazy\" decoding=\"async\" class=\"an1\" src=\"https:\/\/fonts.gstatic.com\/s\/e\/notoemoji\/13.1.1\/1f483_1f3fd\/72.png\" alt=\"\ud83d\udc83\ud83c\udffd\" width=\"25\" height=\"25\" data-emoji=\"\ud83d\udc83\ud83c\udffd\" aria-label=\"\ud83d\udc83\ud83c\udffd\" \/><img loading=\"lazy\" decoding=\"async\" class=\"an1\" src=\"https:\/\/fonts.gstatic.com\/s\/e\/notoemoji\/13.1.1\/1f973\/72.png\" alt=\"\ud83e\udd73\" width=\"25\" height=\"25\" data-emoji=\"\ud83e\udd73\" aria-label=\"\ud83e\udd73\" \/><\/span><br \/>\n<span style=\"color: #ff0000;\">Et encore un grand bravo \u00e0 @Karamoko et son groupe d\u2019avoir apport\u00e9 le soleil!<\/span><\/p>\n<p><span style=\"color: #ff0000;\">Prenez soin de vous! <img loading=\"lazy\" decoding=\"async\" class=\"an1\" src=\"https:\/\/fonts.gstatic.com\/s\/e\/notoemoji\/13.1.1\/2600_fe0f\/72.png\" alt=\"\u2600\ufe0f\" width=\"25\" height=\"25\" data-emoji=\"\u2600\ufe0f\" aria-label=\"\u2600\ufe0f\" \/><\/span><\/p>\n<hr \/>\n<h1 style=\"text-align: center;\"><span style=\"color: #008000;\">LE dernier num\u00e9ro du P&rsquo;tit PRE<\/span><\/h1>\n<p><img loading=\"lazy\" decoding=\"async\" class=\"alignnone size-medium wp-image-1447 aligncenter\" src=\"http:\/\/lescopainsdabord.net\/wp-content\/uploads\/2021\/11\/image0-1-300x225.jpeg\" alt=\"\" width=\"300\" height=\"225\" srcset=\"https:\/\/lescopainsdabord.net\/wp-content\/uploads\/2021\/11\/image0-1-300x225.jpeg 300w, https:\/\/lescopainsdabord.net\/wp-content\/uploads\/2021\/11\/image0-1-768x576.jpeg 768w, https:\/\/lescopainsdabord.net\/wp-content\/uploads\/2021\/11\/image0-1-507x380.jpeg 507w, https:\/\/lescopainsdabord.net\/wp-content\/uploads\/2021\/11\/image0-1-160x120.jpeg 160w, https:\/\/lescopainsdabord.net\/wp-content\/uploads\/2021\/11\/image0-1.jpeg 960w\" sizes=\"auto, (max-width: 300px) 100vw, 300px\" \/> <img loading=\"lazy\" decoding=\"async\" class=\"alignnone size-medium wp-image-1446 aligncenter\" src=\"http:\/\/lescopainsdabord.net\/wp-content\/uploads\/2021\/11\/image1-225x300.jpeg\" alt=\"\" width=\"225\" height=\"300\" srcset=\"https:\/\/lescopainsdabord.net\/wp-content\/uploads\/2021\/11\/image1-225x300.jpeg 225w, https:\/\/lescopainsdabord.net\/wp-content\/uploads\/2021\/11\/image1-285x380.jpeg 285w, https:\/\/lescopainsdabord.net\/wp-content\/uploads\/2021\/11\/image1-90x120.jpeg 90w, https:\/\/lescopainsdabord.net\/wp-content\/uploads\/2021\/11\/image1.jpeg 720w\" sizes=\"auto, (max-width: 225px) 100vw, 225px\" \/><\/p>\n<p style=\"text-align: center;\" tabindex=\"-1\" data-thread-perm-id=\"thread-f:1612596259196993876|msg-f:1612596259196993876\" data-legacy-thread-id=\"166117c0fb8f8154\"><span style=\"color: #008000;\"><img loading=\"lazy\" decoding=\"async\" class=\"an1 alignnone\" src=\"https:\/\/fonts.gstatic.com\/s\/e\/notoemoji\/13.1.1\/1f5e3\/72.png\" alt=\"\ud83d\udde3\" width=\"17\" height=\"17\" data-emoji=\"\ud83d\udde3\" aria-label=\"\ud83d\udde3\" \/> Il est la! <img loading=\"lazy\" decoding=\"async\" class=\"an1 alignnone\" src=\"https:\/\/fonts.gstatic.com\/s\/e\/notoemoji\/13.1.1\/1f4f0\/72.png\" alt=\"\ud83d\udcf0\" width=\"25\" height=\"25\" data-emoji=\"\ud83d\udcf0\" aria-label=\"\ud83d\udcf0\" \/><\/span><\/p>\n<p style=\"text-align: center;\"><span style=\"color: #008000;\">Quel plaisir d\u2019\u00eatre de retour, d\u2019avoir retrouv\u00e9 les enfants et de remettre nos casquettes de journalistes en herbe!\u00a0<img loading=\"lazy\" decoding=\"async\" class=\"an1\" src=\"https:\/\/fonts.gstatic.com\/s\/e\/notoemoji\/13.1.1\/1f575_1f3fb_200d_2640_fe0f\/72.png\" alt=\"\ud83d\udd75\ud83c\udffb\u200d\u2640\ufe0f\" width=\"25\" height=\"25\" data-emoji=\"\ud83d\udd75\ud83c\udffb\u200d\u2640\ufe0f\" aria-label=\"\ud83d\udd75\ud83c\udffb\u200d\u2640\ufe0f\" \/><\/span><\/p>\n<p style=\"text-align: center;\"><span style=\"color: #008000;\">Les enfants \u00e9taient ravis, un peu mono-th\u00e9matique (!) mais tr\u00e8s inspir\u00e9s par ce num\u00e9ro! <img loading=\"lazy\" decoding=\"async\" class=\"an1\" src=\"https:\/\/fonts.gstatic.com\/s\/e\/notoemoji\/13.1.1\/1f637\/72.png\" alt=\"\ud83d\ude37\" width=\"25\" height=\"25\" data-emoji=\"\ud83d\ude37\" aria-label=\"\ud83d\ude37\" \/><\/span><br \/>\n<span style=\"color: #008000;\">Un grand bravo \u00e0 eux qui ont r\u00e9ussi \u00e0 faire un beau num\u00e9ro malgr\u00e9 les annulations de sorties, les masques, les gestes barri\u00e8res&#8230;<\/span><\/p>\n<p style=\"text-align: center;\"><span style=\"color: #008000;\">En esp\u00e9rant qu\u2019il vous plaise autant qu\u2019eux ont eu plaisir \u00e0 le r\u00e9aliser&#8230; <img loading=\"lazy\" decoding=\"async\" class=\"an1\" src=\"https:\/\/fonts.gstatic.com\/s\/e\/notoemoji\/13.1.1\/1f44d_1f3fc\/72.png\" alt=\"\ud83d\udc4d\ud83c\udffc\" width=\"25\" height=\"25\" data-emoji=\"\ud83d\udc4d\ud83c\udffc\" aria-label=\"\ud83d\udc4d\ud83c\udffc\" \/><\/span><\/p>\n<p style=\"text-align: center;\"><span style=\"color: #008000;\">Merci \u00e0 l\u2019\u00e9quipe de choc! Emilie Hautier Objectif Hors-Champ , @chloe Sharrock, @elodie, Juliette Nicot et Le Pr\u00e9 Saint-Gervais pour son soutien.<\/span><\/p>\n<p style=\"text-align: center;\"><span style=\"color: #008000;\">Rdv au 2\u00e8me trimestre avec les enfants d\u2019Anatole\u00a0 <\/span><img loading=\"lazy\" decoding=\"async\" class=\"an1 alignnone\" src=\"https:\/\/fonts.gstatic.com\/s\/e\/notoemoji\/13.1.1\/1f91e_1f3fc\/72.png\" alt=\"\ud83e\udd1e\ud83c\udffc\" width=\"25\" height=\"25\" data-emoji=\"\ud83e\udd1e\ud83c\udffc\" aria-label=\"\ud83e\udd1e\ud83c\udffc\" \/><img loading=\"lazy\" decoding=\"async\" class=\"an1 alignnone\" src=\"https:\/\/fonts.gstatic.com\/s\/e\/notoemoji\/13.1.1\/1f64f_1f3fc\/72.png\" alt=\"\ud83d\ude4f\ud83c\udffc\" width=\"25\" height=\"25\" data-emoji=\"\ud83d\ude4f\ud83c\udffc\" aria-label=\"\ud83d\ude4f\ud83c\udffc\" \/><img loading=\"lazy\" decoding=\"async\" class=\"an1 alignnone\" src=\"https:\/\/fonts.gstatic.com\/s\/e\/notoemoji\/13.1.1\/1f609\/72.png\" alt=\"\ud83d\ude09\" width=\"25\" height=\"25\" data-emoji=\"\ud83d\ude09\" aria-label=\"\ud83d\ude09\" \/><\/p>\n<hr \/>\n<h1 style=\"text-align: center;\" tabindex=\"-1\" data-thread-perm-id=\"thread-f:1612596259196993876|msg-f:1612596259196993876\" data-legacy-thread-id=\"166117c0fb8f8154\"><span style=\"color: #ff00ff;\">Op\u00e9ration 1 pile = 1 don pour le t\u00e9l\u00e9thon<\/span><\/h1>\n<p><img loading=\"lazy\" decoding=\"async\" class=\" wp-image-1448 aligncenter\" src=\"http:\/\/lescopainsdabord.net\/wp-content\/uploads\/2021\/11\/image0-214x300.jpeg\" alt=\"\" width=\"282\" height=\"395\" srcset=\"https:\/\/lescopainsdabord.net\/wp-content\/uploads\/2021\/11\/image0-214x300.jpeg 214w, https:\/\/lescopainsdabord.net\/wp-content\/uploads\/2021\/11\/image0-271x380.jpeg 271w, https:\/\/lescopainsdabord.net\/wp-content\/uploads\/2021\/11\/image0-86x120.jpeg 86w, https:\/\/lescopainsdabord.net\/wp-content\/uploads\/2021\/11\/image0.jpeg 684w\" sizes=\"auto, (max-width: 282px) 100vw, 282px\" \/><\/p>\n<p style=\"text-align: center;\"><strong><span style=\"color: #ff00ff;\">Ann\u00e9e sp\u00e9ciale collecte sp\u00e9ciale !!!<\/span><\/strong><br \/>\n<span style=\"color: #ff00ff;\">Malgr\u00e9 la situation sanitaire, la collecte de piles au profit du #T\u00e9lethon est maintenue sur Le Pr\u00e9 Saint-Gervais<\/span><br \/>\n<span style=\"color: #ff00ff;\">Vous pouvez utiliser les collecteurs pr\u00e9sents notamment dans les \u00e9coles et les lieux d\u2019accueil de la municipalit\u00e9 <strong>jusqu\u2019au 18 d\u00e9cembre 2020<\/strong>.<\/span><br \/>\n<span style=\"color: #ff00ff;\"><strong>\u00a01 pile = 1 don<\/strong>.<\/span><br \/>\n<span style=\"color: #ff00ff;\">Gr\u00e2ce \u00e0 vous, c\u2019est 400kg qui ont r\u00e9colt\u00e9 l\u2019ann\u00e9e derni\u00e8re !<\/span><br \/>\n<span style=\"color: #ff00ff;\">On compte sur vous !<\/span><\/p>\n<p style=\"text-align: center;\"><span style=\"color: #ff00ff;\">Prenez soin de vous<\/span><\/p>\n<hr \/>\n<h1 style=\"text-align: center;\"><span style=\"color: #1ab5db;\">FORUM DES ASSOCIATIONS<\/span><\/h1>\n<p><img loading=\"lazy\" decoding=\"async\" class=\"wp-image-1424 aligncenter\" src=\"http:\/\/lescopainsdabord.net\/wp-content\/uploads\/2020\/09\/ForumDesAsso2020.jpg\" alt=\"\" width=\"346\" height=\"201\" srcset=\"https:\/\/lescopainsdabord.net\/wp-content\/uploads\/2020\/09\/ForumDesAsso2020.jpg 294w, https:\/\/lescopainsdabord.net\/wp-content\/uploads\/2020\/09\/ForumDesAsso2020-160x93.jpg 160w\" sizes=\"auto, (max-width: 346px) 100vw, 346px\" \/><\/p>\n<p style=\"text-align: center;\"><span style=\"color: #1ab5db;\">Est venu le moment de prendre des bonnes r\u00e9solutions pour la rentr\u00e9e!<\/span><\/p>\n<p style=\"text-align: center;\"><span style=\"color: #1ab5db;\">Pour en savoir plus sur les Copains, qui nous sommes, comment fonctionne la tourn\u00e9e du P&rsquo;tit Kawa, nos projets, la Fabrique du Digital, partager vos id\u00e9es, rejoindre \u00a0le Jardin des Copains, devenir b\u00e9n\u00e9vole, remplir vos agendas de jolis moments&#8230;<\/span><\/p>\n<p style=\"text-align: center;\"><span style=\"color: #1ab5db;\">Nous vous donnons rendez-vous autour du P&rsquo;tit Kawa,<\/span><\/p>\n<p style=\"text-align: center;\"><span style=\"color: #1ab5db;\"><b>Samedi 5 Septembre 2020\u00a0<\/b><\/span><\/p>\n<p style=\"text-align: center;\"><span style=\"color: #1ab5db;\"><b>de 10h \u00e0 14h<\/b><\/span><\/p>\n<p style=\"text-align: center;\"><span style=\"color: #1ab5db;\"><b>au Forum des Associations<\/b><\/span><\/p>\n<p style=\"text-align: center;\"><span style=\"color: #1ab5db;\"><b>Ecole Pierre Brossolette\u00a0<\/b><\/span><\/p>\n<p style=\"text-align: center;\"><span style=\"color: #1ab5db;\">Autant de bonnes raisons pour venir !<\/span><\/p>\n<hr \/>\n<h1 style=\"text-align: center;\"><span style=\"color: #ff00ff;\">LE dernier num\u00e9ro du P&rsquo;tit PRE<\/span><\/h1>\n<p><img loading=\"lazy\" decoding=\"async\" class=\"alignnone size-medium wp-image-1418 aligncenter\" src=\"http:\/\/lescopainsdabord.net\/wp-content\/uploads\/2020\/05\/LePtipr\u00e9n\u00b011-1-211x300.jpg\" alt=\"\" width=\"211\" height=\"300\" srcset=\"https:\/\/lescopainsdabord.net\/wp-content\/uploads\/2020\/05\/LePtipr\u00e9n\u00b011-1-211x300.jpg 211w, https:\/\/lescopainsdabord.net\/wp-content\/uploads\/2020\/05\/LePtipr\u00e9n\u00b011-1-267x380.jpg 267w, https:\/\/lescopainsdabord.net\/wp-content\/uploads\/2020\/05\/LePtipr\u00e9n\u00b011-1-84x120.jpg 84w, https:\/\/lescopainsdabord.net\/wp-content\/uploads\/2020\/05\/LePtipr\u00e9n\u00b011-1.jpg 611w\" sizes=\"auto, (max-width: 211px) 100vw, 211px\" \/><\/p>\n<p style=\"text-align: center;\"><img decoding=\"async\" class=\"CToWUd\" src=\"https:\/\/mail.google.com\/mail\/e\/1f5e3\" alt=\"\ud83d\udde3\" data-goomoji=\"1f5e3\" data-image-whitelisted=\"\" \/><span style=\"color: #3366ff;\">Il est l\u00e0!\u00a0<img decoding=\"async\" class=\"CToWUd\" src=\"https:\/\/mail.google.com\/mail\/e\/1f4f0\" alt=\"\ud83d\udcf0\" data-goomoji=\"1f4f0\" data-image-whitelisted=\"\" \/><\/span><\/p>\n<p><span style=\"color: #3366ff;\">Aux enfants, aux familles et \u00e0 nos lecteurs,<\/span><\/p>\n<p><span style=\"color: #3366ff;\">C\u2019est un num\u00e9ro sp\u00e9cial que vous avez entre les mains ou presque!<\/span><\/p>\n<p><span style=\"color: #3366ff;\">Gr\u00e2ce au travail fourni par les enfants avant le confinement, nous avons pu, tant bien que mal, mettre en forme le dernier num\u00e9ro du P&rsquo;tit Pr\u00e9.<\/span><\/p>\n<p><span style=\"color: #3366ff;\">Aussi, afin d&rsquo;\u00e9gayer leur quotidien mais surtout pour rendre visible le travail des enfants de ce second trimestre, nous souhaitions, dans la mesure du possible, leur transmettre le tout dernier exemplaire via le r\u00e9seau des enseignant-e-s.<\/span><\/p>\n<p><span style=\"color: #3366ff;\">Cependant, vous trouverez <a style=\"color: #3366ff;\" href=\"http:\/\/www.lescopainsdabord.net\/index.php\/le-ptit-pre-le-journal-des-ecoliers\/\">ici le lien<\/a> pour une lecture Calam\u00e9o ou pour impression.\u00a0<\/span><\/p>\n<p><span style=\"color: #3366ff;\">Au nom des enfants, de l&rsquo;\u00e9quipe @Emilie Hautier @ Juliette Nicot ,\u00a0 belle lecture!<img decoding=\"async\" class=\"CToWUd\" src=\"https:\/\/mail.google.com\/mail\/e\/2728\" alt=\"\u2728\" data-goomoji=\"2728\" data-image-whitelisted=\"\" \/><\/span><\/p>\n<p><span style=\"color: #3366ff;\">Prenez soin de vous et de vos proches.<img decoding=\"async\" class=\"CToWUd\" src=\"https:\/\/mail.google.com\/mail\/e\/1f64f\" alt=\"\ud83d\ude4f\" data-goomoji=\"1f64f\" data-image-whitelisted=\"\" \/>\ud83c\udffc<\/span><\/p>\n<hr \/>\n<h1><\/h1>\n<h1 style=\"text-align: center;\"><span style=\"color: #ff9900;\">LE P&rsquo;TIT kawa est de retour!<\/span><\/h1>\n<h1><strong><span style=\"color: #ff9900;\"><img loading=\"lazy\" decoding=\"async\" class=\"size-medium wp-image-1267 aligncenter\" src=\"http:\/\/lescopainsdabord.net\/wp-content\/uploads\/2018\/04\/AffichePtitKawa2018-212x300.jpg\" alt=\"\" width=\"212\" height=\"300\" srcset=\"https:\/\/lescopainsdabord.net\/wp-content\/uploads\/2018\/04\/AffichePtitKawa2018-212x300.jpg 212w, https:\/\/lescopainsdabord.net\/wp-content\/uploads\/2018\/04\/AffichePtitKawa2018-768x1086.jpg 768w, https:\/\/lescopainsdabord.net\/wp-content\/uploads\/2018\/04\/AffichePtitKawa2018-724x1024.jpg 724w, https:\/\/lescopainsdabord.net\/wp-content\/uploads\/2018\/04\/AffichePtitKawa2018-269x380.jpg 269w\" sizes=\"auto, (max-width: 212px) 100vw, 212px\" \/><\/span><\/strong><\/h1>\n<p style=\"text-align: center;\"><span style=\"color: #ff6600;\">Pour f\u00eater le soleil et la rentr\u00e9e, rien de mieux que de se retrouver tous ensemble autour du triporteur pref\u00e9r\u00e9 des Gervaisiens! \u00a0<\/span><\/p>\n<p style=\"text-align: center;\"><span style=\"color: #ff6600;\">Rendez-vous Mercredi 04 septembre\u00a0 devant les \u00e9coles Jaur\u00e8s-Brossolette d\u00e8s 8h30. <\/span><\/p>\n<p style=\"text-align: center;\"><span style=\"color: #ff6600;\">Faites passer le message&#8230;<\/span><\/p>\n<hr \/>\n<div>\n<h1 style=\"text-align: center;\"><span style=\"color: #1ab5db;\">FORUM DES ASSOCIATIONS<\/span><\/h1>\n<\/div>\n<p>&nbsp;<\/p>\n<p><img loading=\"lazy\" decoding=\"async\" class=\"alignnone wp-image-1360 aligncenter\" src=\"http:\/\/lescopainsdabord.net\/wp-content\/uploads\/2019\/09\/Image-1-300x112.png\" alt=\"\" width=\"496\" height=\"185\" srcset=\"https:\/\/lescopainsdabord.net\/wp-content\/uploads\/2019\/09\/Image-1-300x112.png 300w, https:\/\/lescopainsdabord.net\/wp-content\/uploads\/2019\/09\/Image-1-160x60.png 160w, https:\/\/lescopainsdabord.net\/wp-content\/uploads\/2019\/09\/Image-1.png 640w\" sizes=\"auto, (max-width: 496px) 100vw, 496px\" \/><\/p>\n<p style=\"text-align: center;\"><span style=\"color: #1ab5db;\">Est venu le moment de prendre des bonnes r\u00e9solutions pour la rentr\u00e9e!<\/span><\/p>\n<p style=\"text-align: center;\"><span style=\"color: #1ab5db;\">Pour en savoir plus sur les Copains, qui nous sommes, comment fonctionne la tourn\u00e9e du P&rsquo;tit Kawa, nos projets, la Fabrique du Digital, partager vos id\u00e9es, rejoindre \u00a0le Jardin des Copains, devenir b\u00e9n\u00e9vole, remplir vos agendas de jolis moments&#8230;<\/span><\/p>\n<p style=\"text-align: center;\"><span style=\"color: #1ab5db;\">Nous vous donnons rendez-vous autour du P&rsquo;tit Kawa,<\/span><\/p>\n<p style=\"text-align: center;\"><span style=\"color: #1ab5db;\"><b>Samedi 7 Septembre 2019\u00a0<\/b><\/span><\/p>\n<p style=\"text-align: center;\"><span style=\"color: #1ab5db;\"><b>de 10h \u00e0 14h<\/b><\/span><\/p>\n<p style=\"text-align: center;\"><span style=\"color: #1ab5db;\"><b>au Forum des Associations<\/b><\/span><\/p>\n<p style=\"text-align: center;\"><span style=\"color: #1ab5db;\"><b>Ecole Pierre Brossolette\u00a0<\/b><\/span><\/p>\n<p style=\"text-align: center;\"><span style=\"color: #1ab5db;\">Autant de bonnes raisons pour venir !<\/span><\/p>\n<hr \/>\n<div>\n<h1 style=\"text-align: center;\"><span style=\"color: #ff9900;\">La Galette des Copains <\/span><\/h1>\n<p><span style=\"color: #ff9900;\"><em><strong><img loading=\"lazy\" decoding=\"async\" class=\"alignnone wp-image-1338 aligncenter\" src=\"http:\/\/lescopainsdabord.net\/wp-content\/uploads\/2019\/01\/affichegalette2019-300x169.jpg\" alt=\"\" width=\"373\" height=\"210\" srcset=\"https:\/\/lescopainsdabord.net\/wp-content\/uploads\/2019\/01\/affichegalette2019-300x169.jpg 300w, https:\/\/lescopainsdabord.net\/wp-content\/uploads\/2019\/01\/affichegalette2019-768x432.jpg 768w, https:\/\/lescopainsdabord.net\/wp-content\/uploads\/2019\/01\/affichegalette2019-1024x576.jpg 1024w, https:\/\/lescopainsdabord.net\/wp-content\/uploads\/2019\/01\/affichegalette2019-676x380.jpg 676w, https:\/\/lescopainsdabord.net\/wp-content\/uploads\/2019\/01\/affichegalette2019.jpg 1280w\" sizes=\"auto, (max-width: 373px) 100vw, 373px\" \/><\/strong><\/em><\/span><\/p>\n<div style=\"text-align: center;\"><\/div>\n<div style=\"text-align: center;\"><span style=\"color: #ff9900;\">Pour amorcer ce d\u00e9but d&rsquo;ann\u00e9e en douceur, nous vous invitons \u00e0 partager la Galette des Copains le Samedi 26 Janvier 2019 <\/span><\/div>\n<div style=\"text-align: center;\"><span style=\"color: #ff9900;\">au Caf\u00e9 Vert \u00e0 partir de 16h30.<\/span><br \/>\n<span style=\"color: #ff9900;\">Venez avec votre bonne humeur, nous nous chargerons du reste.<\/span><\/div>\n<div style=\"text-align: center;\"><span style=\"color: #ff9900;\">Alors, qui sera sacr\u00e9 Roi ou Reine pour cette troisi\u00e8me \u00e9dition ?<\/span><span style=\"color: #ff9900;\">\u00a0<\/span><em><span style=\"color: #ff9900;\">Le Caf\u00e9 Vert<\/span><br \/>\n<span class=\"m_-4402783876501014408_Xbe\" style=\"color: #ff9900;\">31 Rue Danton, 93310 Le Pr\u00e9-Saint-Gervais <\/span><br \/>\n<a href=\"https:\/\/www.facebook.com\/AuCafeVert\/\" target=\"_blank\" rel=\"noopener noreferrer\" data-saferedirecturl=\"https:\/\/www.google.com\/url?q=https:\/\/www.facebook.com\/AuCafeVert\/&amp;source=gmail&amp;ust=1547239848073000&amp;usg=AFQjCNG7h6ZfDBqsp5UprsDDwDDvPbW8bQ\">https:\/\/www.facebook.com\/<wbr \/>AuCafeVert\/<\/a><\/em><\/p>\n<hr \/>\n<\/div>\n<\/div>\n<h1 style=\"text-align: center;\" tabindex=\"-1\" data-thread-perm-id=\"thread-f:1612596259196993876|msg-f:1612596259196993876\" data-legacy-thread-id=\"166117c0fb8f8154\"><span style=\"color: #0000ff;\">LA FABRIQUE DU DIGITAL<\/span><\/h1>\n<p style=\"text-align: center;\"><img loading=\"lazy\" decoding=\"async\" class=\" wp-image-1329 aligncenter\" src=\"http:\/\/lescopainsdabord.net\/wp-content\/uploads\/2018\/11\/flyer-cafe-numerique-recto-ok-211x300.jpg\" alt=\"\" width=\"307\" height=\"437\" srcset=\"https:\/\/lescopainsdabord.net\/wp-content\/uploads\/2018\/11\/flyer-cafe-numerique-recto-ok-211x300.jpg 211w, https:\/\/lescopainsdabord.net\/wp-content\/uploads\/2018\/11\/flyer-cafe-numerique-recto-ok-768x1090.jpg 768w, https:\/\/lescopainsdabord.net\/wp-content\/uploads\/2018\/11\/flyer-cafe-numerique-recto-ok-268x380.jpg 268w, https:\/\/lescopainsdabord.net\/wp-content\/uploads\/2018\/11\/flyer-cafe-numerique-recto-ok.jpg 1748w\" sizes=\"auto, (max-width: 307px) 100vw, 307px\" \/><\/p>\n<p style=\"text-align: center;\"><span style=\"color: #0000ff;\">Venez rencontrer La Fabrique du Digital<\/span><\/p>\n<p style=\"text-align: center;\"><span style=\"color: #0000ff;\">le samedi 17\/11 de 10h30 \u00e012h30 Place du G\u00e9n\u00e9ral Leclerc<\/span><\/p>\n<p style=\"text-align: center;\"><span style=\"color: #0000ff;\">avec les associations <a class=\"profileLink\" style=\"color: #0000ff;\" href=\"https:\/\/www.facebook.com\/lescopainsdabord93\/?__tn__=K-R&amp;eid=ARBqDDNxzq_beLFYhFSO6EVS_pPYqcJsalJVZZt9peS9vPe1v3sc4tCMDVjqhQEPLEsEzG0qgTzBYjOq&amp;fref=mentions&amp;__xts__%5B0%5D=68.ARBnNKF5zCe3ksYxcpKPJvgxSUaPfwLIhRBFVFObyQc0D0XSr-K1Hnw1jx2OstY7XJ8e_KXzUW1rC2OmYZFmTiWBEQcVJ1kVxiuEuVTaWuxAzZZRAycnnTDWME9Eqmy2Lv3icLWqkmP1wyymYdM9XEnK34vTE_rai7LhvwJ225CsIBrUq0DSc8OciiOS-BPfvQlmofe1U_KA4ccmvgTN-3ToX4HmrfiF3QbXaXK-3g3Evl0MjzMSh75wj1wwcPCH4sZXrkJDusr1riFS7Me2xys2VuET5LUnw9k9hQ39GzEsS7bZfT9tQw2jSXNkX9BnkNouybYEBrUGQJHEWfiYnXHbyPA6\" data-hovercard=\"\/ajax\/hovercard\/page.php?id=591258167715510&amp;extragetparams=%7B%22__tn__%22%3A%22%2CdK-R-R%22%2C%22eid%22%3A%22ARBqDDNxzq_beLFYhFSO6EVS_pPYqcJsalJVZZt9peS9vPe1v3sc4tCMDVjqhQEPLEsEzG0qgTzBYjOq%22%2C%22fref%22%3A%22mentions%22%7D\" data-hovercard-prefer-more-content-show=\"1\">Les Copains d&rsquo;Abord<\/a> et <a class=\"profileLink\" style=\"color: #0000ff;\" href=\"https:\/\/www.facebook.com\/profile.php?id=100014231205973&amp;__tn__=K-R&amp;eid=ARBDdnuJe-1lz955nG41oyMOFi3j-ptcMc79xi8luWMG1szVQeDubP3tQu2rYrEfxsF7rOTv3fkBrdBo&amp;fref=mentions&amp;__xts__%5B0%5D=68.ARBnNKF5zCe3ksYxcpKPJvgxSUaPfwLIhRBFVFObyQc0D0XSr-K1Hnw1jx2OstY7XJ8e_KXzUW1rC2OmYZFmTiWBEQcVJ1kVxiuEuVTaWuxAzZZRAycnnTDWME9Eqmy2Lv3icLWqkmP1wyymYdM9XEnK34vTE_rai7LhvwJ225CsIBrUq0DSc8OciiOS-BPfvQlmofe1U_KA4ccmvgTN-3ToX4HmrfiF3QbXaXK-3g3Evl0MjzMSh75wj1wwcPCH4sZXrkJDusr1riFS7Me2xys2VuET5LUnw9k9hQ39GzEsS7bZfT9tQw2jSXNkX9BnkNouybYEBrUGQJHEWfiYnXHbyPA6\" data-hovercard=\"\/ajax\/hovercard\/user.php?id=100014231205973&amp;extragetparams=%7B%22__tn__%22%3A%22%2CdK-R-R%22%2C%22eid%22%3A%22ARBDdnuJe-1lz955nG41oyMOFi3j-ptcMc79xi8luWMG1szVQeDubP3tQu2rYrEfxsF7rOTv3fkBrdBo%22%2C%22fref%22%3A%22mentions%22%7D\" data-hovercard-prefer-more-content-show=\"1\">Asso Mpp<\/a>.<\/span><\/p>\n<p style=\"text-align: center;\"><span style=\"color: #0000ff;\">Vous pourrez profiter du service d&rsquo;entraide informatique et du service Wifi<\/span><\/p>\n<p style=\"text-align: center;\"><span style=\"color: #0000ff;\">propos\u00e9 par <\/span><a class=\"profileLink\" href=\"https:\/\/www.facebook.com\/lepresaintgervais\/?__tn__=K-R&amp;eid=ARAyNlQ7s6B91B8PdOcDotDU-VNwPEpAfzaxZREh2epmh9Brxio2xdiTmaMEWKnMPoDIzBtRugrdzYjS&amp;fref=mentions&amp;__xts__%5B0%5D=68.ARBnNKF5zCe3ksYxcpKPJvgxSUaPfwLIhRBFVFObyQc0D0XSr-K1Hnw1jx2OstY7XJ8e_KXzUW1rC2OmYZFmTiWBEQcVJ1kVxiuEuVTaWuxAzZZRAycnnTDWME9Eqmy2Lv3icLWqkmP1wyymYdM9XEnK34vTE_rai7LhvwJ225CsIBrUq0DSc8OciiOS-BPfvQlmofe1U_KA4ccmvgTN-3ToX4HmrfiF3QbXaXK-3g3Evl0MjzMSh75wj1wwcPCH4sZXrkJDusr1riFS7Me2xys2VuET5LUnw9k9hQ39GzEsS7bZfT9tQw2jSXNkX9BnkNouybYEBrUGQJHEWfiYnXHbyPA6\" data-hovercard=\"\/ajax\/hovercard\/page.php?id=235731873249348&amp;extragetparams=%7B%22__tn__%22%3A%22%2CdK-R-R%22%2C%22eid%22%3A%22ARAyNlQ7s6B91B8PdOcDotDU-VNwPEpAfzaxZREh2epmh9Brxio2xdiTmaMEWKnMPoDIzBtRugrdzYjS%22%2C%22fref%22%3A%22mentions%22%7D\" data-hovercard-prefer-more-content-show=\"1\"><span style=\"color: #0000ff;\">Le Pr\u00e9 Saint-Gervais<\/span><\/a><\/p>\n<hr \/>\n<h1 style=\"text-align: center;\" tabindex=\"-1\" data-thread-perm-id=\"thread-f:1612596259196993876|msg-f:1612596259196993876\" data-legacy-thread-id=\"166117c0fb8f8154\"><span style=\"color: #ff00ff;\">Op\u00e9ration 1 pile = 1 don pour le t\u00e9l\u00e9thon<\/span><\/h1>\n<h1 style=\"text-align: center;\" tabindex=\"-1\" data-thread-perm-id=\"thread-f:1612596259196993876|msg-f:1612596259196993876\" data-legacy-thread-id=\"166117c0fb8f8154\"><span style=\"color: #0000ff;\"><img loading=\"lazy\" decoding=\"async\" class=\"alignnone wp-image-1331\" src=\"http:\/\/lescopainsdabord.net\/wp-content\/uploads\/2018\/11\/1Pile1Don_Telethon2018-2-238x300.jpg\" alt=\"\" width=\"300\" height=\"378\" srcset=\"https:\/\/lescopainsdabord.net\/wp-content\/uploads\/2018\/11\/1Pile1Don_Telethon2018-2-238x300.jpg 238w, https:\/\/lescopainsdabord.net\/wp-content\/uploads\/2018\/11\/1Pile1Don_Telethon2018-2-768x967.jpg 768w, https:\/\/lescopainsdabord.net\/wp-content\/uploads\/2018\/11\/1Pile1Don_Telethon2018-2-813x1024.jpg 813w, https:\/\/lescopainsdabord.net\/wp-content\/uploads\/2018\/11\/1Pile1Don_Telethon2018-2-302x380.jpg 302w\" sizes=\"auto, (max-width: 300px) 100vw, 300px\" \/><\/span><\/h1>\n<p style=\"text-align: center;\">E<span style=\"color: #ff00ff;\">n partenariat avec la Ville du Pr\u00e9 Saint Gervais, \u00a0les b\u00e9n\u00e9voles du T\u00e9l\u00e9thon 93 et l\u2019association Les Copains d\u2019Abord\u00a0!<\/span><\/p>\n<p style=\"text-align: center;\"><span style=\"color: #ff00ff;\">l\u2019op\u00e9ration\u00a0 <strong>Une Pile=Un Don<\/strong> est renouvel\u00e9e cette ann\u00e9e encore.<\/span><\/p>\n<p style=\"text-align: center;\"><span style=\"color: #ff00ff;\">Ramenez vos piles et batteries usag\u00e9es dans les collecteurs distribu\u00e9s dans les classes de vos enfants\u00a0 mais aussi dans les diff\u00e9rents lieux de la ville\u00a0: accueil de la Mairie, la Maison des\u00a0 Associations, commer\u00e7ants\u2026<\/span><\/p>\n<p style=\"text-align: center;\"><span style=\"color: #ff00ff;\"><strong>La collecte durera jusqu\u2019au 14 d\u00e9cembre 2018<\/strong> et toutes vos piles\u00a0 seront transform\u00e9es en dons pour le T\u00e9l\u00e9thon.<\/span><\/p>\n<p>&nbsp;<\/p>\n<p style=\"text-align: center;\"><span style=\"color: #ff00ff;\"><strong>\u00a0\u00a0\u00a0\u00a0\u00a0\u00a0\u00a0\u00a0\u00a0 Merci pour votre mobilisation\u00a0!<\/strong><\/span><\/p>\n<hr \/>\n<h1 style=\"text-align: center;\" tabindex=\"-1\" data-thread-perm-id=\"thread-f:1612596259196993876|msg-f:1612596259196993876\" data-legacy-thread-id=\"166117c0fb8f8154\"><span style=\"color: #99cc00;\">Les 2 ans des friches<\/span><\/h1>\n<p style=\"text-align: center;\" tabindex=\"-1\" data-thread-perm-id=\"thread-f:1612596259196993876|msg-f:1612596259196993876\" data-legacy-thread-id=\"166117c0fb8f8154\"><a href=\"http:\/\/www.villedupre.fr\/2e_anniversaire_des_friches.html\"><span style=\"color: #99cc00;\"><img loading=\"lazy\" decoding=\"async\" class=\"alignnone wp-image-1325\" src=\"http:\/\/lescopainsdabord.net\/wp-content\/uploads\/2018\/10\/fetesdesfriches-300x175.jpg\" alt=\"\" width=\"333\" height=\"194\" srcset=\"https:\/\/lescopainsdabord.net\/wp-content\/uploads\/2018\/10\/fetesdesfriches-300x175.jpg 300w, https:\/\/lescopainsdabord.net\/wp-content\/uploads\/2018\/10\/fetesdesfriches-768x448.jpg 768w, https:\/\/lescopainsdabord.net\/wp-content\/uploads\/2018\/10\/fetesdesfriches-1024x597.jpg 1024w, https:\/\/lescopainsdabord.net\/wp-content\/uploads\/2018\/10\/fetesdesfriches-651x380.jpg 651w, https:\/\/lescopainsdabord.net\/wp-content\/uploads\/2018\/10\/fetesdesfriches.jpg 1200w\" sizes=\"auto, (max-width: 333px) 100vw, 333px\" \/><\/span><\/a><\/p>\n<p style=\"text-align: center;\" tabindex=\"-1\" data-thread-perm-id=\"thread-f:1612596259196993876|msg-f:1612596259196993876\" data-legacy-thread-id=\"166117c0fb8f8154\"><span style=\"color: #99cc00;\">Parce que \u00e7a fait d\u00e9j\u00e0 2 ans que les espaces de verdure et de gait\u00e9 ont pouss\u00e9 un peu partout au Pr\u00e9, nous vous donnons rendez-vous au Jardin des Copains Dimanche 14 Octobre \u00e0 partir de 11h autour d\u2019un buffet participatif avec votre sp\u00e9cialit\u00e9, vos sourires et votre bonne humeur pour une journ\u00e9e haute en couleurs et en surprises&#8230;<\/span><\/p>\n<hr \/>\n<h2 id=\":nr\" class=\"hP\" style=\"text-align: center;\" tabindex=\"-1\" data-thread-perm-id=\"thread-f:1612596259196993876|msg-f:1612596259196993876\" data-legacy-thread-id=\"166117c0fb8f8154\"><span style=\"color: #800080;\">Les Copains d&rsquo;Abord ! font leur rentr\u00e9e<\/span><\/h2>\n<h1 data-share=\"true\" data-width=\"450\" data-show-faces=\"true\"><img loading=\"lazy\" decoding=\"async\" class=\"alignnone wp-image-1316 aligncenter\" src=\"http:\/\/lescopainsdabord.net\/wp-content\/uploads\/2018\/09\/IMG_7871-212x300.jpg\" alt=\"\" width=\"252\" height=\"357\" srcset=\"https:\/\/lescopainsdabord.net\/wp-content\/uploads\/2018\/09\/IMG_7871-212x300.jpg 212w, https:\/\/lescopainsdabord.net\/wp-content\/uploads\/2018\/09\/IMG_7871-725x1024.jpg 725w, https:\/\/lescopainsdabord.net\/wp-content\/uploads\/2018\/09\/IMG_7871-269x380.jpg 269w, https:\/\/lescopainsdabord.net\/wp-content\/uploads\/2018\/09\/IMG_7871.jpg 740w\" sizes=\"auto, (max-width: 252px) 100vw, 252px\" \/><\/h1>\n<p style=\"text-align: center;\"><strong><span style=\"color: #800080;\">Apr\u00e8s des vacances bien m\u00e9rit\u00e9es, une rentr\u00e9e pleine de nouveaut\u00e9s,<\/span><br \/>\n<span style=\"color: #800080;\">voil\u00e0 que Septembre signe le retour des Copains d\u2019Abord!<\/span><\/strong><\/p>\n<p style=\"text-align: center;\"><span style=\"color: #800080;\">Vous \u00eates de plus en plus nombreux \u00e0 adh\u00e9rer au projet de caf\u00e9 culturel et associatif et nous vous en remercions.<\/span><\/p>\n<p style=\"text-align: center;\"><span style=\"color: #800080;\">\u00a0\u00a0\u00a0\u00a0\u00a0\u00a0\u00a0\u00a0\u00a0\u00a0\u00a0\u00a0\u00a0\u00a0 Pour en savoir plus sur les Copains, les projets que nous souhaitons porter \u00e0\u00a0 vos c\u00f4t\u00e9s cette saison, la tourn\u00e9e du P&rsquo;tit Kawa,\u00a0le Jardin des Copains, les ateliers propos\u00e9s, la Fabrique du Digital, comment adh\u00e9rer, partager vos id\u00e9es, devenir b\u00e9n\u00e9vole, remplir vos agendas de jolis moments&#8230;<\/span><\/p>\n<p style=\"text-align: center;\"><span style=\"color: #800080;\">Venez partager autour de vos sp\u00e9cialit\u00e9s culinaires un moment de convivialit\u00e9 comme on sait si bien les vivre&#8230;\u00a0<\/span><\/p>\n<p style=\"text-align: center;\"><span style=\"color: #800080;\">Autant de bonnes raisons pour venir \u00e0 la r\u00e9union de rentr\u00e9e des Copains<\/span><br \/>\n<span style=\"color: #800080;\"><strong>ce Jeudi 27 Septembre 2018 \u00e0 18h30<\/strong><\/span><br \/>\n<span style=\"color: #800080;\">\u00e0 la Terrasse de la Maison des Associations<\/span><br \/>\n<span style=\"color: #800080;\">de la ville du Pr\u00e9 Saint-Gervais<\/span><br \/>\n<span style=\"color: #800080;\">3, place Anatole France<\/span><\/p>\n<hr \/>\n<h1 class=\"fb-like\" style=\"text-align: center;\" data-share=\"true\" data-width=\"450\" data-show-faces=\"true\"><span style=\"color: #333399;\">INITIATION AU NUM\u00c9RIQUE<\/span><\/h1>\n<h1 class=\"fb-like\" style=\"text-align: center;\" data-share=\"true\" data-width=\"450\" data-show-faces=\"true\"><span style=\"color: #333399;\"><img loading=\"lazy\" decoding=\"async\" class=\"alignnone wp-image-1311\" src=\"http:\/\/lescopainsdabord.net\/wp-content\/uploads\/2018\/09\/flyer_septembre-1-211x300.jpg\" alt=\"\" width=\"287\" height=\"408\" srcset=\"https:\/\/lescopainsdabord.net\/wp-content\/uploads\/2018\/09\/flyer_septembre-1-211x300.jpg 211w, https:\/\/lescopainsdabord.net\/wp-content\/uploads\/2018\/09\/flyer_septembre-1-268x380.jpg 268w, https:\/\/lescopainsdabord.net\/wp-content\/uploads\/2018\/09\/flyer_septembre-1.jpg 420w\" sizes=\"auto, (max-width: 287px) 100vw, 287px\" \/><\/span><\/h1>\n<p class=\"fb-like\" style=\"text-align: center;\" data-share=\"true\" data-width=\"450\" data-show-faces=\"true\"><span style=\"color: #333399;\">Afin de s&rsquo;initier au code, \u00e0 la cr\u00e9ation de site Web, au graphisme, aux r\u00e9seaux sociaux ou plus simplement \u00e0 l&rsquo;utilisation d&rsquo;un ordinateur, La Fabrique du Digital propose des ateliers participatifs.<\/span><\/p>\n<p class=\"fb-like\" style=\"text-align: center;\" data-share=\"true\" data-width=\"450\" data-show-faces=\"true\"><span style=\"color: #333399;\">R\u00c9UNION MARDI 11 SEPTEMBRE 2018 \u00e0 19h<\/span><\/p>\n<p class=\"fb-like\" style=\"text-align: center;\" data-share=\"true\" data-width=\"450\" data-show-faces=\"true\"><span style=\"color: #333399;\">Pr\u00e9sentation du projet, des ateliers propos\u00e9s et partage autour de vos besoins et envies.<\/span><\/p>\n<hr \/>\n<div id=\"js_nf\" class=\"_5pbx userContent _3576\" data-ft=\"{&quot;tn&quot;:&quot;K&quot;}\">\n<h1 style=\"text-align: center;\"><span style=\"color: #ff6600;\">C&rsquo;est la rentr\u00e9e<\/span><\/h1>\n<p><img loading=\"lazy\" decoding=\"async\" class=\"alignnone wp-image-1267 aligncenter\" src=\"http:\/\/lescopainsdabord.net\/wp-content\/uploads\/2018\/04\/AffichePtitKawa2018-212x300.jpg\" alt=\"\" width=\"307\" height=\"434\" srcset=\"https:\/\/lescopainsdabord.net\/wp-content\/uploads\/2018\/04\/AffichePtitKawa2018-212x300.jpg 212w, https:\/\/lescopainsdabord.net\/wp-content\/uploads\/2018\/04\/AffichePtitKawa2018-768x1086.jpg 768w, https:\/\/lescopainsdabord.net\/wp-content\/uploads\/2018\/04\/AffichePtitKawa2018-724x1024.jpg 724w, https:\/\/lescopainsdabord.net\/wp-content\/uploads\/2018\/04\/AffichePtitKawa2018-269x380.jpg 269w\" sizes=\"auto, (max-width: 307px) 100vw, 307px\" \/><\/p>\n<p style=\"text-align: center;\"><span style=\"color: #ff6600;\">Retrouvez-vous mercredi 05 septembre\u00a0 devant les \u00e9coles Jaur\u00e8s-Brossolette d\u00e8s 8h30 et au Forum des association samedi 8 septembre dans les pr\u00e9aux des \u00e9coles Jaur\u00e8s-Brossolette<br \/>\n<\/span><\/p>\n<p style=\"text-align: center;\"><span style=\"color: #ff6600;\"><img loading=\"lazy\" decoding=\"async\" class=\"alignnone wp-image-1291\" src=\"http:\/\/lescopainsdabord.net\/wp-content\/uploads\/2018\/09\/forum_des_associations_2018_15325-300x171.png\" alt=\"\" width=\"379\" height=\"216\" srcset=\"https:\/\/lescopainsdabord.net\/wp-content\/uploads\/2018\/09\/forum_des_associations_2018_15325-300x171.png 300w, https:\/\/lescopainsdabord.net\/wp-content\/uploads\/2018\/09\/forum_des_associations_2018_15325-768x439.png 768w, https:\/\/lescopainsdabord.net\/wp-content\/uploads\/2018\/09\/forum_des_associations_2018_15325-665x380.png 665w, https:\/\/lescopainsdabord.net\/wp-content\/uploads\/2018\/09\/forum_des_associations_2018_15325.png 919w\" sizes=\"auto, (max-width: 379px) 100vw, 379px\" \/><\/span><\/p>\n<hr \/>\n<h2 style=\"text-align: center;\"><span style=\"color: #800080;\">Partageons la rue !<\/span><\/h2>\n<\/div>\n<p><a href=\"https:\/\/www.facebook.com\/conseilcitoyendupre\/photos\/gm.1693624524056831\/455945728152232\/?type=3&amp;theater\"><img loading=\"lazy\" decoding=\"async\" class=\" wp-image-1274 aligncenter\" src=\"http:\/\/lescopainsdabord.net\/wp-content\/uploads\/2018\/05\/Partageons-la-rue-212x300.jpg\" alt=\"\" width=\"307\" height=\"434\" srcset=\"https:\/\/lescopainsdabord.net\/wp-content\/uploads\/2018\/05\/Partageons-la-rue-212x300.jpg 212w, https:\/\/lescopainsdabord.net\/wp-content\/uploads\/2018\/05\/Partageons-la-rue-268x380.jpg 268w, https:\/\/lescopainsdabord.net\/wp-content\/uploads\/2018\/05\/Partageons-la-rue.jpg 700w\" sizes=\"auto, (max-width: 307px) 100vw, 307px\" \/><\/a><\/p>\n<p style=\"text-align: center;\"><span style=\"color: #800080;\">Le P&rsquo;tit Kawa sera pr\u00e9sent <strong>le 9 juin de 14h \u00e0 19h rue des Septs-arpents <\/strong>pour l&rsquo;\u00e9v\u00e8nement <strong>\u00ab\u00a0Partageons la rue\u00a0\u00bb<\/strong> organis\u00e9 par les conseils citoyens de Pantin et du Pr\u00e9 Saint-Gervais avec la participation d&rsquo;une vingtaine d&rsquo;associations.<\/span><\/p>\n<p style=\"text-align: center;\"><span style=\"color: #800080;\">Plus d&rsquo;infos <a style=\"color: #800080;\" href=\"https:\/\/www.facebook.com\/conseilcitoyendupre\/photos\/gm.1693624524056831\/455945728152232\/?type=3&amp;theater\">ici<\/a><\/span><\/p>\n<div class=\"fb-like\" data-share=\"true\" data-width=\"450\" data-show-faces=\"true\">\n<div id=\"js_nf\" class=\"_5pbx userContent _3576\" data-ft=\"{&quot;tn&quot;:&quot;K&quot;}\">\n<div id=\"js_nf\" class=\"_5pbx userContent _3576\" style=\"text-align: center;\" data-ft=\"{&quot;tn&quot;:&quot;K&quot;}\">\n<div id=\"js_nf\" class=\"_5pbx userContent _3576\" data-ft=\"{&quot;tn&quot;:&quot;K&quot;}\">\n<hr \/>\n<h2><span style=\"color: #ff6600;\">La f\u00eate des Voisins<\/span><\/h2>\n<p><img loading=\"lazy\" decoding=\"async\" class=\"alignnone wp-image-1272\" src=\"http:\/\/lescopainsdabord.net\/wp-content\/uploads\/2018\/05\/image2-200x300.jpg\" alt=\"\" width=\"323\" height=\"485\" srcset=\"https:\/\/lescopainsdabord.net\/wp-content\/uploads\/2018\/05\/image2-200x300.jpg 200w, https:\/\/lescopainsdabord.net\/wp-content\/uploads\/2018\/05\/image2-253x380.jpg 253w, https:\/\/lescopainsdabord.net\/wp-content\/uploads\/2018\/05\/image2.jpg 441w\" sizes=\"auto, (max-width: 323px) 100vw, 323px\" \/><\/p>\n<p><span style=\"color: #ff6600;\">Le Jardin des Copains sera ouvert pour <strong>la f\u00eate des voisins le vendredi 25 mai de 18h30 \u00e0 22h<\/strong> pour un buffet participatif. La ville nous a pr\u00e9vue une surprise&#8230;<\/span><\/p>\n<p><span style=\"color: #ff6600;\">Venez nombreux avec vos sp\u00e9cialit\u00e9s \u00e0 partager !!!<\/span><\/p>\n<\/div>\n<\/div>\n<\/div>\n<hr \/>\n<div id=\"js_nf\" class=\"_5pbx userContent _3576\" data-ft=\"{&quot;tn&quot;:&quot;K&quot;}\">\n<div id=\"js_nf\" class=\"_5pbx userContent _3576\" style=\"text-align: center;\" data-ft=\"{&quot;tn&quot;:&quot;K&quot;}\">\n<div id=\"js_nf\" class=\"_5pbx userContent _3576\" data-ft=\"{&quot;tn&quot;:&quot;K&quot;}\">\n<h2><span style=\"color: #333399;\">Le P&rsquo;tit Kawa est de retour !<\/span><\/h2>\n<p><img loading=\"lazy\" decoding=\"async\" class=\"alignnone wp-image-1267\" src=\"http:\/\/lescopainsdabord.net\/wp-content\/uploads\/2018\/04\/AffichePtitKawa2018-212x300.jpg\" alt=\"\" width=\"334\" height=\"473\" srcset=\"https:\/\/lescopainsdabord.net\/wp-content\/uploads\/2018\/04\/AffichePtitKawa2018-212x300.jpg 212w, https:\/\/lescopainsdabord.net\/wp-content\/uploads\/2018\/04\/AffichePtitKawa2018-768x1086.jpg 768w, https:\/\/lescopainsdabord.net\/wp-content\/uploads\/2018\/04\/AffichePtitKawa2018-724x1024.jpg 724w, https:\/\/lescopainsdabord.net\/wp-content\/uploads\/2018\/04\/AffichePtitKawa2018-269x380.jpg 269w\" sizes=\"auto, (max-width: 334px) 100vw, 334px\" \/><\/p>\n<p><span style=\"color: #333399;\">Le soleil joue \u00e0 cache-cache mais pas le P&rsquo;tit Kawa ! <img decoding=\"async\" class=\"CToWUd\" src=\"https:\/\/mail.google.com\/mail\/e\/2600\" alt=\"\u2600\" data-goomoji=\"2600\" \/>\ufe0f<img decoding=\"async\" class=\"CToWUd\" src=\"https:\/\/mail.google.com\/mail\/e\/1f6b4\" alt=\"????\" data-goomoji=\"1f6b4\" \/>????\u200d<\/span><\/p>\n<p><span style=\"color: #333399;\">Le V\u00e9lo Triporteur pr\u00e9f\u00e9r\u00e9 des Gervaisiens reprend sa tourn\u00e9e les mercredis et plus encore&#8230;<\/span><\/p>\n<p><span style=\"color: #333399;\">Guettez les fleurs et les couleurs pour passer un moment de bonne humeur. On commence la saison en vous donnant rdv le 2 mai de 8h30 \u00e0 10h devant les \u00e9coles Jaur\u00e8s et Brosolette et le 23 mai de 8h30 \u00e0 10h devant l&rsquo;\u00e9cole Mandela<br \/>\n<\/span><\/p>\n<p><span style=\"color: #333399;\">N\u2019h\u00e9sitez pas \u00e0 vous manifester si vous souhaitez p\u00e9daler, il a besoin de vos mains (et pieds!) pour avancer!<\/span><\/p>\n<hr \/>\n<h2><a href=\"http:\/\/www.villedupre.fr\/chasse_aux_oeufs_dans_les_friches_2018.html\"><img loading=\"lazy\" decoding=\"async\" class=\"alignnone wp-image-1162\" src=\"http:\/\/lescopainsdabord.net\/wp-content\/uploads\/2018\/04\/chasse-aux-oeufs-212x300.png\" alt=\"\" width=\"269\" height=\"381\" srcset=\"https:\/\/lescopainsdabord.net\/wp-content\/uploads\/2018\/04\/chasse-aux-oeufs-212x300.png 212w, https:\/\/lescopainsdabord.net\/wp-content\/uploads\/2018\/04\/chasse-aux-oeufs-768x1087.png 768w, https:\/\/lescopainsdabord.net\/wp-content\/uploads\/2018\/04\/chasse-aux-oeufs-724x1024.png 724w, https:\/\/lescopainsdabord.net\/wp-content\/uploads\/2018\/04\/chasse-aux-oeufs-269x380.png 269w, https:\/\/lescopainsdabord.net\/wp-content\/uploads\/2018\/04\/chasse-aux-oeufs.png 1468w\" sizes=\"auto, (max-width: 269px) 100vw, 269px\" \/><\/a><\/h2>\n<p><span style=\"color: #00ccff;\">En partenariat avec les friches de la ville, une grande chasse aux \u0153ufs est organis\u00e9e<\/span><\/p>\n<p><span style=\"color: #00ccff;\">le dimanche 8 avril 2018 \u00e0 15h<\/span><\/p>\n<p><span style=\"color: #00ccff;\">Retrouvez-nous au<\/span><a href=\"http:\/\/lescopainsdabord.net\/index.php\/ca-defriche\/\">Jardin des Copains<\/a><span style=\"color: #00ccff;\">pour une chasse aux \u0153ufs conviviale !<\/span><\/p>\n<p><a href=\"http:\/\/www.villedupre.fr\/chasse_aux_oeufs_dans_les_friches_2018.html\">Tout le programme ici<\/a><\/p>\n<hr \/>\n<h2><img decoding=\"async\" class=\"CToWUd\" src=\"https:\/\/mail.google.com\/mail\/e\/1f3ab\" alt=\"????\" data-goomoji=\"1f3ab\" data-image-whitelisted=\"\" \/> Demandez le programme! <img decoding=\"async\" class=\"CToWUd\" src=\"https:\/\/mail.google.com\/mail\/e\/1f3a5\" alt=\"????\" data-goomoji=\"1f3a5\" data-image-whitelisted=\"\" \/><\/h2>\n<h2><img loading=\"lazy\" decoding=\"async\" class=\"alignnone wp-image-1158\" src=\"http:\/\/lescopainsdabord.net\/wp-content\/uploads\/2018\/04\/lepetitfugitif2.jpg\" alt=\"\" width=\"272\" height=\"384\" \/><\/h2>\n<p>Samedi 8 avril \u00e0 11h15 au Cin\u00e9 104, Le Petit fugitif<\/p>\n<p>de Morris Engel et Ruth Orkin (film N&amp;B, 1953).<\/p>\n<p>Les Copains vous proposent d\u2019assister \u00e0 cette s\u00e9ance en famille. En vous joignant au convoi, le ticket sera \u00e0 3\u20ac\/adulte et 2\u20ac\/enfant.<br \/>\nA l\u2019issue de la s\u00e9ance de cin\u00e9ma, pour rester dans l\u2019esprit New Yorkais, le P\u2019tit Kawa proposera des hot-dogs \u00e0 1\u20ac et d\u2019autres surprises dans le Jardin des Copains.<\/p>\n<p><img decoding=\"async\" class=\"CToWUd\" src=\"https:\/\/mail.google.com\/mail\/e\/1f32d\" alt=\"????\" data-goomoji=\"1f32d\" data-image-whitelisted=\"\" \/><img decoding=\"async\" class=\"CToWUd\" src=\"https:\/\/mail.google.com\/mail\/e\/1f361\" alt=\"????\" data-goomoji=\"1f361\" data-image-whitelisted=\"\" \/><img decoding=\"async\" class=\"CToWUd\" src=\"https:\/\/mail.google.com\/mail\/e\/1f37f\" alt=\"????\" data-goomoji=\"1f37f\" data-image-whitelisted=\"\" \/><img decoding=\"async\" class=\"CToWUd\" src=\"https:\/\/mail.google.com\/mail\/e\/1f36d\" alt=\"????\" data-goomoji=\"1f36d\" data-image-whitelisted=\"\" \/><img decoding=\"async\" class=\"CToWUd\" src=\"https:\/\/mail.google.com\/mail\/e\/1f355\" alt=\"????\" data-goomoji=\"1f355\" data-image-whitelisted=\"\" \/><\/p>\n<p>Merci de confirmer votre pr\u00e9sence avant le 3 avril.<\/p>\n<hr \/>\n<p><a href=\"http:\/\/www.villedupre.fr\/matinale_petite_enfance_et_si_on_jouait.html\"><img loading=\"lazy\" decoding=\"async\" class=\"alignnone wp-image-1210\" src=\"http:\/\/lescopainsdabord.net\/wp-content\/uploads\/2018\/04\/matinale-PE-7avril18_14141-218x300.png\" alt=\"\" width=\"286\" height=\"393\" srcset=\"https:\/\/lescopainsdabord.net\/wp-content\/uploads\/2018\/04\/matinale-PE-7avril18_14141-218x300.png 218w, https:\/\/lescopainsdabord.net\/wp-content\/uploads\/2018\/04\/matinale-PE-7avril18_14141-276x380.png 276w, https:\/\/lescopainsdabord.net\/wp-content\/uploads\/2018\/04\/matinale-PE-7avril18_14141.png 441w\" sizes=\"auto, (max-width: 286px) 100vw, 286px\" \/><\/a><\/p>\n<p><span style=\"color: #99cc00;\"><a href=\"http:\/\/www.villedupre.fr\/matinale_petite_enfance_et_si_on_jouait.html\">Retrouvez l&rsquo;ensemble du programme de la matinale ici<\/a><\/span><\/p>\n<p><span style=\"color: #99cc00;\">Pour la matinale Petite Enfance organis\u00e9e \u00e0 l&rsquo;\u00e9cole Baudin le samedi 7 avril 2018 de 10h \u00e0 13h, le Jardin des Copains ouvrira \u00e9galement ses portes pour que petits et grands puissent venir planter les premi\u00e8res graines de la saison&#8230;<\/span><\/p>\n<hr \/>\n<h2><img loading=\"lazy\" decoding=\"async\" class=\"alignnone wp-image-1143\" src=\"http:\/\/lescopainsdabord.net\/wp-content\/uploads\/2018\/03\/Pr\u00e9sentation12-300x169.jpg\" alt=\"\" width=\"700\" height=\"394\" srcset=\"https:\/\/lescopainsdabord.net\/wp-content\/uploads\/2018\/03\/Pr\u00e9sentation12-300x169.jpg 300w, https:\/\/lescopainsdabord.net\/wp-content\/uploads\/2018\/03\/Pr\u00e9sentation12-768x432.jpg 768w, https:\/\/lescopainsdabord.net\/wp-content\/uploads\/2018\/03\/Pr\u00e9sentation12-1024x576.jpg 1024w, https:\/\/lescopainsdabord.net\/wp-content\/uploads\/2018\/03\/Pr\u00e9sentation12-676x380.jpg 676w, https:\/\/lescopainsdabord.net\/wp-content\/uploads\/2018\/03\/Pr\u00e9sentation12.jpg 1280w\" sizes=\"auto, (max-width: 700px) 100vw, 700px\" \/><\/h2>\n<h2><\/h2>\n<p><img decoding=\"async\" class=\"CToWUd\" src=\"https:\/\/mail.google.com\/mail\/e\/1f4a1\" alt=\"????\" data-goomoji=\"1f4a1\" data-image-whitelisted=\"\" \/>La boite \u00e0 id\u00e9es des Copains a encore fonctionn\u00e9!<\/p>\n<p>Merci \u00e0 vous d&rsquo;avoir r\u00e9pondu si nombreux \u00e0 cette premi\u00e8re du Cin\u00e9-club organis\u00e9e par les petites mains de nos b\u00e9n\u00e9voles: Albertine,Sophie,Caroline,Abdou,Fran\u00e7ois,Stephane,J\u00e9r\u00e9mie,Elodie&#8230;<\/p>\n<p>Cette soir\u00e9e \u00e9tait plac\u00e9e sous le signe du Noir et Blanc :<\/p>\n<p>-avec la diffusion de la Guerre des Boutons d&rsquo;Yves Robert<\/p>\n<p>-un studio photo hommage \u00e0 Malick Sidibe<\/p>\n<p>-et des pop-corn \u00e0 gogo!<\/p>\n<p>Prochaine s\u00e9ance le&#8230;<img decoding=\"async\" class=\"CToWUd\" src=\"https:\/\/mail.google.com\/mail\/e\/1f440\" alt=\"????\" data-goomoji=\"1f440\" data-image-whitelisted=\"\" \/><\/p>\n<p><img decoding=\"async\" class=\"CToWUd\" src=\"https:\/\/mail.google.com\/mail\/e\/1f5e3\" alt=\"????\" data-goomoji=\"1f5e3\" data-image-whitelisted=\"\" \/>Demandez le programme! <img decoding=\"async\" class=\"CToWUd\" src=\"https:\/\/mail.google.com\/mail\/e\/1f3ac\" alt=\"????\" data-goomoji=\"1f3ac\" data-image-whitelisted=\"\" \/><\/p>\n<h2><\/h2>\n<h2>Les copains d&rsquo;abord font leur cin\u00e9ma !<\/h2>\n<h2><img loading=\"lazy\" decoding=\"async\" class=\"alignnone wp-image-1110\" src=\"http:\/\/lescopainsdabord.net\/wp-content\/uploads\/2018\/02\/LesCopainsFontLeurCin\u00e9ma-213x300.jpg\" alt=\"\" width=\"288\" height=\"406\" \/><\/h2>\n<\/div>\n<div data-ft=\"{&quot;tn&quot;:&quot;K&quot;}\">Retrouvez-vous le samedi 10 mars 2018, entre amis, en famille, pour une projection de la \u00ab\u00a0Guerre des boutons\u00a0\u00bb d&rsquo;Yves Robert.<\/div>\n<div data-ft=\"{&quot;tn&quot;:&quot;K&quot;}\">D\u00e8s 19h, Salle Jacques Pr\u00e9vert (Rue Jules Jacquemin).<\/div>\n<div data-ft=\"{&quot;tn&quot;:&quot;K&quot;}\">Dress code : Noir et Blanc et buffet participatif.<\/div>\n<div data-ft=\"{&quot;tn&quot;:&quot;K&quot;}\"><\/div>\n<div class=\"_5pbx userContent _3576\" data-ft=\"{&quot;tn&quot;:&quot;K&quot;}\">\n<hr \/>\n<h2><span style=\"color: #ffcc00;\">La Galette des Copains !<\/span><\/h2>\n<div data-ft=\"{&quot;tn&quot;:&quot;K&quot;}\">\n<h2><img loading=\"lazy\" decoding=\"async\" class=\"alignnone wp-image-1101\" src=\"http:\/\/lescopainsdabord.net\/wp-content\/uploads\/2018\/01\/affichegalette-300x169.jpg\" alt=\"\" width=\"622\" height=\"350\" srcset=\"https:\/\/lescopainsdabord.net\/wp-content\/uploads\/2018\/01\/affichegalette-300x169.jpg 300w, https:\/\/lescopainsdabord.net\/wp-content\/uploads\/2018\/01\/affichegalette-768x432.jpg 768w, https:\/\/lescopainsdabord.net\/wp-content\/uploads\/2018\/01\/affichegalette-1024x576.jpg 1024w, https:\/\/lescopainsdabord.net\/wp-content\/uploads\/2018\/01\/affichegalette-676x380.jpg 676w, https:\/\/lescopainsdabord.net\/wp-content\/uploads\/2018\/01\/affichegalette.jpg 1280w\" sizes=\"auto, (max-width: 622px) 100vw, 622px\" \/><\/h2>\n<\/div>\n<p><span style=\"color: #ffcc00;\">Venez partager la galette des Copains le samedi 20 janvier 2018, de 15h30 \u00e0 17h au Caf\u00e9 Vert.<\/span><\/p>\n<div class=\"_5pbx userContent _3576\" data-ft=\"{&quot;tn&quot;:&quot;K&quot;}\">\n<hr \/>\n<h2><span style=\"color: #0000ff;\"> Bonne Ann\u00e9e 2018 !<\/span><\/h2>\n<\/div>\n<\/div>\n<\/div>\n<div data-ft=\"{&quot;tn&quot;:&quot;K&quot;}\"><img loading=\"lazy\" decoding=\"async\" class=\"alignnone wp-image-1100 aligncenter\" src=\"http:\/\/lescopainsdabord.net\/wp-content\/uploads\/2018\/01\/Bonne-ann\u00e9e-2018.jpg\" alt=\"\" width=\"318\" height=\"425\" \/><\/div>\n<div style=\"text-align: center;\" data-ft=\"{&quot;tn&quot;:&quot;K&quot;}\"><\/div>\n<div style=\"text-align: center;\" data-ft=\"{&quot;tn&quot;:&quot;K&quot;}\"><span style=\"color: #0000ff;\">Commencer l&rsquo;ann\u00e9e avec un pot vide.<\/span><\/div>\n<div style=\"text-align: center;\" data-ft=\"{&quot;tn&quot;:&quot;K&quot;}\"><span style=\"color: #0000ff;\">Chaque semaine, ajouter une note avec une bonne chose qui vous est arriv\u00e9.<\/span><\/div>\n<div style=\"text-align: center;\" data-ft=\"{&quot;tn&quot;:&quot;K&quot;}\"><span style=\"color: #0000ff;\">Au nouvel an, vider le pot et constater l&rsquo;ann\u00e9e incroyable que vous avez pass\u00e9e !<\/span><\/div>\n<div data-ft=\"{&quot;tn&quot;:&quot;K&quot;}\"><\/div>\n<div class=\"_5pbx userContent _3576\" style=\"text-align: center;\" data-ft=\"{&quot;tn&quot;:&quot;K&quot;}\">\n<hr \/>\n<h2><\/h2>\n<h2 style=\"text-align: center;\"><span style=\"color: #ff0000;\">Noel 2017<\/span><\/h2>\n<p><a href=\"http:\/\/lescopainsdabord.net\/wp-content\/uploads\/2017\/11\/affiche-noel.pdf\"><img loading=\"lazy\" decoding=\"async\" class=\"alignnone wp-image-1076\" src=\"http:\/\/lescopainsdabord.net\/wp-content\/uploads\/2017\/04\/AfficheNoel2017-213x300.jpg\" alt=\"\" width=\"354\" height=\"499\" srcset=\"https:\/\/lescopainsdabord.net\/wp-content\/uploads\/2017\/04\/AfficheNoel2017-213x300.jpg 213w, https:\/\/lescopainsdabord.net\/wp-content\/uploads\/2017\/04\/AfficheNoel2017-768x1084.jpg 768w, https:\/\/lescopainsdabord.net\/wp-content\/uploads\/2017\/04\/AfficheNoel2017-725x1024.jpg 725w, https:\/\/lescopainsdabord.net\/wp-content\/uploads\/2017\/04\/AfficheNoel2017-269x380.jpg 269w\" sizes=\"auto, (max-width: 354px) 100vw, 354px\" \/><\/a><\/p>\n<p><span style=\"color: #ff0000;\">Retrouvez-nous le <strong>dimanche 10 d\u00e9cembre au jardin des Copains \u00e0 partir de 14h<\/strong> pour participer aux ateliers de d\u00e9coration de fin d&rsquo;ann\u00e9e, partager un moment convivial autour d&rsquo;un go\u00fbter.<br \/>\n<\/span><\/p>\n<p style=\"text-align: center;\"><span style=\"color: #ff0000;\">Venez avec des pots en verre, des pommes de pin, des id\u00e9es de d\u00e9co pour le sapin, des douceurs et de la bonne humeur !!!<br \/>\n<\/span><\/p>\n<p>&nbsp;<\/p>\n<hr \/>\n<h2><\/h2>\n<h2 style=\"text-align: center;\"><span style=\"color: #ffcc00;\">TELETHON 2017<\/span><\/h2>\n<p><img loading=\"lazy\" decoding=\"async\" class=\" wp-image-1074 aligncenter\" src=\"http:\/\/lescopainsdabord.net\/wp-content\/uploads\/2017\/04\/AfficheT\u00e9l\u00e9thon2017-page-001-215x300.jpg\" alt=\"\" width=\"350\" height=\"488\" \/><\/p>\n<p><span style=\"color: #ffcc00;\"><strong>Les jeudi 7 et vendredi 8 d\u00e9cembre 2017 de 15h45 \u00e0 17h45<\/strong>, une vente de viennoiserie, de boissons et de produits T\u00e9l\u00e9thon aura lieu devant les \u00e9coles \u00e9l\u00e9mentaires de la ville du Pr\u00e9 St-Gervais.<\/span><\/p>\n<\/div>\n<p style=\"text-align: center;\"><strong><span style=\"color: #ffcc00;\">Le samedi 9 d\u00e9cembre 2017 <\/span><\/strong><strong><span style=\"color: #ffcc00;\">de 8h30 \u00e0 14h00 au March\u00e9 couvert, <\/span><\/strong><span style=\"color: #ffcc00;\">Brocante, P\u00eache \u00e0 la ligne, vente de reproduction de tableaux, soupes maison, Collecte de pile,\u00a0 g\u00e2teaux et chocolat chaud.<\/span><\/p>\n<p style=\"text-align: center;\"><span style=\"color: #ffcc00;\"><strong>Et toujours l&rsquo;op\u00e9ration 1Pile=1Don !!! <\/strong>Dans les \u00e9coles, au jardin des Copains, dans les services municipaux et chez vos commer\u00e7ants pr\u00e9f\u00e9r\u00e9s.<\/span><\/p>\n<p style=\"text-align: center;\"><span style=\"color: #ffcc00;\">De nombreuses animations afin de tous nous mobiliser !!!!<\/span><\/p>\n<p>&nbsp;<\/p>\n<hr \/>\n<h2><\/h2>\n<h2 style=\"text-align: center;\"><span style=\"color: #333399;\">Les friches f\u00eatent leur 1 an !<\/span><\/h2>\n<p><img loading=\"lazy\" decoding=\"async\" class=\"alignnone wp-image-1067 aligncenter\" src=\"http:\/\/lescopainsdabord.net\/wp-content\/uploads\/2017\/04\/VISUEL-ANNIV-FRICHE-243x300.png\" alt=\"\" width=\"347\" height=\"428\" srcset=\"https:\/\/lescopainsdabord.net\/wp-content\/uploads\/2017\/04\/VISUEL-ANNIV-FRICHE-243x300.png 243w, https:\/\/lescopainsdabord.net\/wp-content\/uploads\/2017\/04\/VISUEL-ANNIV-FRICHE-308x380.png 308w, https:\/\/lescopainsdabord.net\/wp-content\/uploads\/2017\/04\/VISUEL-ANNIV-FRICHE.png 405w\" sizes=\"auto, (max-width: 347px) 100vw, 347px\" \/><\/p>\n<p style=\"text-align: center;\"><span style=\"color: #333399;\">Parce qu&rsquo;un anniversaire digne de ce nom doit \u00eatre f\u00eat\u00e9 avec ceux qu&rsquo;on aime, <\/span><br \/>\n<span style=\"color: #333399;\"> Nous vous convions dimanche autour de vos sp\u00e9cialit\u00e9s culinaires pour le Brunch des Copains d\u00e8s 11h30 au Jardin, histoire de partager encore plus avec nos cuisines du Monde&#8230;<\/span><\/p>\n<p style=\"text-align: center;\"><span style=\"color: #333399;\">\u00c0 vos fourchettes!<\/span><\/p>\n<p><span style=\"color: #333399;\">Plus d&rsquo;infos sur le programme <a href=\"http:\/\/www.villedupre.fr\/ca_defriche_un_an.html\">ici !<\/a><\/span><\/p>\n<p>&nbsp;<\/p>\n<\/div>\n<hr \/>\n<h2><\/h2>\n<h2 style=\"text-align: center;\">Le P&rsquo;tit Kawa est de retour !<\/h2>\n<p><img loading=\"lazy\" decoding=\"async\" class=\"wp-image-849 aligncenter\" src=\"http:\/\/lescopainsdabord.net\/wp-content\/uploads\/2017\/04\/AFFICHE-TOURN2E-TRIPORTEUR-212x300.png\" alt=\"\" width=\"362\" height=\"512\" srcset=\"https:\/\/lescopainsdabord.net\/wp-content\/uploads\/2017\/04\/AFFICHE-TOURN2E-TRIPORTEUR-212x300.png 212w, https:\/\/lescopainsdabord.net\/wp-content\/uploads\/2017\/04\/AFFICHE-TOURN2E-TRIPORTEUR-268x380.png 268w, https:\/\/lescopainsdabord.net\/wp-content\/uploads\/2017\/04\/AFFICHE-TOURN2E-TRIPORTEUR.png 562w\" sizes=\"auto, (max-width: 362px) 100vw, 362px\" \/><\/p>\n<p>&nbsp;<\/p>\n<hr \/>\n<p>&nbsp;<\/p>\n<\/div>\n<h2 style=\"text-align: center;\"><span style=\"color: #800080;\">Retrouvez-Nous le 06 octobre 2017 de 18h30 \u00e0 20h \u00e0 l&rsquo;espace DAnton pour tout savoir sur les Copains !!!<\/span><\/h2>\n<p><img loading=\"lazy\" decoding=\"async\" class=\"alignnone size-medium wp-image-600 aligncenter\" src=\"http:\/\/lescopainsdabord.net\/wp-content\/uploads\/2017\/04\/cropped-Logo-lesCops-1-300x267.jpg\" alt=\"\" width=\"300\" height=\"267\" srcset=\"https:\/\/lescopainsdabord.net\/wp-content\/uploads\/2017\/04\/cropped-Logo-lesCops-1-300x267.jpg 300w, https:\/\/lescopainsdabord.net\/wp-content\/uploads\/2017\/04\/cropped-Logo-lesCops-1-427x380.jpg 427w, https:\/\/lescopainsdabord.net\/wp-content\/uploads\/2017\/04\/cropped-Logo-lesCops-1.jpg 709w\" sizes=\"auto, (max-width: 300px) 100vw, 300px\" \/><\/p>\n<p>&nbsp;<\/p>\n<hr \/>\n<h2><\/h2>\n<h2 style=\"text-align: center;\"><span style=\"color: #800080;\">Retrouvez-nous SAMEDI 30\/09 \u00e0 la f\u00eate de la transition <\/span><\/h2>\n<h2 style=\"text-align: center;\"><span style=\"color: #800080;\">organis\u00e9e par <a href=\"https:\/\/lepreentransition.fr\/\">le Pr\u00e9 en transition<\/a> !<\/span><\/h2>\n<h2 style=\"text-align: center;\"><a href=\"https:\/\/lepreentransition.fr\/\"><img loading=\"lazy\" decoding=\"async\" class=\"alignnone wp-image-983\" src=\"http:\/\/lescopainsdabord.net\/wp-content\/uploads\/2017\/04\/Fete_Transition17-212x300.jpg\" alt=\"\" width=\"255\" height=\"361\" srcset=\"https:\/\/lescopainsdabord.net\/wp-content\/uploads\/2017\/04\/Fete_Transition17-212x300.jpg 212w, https:\/\/lescopainsdabord.net\/wp-content\/uploads\/2017\/04\/Fete_Transition17-269x380.jpg 269w, https:\/\/lescopainsdabord.net\/wp-content\/uploads\/2017\/04\/Fete_Transition17.jpg 567w\" sizes=\"auto, (max-width: 255px) 100vw, 255px\" \/><\/a> <a href=\"https:\/\/lepreentransition.fr\/\"><img loading=\"lazy\" decoding=\"async\" class=\"alignnone wp-image-984\" src=\"http:\/\/lescopainsdabord.net\/wp-content\/uploads\/2017\/04\/Programme_COMPLET2017-212x300.jpg\" alt=\"\" width=\"261\" height=\"369\" srcset=\"https:\/\/lescopainsdabord.net\/wp-content\/uploads\/2017\/04\/Programme_COMPLET2017-212x300.jpg 212w, https:\/\/lescopainsdabord.net\/wp-content\/uploads\/2017\/04\/Programme_COMPLET2017-768x1087.jpg 768w, https:\/\/lescopainsdabord.net\/wp-content\/uploads\/2017\/04\/Programme_COMPLET2017-724x1024.jpg 724w, https:\/\/lescopainsdabord.net\/wp-content\/uploads\/2017\/04\/Programme_COMPLET2017-269x380.jpg 269w, https:\/\/lescopainsdabord.net\/wp-content\/uploads\/2017\/04\/Programme_COMPLET2017.jpg 800w\" sizes=\"auto, (max-width: 261px) 100vw, 261px\" \/><\/a><\/h2>\n<p>&nbsp;<\/p>\n<hr \/>\n<h2><\/h2>\n<h2 style=\"text-align: center;\"><span style=\"color: #ff9900;\">C&rsquo;est la rentr\u00e9e !<\/span><\/h2>\n<h2><img loading=\"lazy\" decoding=\"async\" class=\"alignnone wp-image-978 aligncenter\" src=\"http:\/\/lescopainsdabord.net\/wp-content\/uploads\/2017\/04\/les-associations-font-la-rentr\u00e9e-300x157.jpg\" alt=\"\" width=\"350\" height=\"183\" srcset=\"https:\/\/lescopainsdabord.net\/wp-content\/uploads\/2017\/04\/les-associations-font-la-rentr\u00e9e-300x157.jpg 300w, https:\/\/lescopainsdabord.net\/wp-content\/uploads\/2017\/04\/les-associations-font-la-rentr\u00e9e-768x402.jpg 768w, https:\/\/lescopainsdabord.net\/wp-content\/uploads\/2017\/04\/les-associations-font-la-rentr\u00e9e-1024x536.jpg 1024w, https:\/\/lescopainsdabord.net\/wp-content\/uploads\/2017\/04\/les-associations-font-la-rentr\u00e9e-726x380.jpg 726w, https:\/\/lescopainsdabord.net\/wp-content\/uploads\/2017\/04\/les-associations-font-la-rentr\u00e9e.jpg 1200w\" sizes=\"auto, (max-width: 350px) 100vw, 350px\" \/><\/h2>\n<p style=\"text-align: center;\"><span style=\"color: #ff9900;\">Retrouvez-nous dans les pr\u00e9aux des \u00e9coles Jean-Jaur\u00e8s et Pierre-Brossolette <\/span><\/p>\n<p style=\"text-align: center;\"><span style=\"color: #ff9900;\">le samedi 9 septembre 2017 entre 10h et 16h30<\/span><\/p>\n<p style=\"text-align: center;\"><span style=\"color: #ff9900;\"> pour le Forum des associations.<\/span><\/p>\n<p>&nbsp;<\/p>\n<p style=\"text-align: center;\"><span style=\"color: #ff9900;\">A cette occasion, venez d\u00e9couvrir nos activit\u00e9s mais \u00e9galement l&rsquo;ensemble des associations.<\/span><\/p>\n<p>&nbsp;<\/p>\n<hr \/>\n<h2 style=\"text-align: center;\"><span style=\"color: #800080;\">F\u00eate de la musique<\/span><\/h2>\n<p><img loading=\"lazy\" decoding=\"async\" class=\"alignnone wp-image-971 aligncenter\" src=\"http:\/\/lescopainsdabord.net\/wp-content\/uploads\/2017\/06\/AfficheFetedelamusique010-300x215.jpg\" alt=\"\" width=\"487\" height=\"349\" srcset=\"https:\/\/lescopainsdabord.net\/wp-content\/uploads\/2017\/06\/AfficheFetedelamusique010-300x215.jpg 300w, https:\/\/lescopainsdabord.net\/wp-content\/uploads\/2017\/06\/AfficheFetedelamusique010-768x550.jpg 768w, https:\/\/lescopainsdabord.net\/wp-content\/uploads\/2017\/06\/AfficheFetedelamusique010-1024x733.jpg 1024w, https:\/\/lescopainsdabord.net\/wp-content\/uploads\/2017\/06\/AfficheFetedelamusique010-531x380.jpg 531w\" sizes=\"auto, (max-width: 487px) 100vw, 487px\" \/><\/p>\n<div style=\"text-align: center;\"><span style=\"color: #800080;\">Nous f\u00eatons l&rsquo;\u00e9t\u00e9 en musique au Jardin des Copains<\/span><\/div>\n<div style=\"text-align: center;\"><span style=\"color: #800080;\"><strong>le 21 juin de 17h30 a 19h <\/strong><\/span><\/div>\n<div style=\"text-align: center;\"><span style=\"color: #800080;\">Venez d\u00e9couvrir nos p\u00e9pites musicales<\/span><\/div>\n<div style=\"text-align: center;\"><span style=\"color: #800080;\">en sirotant un jus de gingembre frais !<\/span><\/div>\n<div style=\"text-align: center;\"><span style=\"color: #800080;\">L&rsquo;occasion d&rsquo;une belle pause d\u00e9tente musicale<\/span><\/div>\n<div style=\"text-align: center;\"><span style=\"color: #800080;\">en ce beau mois de juin&#8230;<\/span><\/div>\n<div style=\"text-align: center;\"><span style=\"color: #800080;\">\u00c0 mercredi!<\/span><\/div>\n<div style=\"text-align: center;\">\n<hr \/>\n<\/div>\n<h2 style=\"text-align: center;\"><span style=\"color: #000080;\">Vide grenier<\/span><\/h2>\n<p style=\"text-align: center;\"><img loading=\"lazy\" decoding=\"async\" class=\"alignnone wp-image-967\" src=\"http:\/\/lescopainsdabord.net\/wp-content\/uploads\/2017\/04\/vide-grenier-2017_11471-212x300.jpg\" alt=\"\" width=\"379\" height=\"536\" srcset=\"https:\/\/lescopainsdabord.net\/wp-content\/uploads\/2017\/04\/vide-grenier-2017_11471-212x300.jpg 212w, https:\/\/lescopainsdabord.net\/wp-content\/uploads\/2017\/04\/vide-grenier-2017_11471-269x380.jpg 269w, https:\/\/lescopainsdabord.net\/wp-content\/uploads\/2017\/04\/vide-grenier-2017_11471.jpg 441w\" sizes=\"auto, (max-width: 379px) 100vw, 379px\" \/><img loading=\"lazy\" decoding=\"async\" class=\"alignnone size-medium wp-image-1416\" src=\"http:\/\/lescopainsdabord.net\/wp-content\/uploads\/2020\/05\/image0-211x300.jpeg\" alt=\"\" width=\"211\" height=\"300\" srcset=\"https:\/\/lescopainsdabord.net\/wp-content\/uploads\/2020\/05\/image0-211x300.jpeg 211w, https:\/\/lescopainsdabord.net\/wp-content\/uploads\/2020\/05\/image0-267x380.jpeg 267w, https:\/\/lescopainsdabord.net\/wp-content\/uploads\/2020\/05\/image0-84x120.jpeg 84w, https:\/\/lescopainsdabord.net\/wp-content\/uploads\/2020\/05\/image0.jpeg 674w\" sizes=\"auto, (max-width: 211px) 100vw, 211px\" \/><\/p>\n<p style=\"text-align: center;\"><span style=\"color: #333399;\">Retrouvez-nous en haut de la place S\u00e9verine pour d\u00e9guster l&rsquo;assiette des Copains !!!<\/span><\/p>\n<hr \/>\n<h2 style=\"text-align: center;\"><span style=\"color: #41d9c2;\">Avis aux gourmands<\/span><\/h2>\n<p style=\"text-align: center;\"><img loading=\"lazy\" decoding=\"async\" class=\"wp-image-637 aligncenter\" src=\"http:\/\/lescopainsdabord.net\/wp-content\/uploads\/2017\/04\/Capture-d\u2019\u00e9cran-2017-04-17-\u00e0-13.08.09-212x300.png\" alt=\"\" width=\"396\" height=\"561\" \/><\/p>\n<p style=\"text-align: center;\">En partenariat avec les friches de la ville, une grande chasse aux \u0153ufs est organis\u00e9e le Samedi 22 Avril de 10h \u00e0 13h.<\/p>\n<p style=\"text-align: center;\">Retrouvez-nous au <span style=\"color: #41d9c2;\"><a style=\"color: #41d9c2;\" href=\"http:\/\/lescopainsdabord.net\/index.php\/ca-defriche\/\">Jardin des Copains<\/a><\/span> pour une chasse aux \u0153ufs conviviale !<\/p>\n<p>&nbsp;<\/p>\n<p>&nbsp;<\/p>\n","protected":false},"excerpt":{"rendered":"<p>FORUM DES ASSOCIATION \u00c7a y est, c\u2019est la rentr\u00e9e des copains\u00a0\u00a0!!! On vous donne rendez-vous au forum des associations du Le Pr\u00e9 Saint-Gervais le samedi 6 septembre d\u00e8s 9h30 Il y aura le p\u2019tit kawa\u00a0, on proposera des douceurs \u00ab home made \u00bb, on y parlera nature\u00a0\u00a0, cours de guitare\u00a0, cours de danse africaine\u00a0\u00a0avec une &hellip; <a href=\"https:\/\/www.lescopainsdabord.net\/\" class=\"more-link\">Lire la suite <span class=\"screen-reader-text\">Actualit\u00e9s<\/span><\/a><\/p>\n","protected":false},"author":1,"featured_media":938,"parent":0,"menu_order":0,"comment_status":"closed","ping_status":"closed","template":"page-templates\/front-page.php","meta":{"jetpack_post_was_ever_published":false,"footnotes":""},"class_list":["post-609","page","type-page","status-publish","has-post-thumbnail","hentry","with-featured-image"],"jetpack_sharing_enabled":true,"jetpack_shortlink":"https:\/\/wp.me\/P8G8ga-9P","_links":{"self":[{"href":"https:\/\/www.lescopainsdabord.net\/index.php\/wp-json\/wp\/v2\/pages\/609","targetHints":{"allow":["GET"]}}],"collection":[{"href":"https:\/\/www.lescopainsdabord.net\/index.php\/wp-json\/wp\/v2\/pages"}],"about":[{"href":"https:\/\/www.lescopainsdabord.net\/index.php\/wp-json\/wp\/v2\/types\/page"}],"author":[{"embeddable":true,"href":"https:\/\/www.lescopainsdabord.net\/index.php\/wp-json\/wp\/v2\/users\/1"}],"replies":[{"embeddable":true,"href":"https:\/\/www.lescopainsdabord.net\/index.php\/wp-json\/wp\/v2\/comments?post=609"}],"version-history":[{"count":103,"href":"https:\/\/www.lescopainsdabord.net\/index.php\/wp-json\/wp\/v2\/pages\/609\/revisions"}],"predecessor-version":[{"id":1366,"href":"https:\/\/www.lescopainsdabord.net\/index.php\/wp-json\/wp\/v2\/pages\/609\/revisions\/1366"}],"wp:featuredmedia":[{"embeddable":true,"href":"https:\/\/www.lescopainsdabord.net\/index.php\/wp-json\/wp\/v2\/media\/938"}],"wp:attachment":[{"href":"https:\/\/www.lescopainsdabord.net\/index.php\/wp-json\/wp\/v2\/media?parent=609"}],"curies":[{"name":"wp","href":"https:\/\/api.w.org\/{rel}","templated":true}]}}